{"id":1330,"date":"2019-05-20T16:23:40","date_gmt":"2019-05-20T19:23:40","guid":{"rendered":"https:\/\/162.215.13.167?page_id=1330"},"modified":"2022-12-20T11:21:33","modified_gmt":"2022-12-20T14:21:33","slug":"prefeitura-municipal-de-tucurui-2019","status":"publish","type":"page","link":"https:\/\/portalfadesp.org.br\/?page_id=1330","title":{"rendered":"Prefeitura Municipal de Tucuru\u00ed &#8211; 2019"},"content":{"rendered":"\t\t<div data-elementor-type=\"wp-post\" data-elementor-id=\"1330\" class=\"elementor elementor-1330\" data-elementor-post-type=\"page\">\n\t\t\t\t\t\t<section class=\"elementor-section elementor-top-section elementor-element elementor-element-3bdc3062 elementor-section-boxed elementor-section-height-default elementor-section-height-default\" data-id=\"3bdc3062\" data-element_type=\"section\">\n\t\t\t\t\t\t<div class=\"elementor-container elementor-column-gap-default\">\n\t\t\t\t\t<div class=\"elementor-column elementor-col-100 elementor-top-column elementor-element elementor-element-18f52c43\" data-id=\"18f52c43\" data-element_type=\"column\">\n\t\t\t<div class=\"elementor-widget-wrap elementor-element-populated\">\n\t\t\t\t\t\t<div class=\"elementor-element elementor-element-24ea7c54 elementor-widget elementor-widget-heading\" data-id=\"24ea7c54\" data-element_type=\"widget\" data-widget_type=\"heading.default\">\n\t\t\t\t<div class=\"elementor-widget-container\">\n\t\t\t\t\t<h1 class=\"elementor-heading-title elementor-size-default\">Prefeitura Municipal de Tucuru\u00ed - 2019<\/h1>\t\t\t\t<\/div>\n\t\t\t\t<\/div>\n\t\t\t\t<section class=\"elementor-section elementor-inner-section elementor-element elementor-element-5e035621 elementor-section-boxed elementor-section-height-default elementor-section-height-default\" data-id=\"5e035621\" data-element_type=\"section\">\n\t\t\t\t\t\t<div class=\"elementor-container elementor-column-gap-default\">\n\t\t\t\t\t<div class=\"elementor-column elementor-col-50 elementor-inner-column elementor-element elementor-element-5c9f8cd6\" data-id=\"5c9f8cd6\" data-element_type=\"column\">\n\t\t\t<div class=\"elementor-widget-wrap elementor-element-populated\">\n\t\t\t\t\t\t<div class=\"elementor-element elementor-element-6511d6fc elementor-widget elementor-widget-text-editor\" data-id=\"6511d6fc\" data-element_type=\"widget\" data-widget_type=\"text-editor.default\">\n\t\t\t\t<div class=\"elementor-widget-container\">\n\t\t\t\t\t\t\t\t\t<p><span style=\"color: #000000;\">A Prefeitura Municipal de Tucuru\u00ed, no uso de suas atribui\u00e7\u00f5es, torna p\u00fablica a realiza\u00e7\u00e3o de concurso para o preenchimento de vagas no cargo de Agente Municipal de Tr\u00e2nsito, conforme as condi\u00e7\u00f5es estabelecidas no edital.\u00a0<\/span><\/p><p><span style=\"color: #000000;\"><strong>Vagas &#8211; <\/strong>40<\/span><\/p><p><span style=\"color: #000000;\"><strong>Cargos &#8211;\u00a0<\/strong>Agente Municipal de Tr\u00e2nsito<\/span><\/p><p><span style=\"color: #000000;\"><strong style=\"letter-spacing: -0.02em;\">Remunera\u00e7\u00e3o &#8211;<\/strong><span style=\"letter-spacing: -0.02em;\">\u00a0 de R$ 1.500,00.<\/span><\/span><\/p><p><span style=\"color: #000000;\"><strong>Inscri\u00e7\u00f5es &#8211; <\/strong>08\/03\/19 a 05\/05\/19.<\/span><\/p><p><span style=\"color: #000000;\"><strong>Taxa &#8211;\u00a0<\/strong>R$ 70,00\u00a0<\/span><\/p><p><span style=\"color: #000000;\"><strong>Local de provas:<\/strong>\u00a0Tucuru\u00ed (PA).<\/span><\/p><p><span style=\"color: #000000;\">&#8230;&#8230;&#8230;&#8230;&#8230;&#8230;&#8230;&#8230;&#8230;&#8230;&#8230;&#8230;&#8230;&#8230;&#8230;&#8230;&#8230;&#8230;&#8230;&#8230;&#8230;&#8230;&#8230;&#8230;&#8230;&#8230;&#8230;&#8230;&#8230;&#8230;&#8230;.<\/span><\/p><p><span style=\"color: #000000;\"><strong>Datas importantes<\/strong>:<\/span><\/p><p><span style=\"color: #000000;\">Inscri\u00e7\u00e3o:<strong>\u00a008\/03\/19 a 03\/05\/19<\/strong><\/span><\/p><p><span style=\"color: #000000;\">Envio de documento de candidato PcD:<strong>\u00a0at\u00e9 11\/04\/19.<\/strong><\/span><\/p><p><span style=\"color: #000000;\"><span style=\"letter-spacing: -0.02em;\">Isen\u00e7\u00e3o para PcD:\u00a0 <strong>de 08 a\u00a0<\/strong><strong>22\/03\/2019<\/strong><\/span><strong>.<span style=\"letter-spacing: -0.02em;\">\u00a0<\/span><\/strong><\/span><\/p><p><span style=\"letter-spacing: -0.02em; color: #000000;\">Pagamento da taxa de inscri\u00e7\u00e3o: <strong>at\u00e9 06\/05\/19.<\/strong><\/span><\/p><p><span style=\"letter-spacing: -0.02em; color: #000000;\">Cart\u00e3o de Inscri\u00e7\u00e3o para impress\u00e3o: <strong>de 21 a 24\/05\/2019.<\/strong><\/span><\/p><p><span style=\"color: #000000;\"><span style=\"letter-spacing: -0.02em;\">Provas objetivas: 02<\/span><strong style=\"letter-spacing: -0.02em;\">\/06\/19<\/strong><strong style=\"letter-spacing: -0.02em;\">.<\/strong><\/span><\/p><p><span style=\"color: #000000;\">.<\/span><\/p>\t\t\t\t\t\t\t\t<\/div>\n\t\t\t\t<\/div>\n\t\t\t\t\t<\/div>\n\t\t<\/div>\n\t\t\t\t<div class=\"elementor-column elementor-col-50 elementor-inner-column elementor-element elementor-element-674ab3ae\" data-id=\"674ab3ae\" data-element_type=\"column\">\n\t\t\t<div class=\"elementor-widget-wrap elementor-element-populated\">\n\t\t\t\t\t\t<div class=\"elementor-element elementor-element-2717e7ed elementor-widget elementor-widget-text-editor\" data-id=\"2717e7ed\" data-element_type=\"widget\" data-widget_type=\"text-editor.default\">\n\t\t\t\t<div class=\"elementor-widget-container\">\n\t\t\t\t\t\t\t\t\t<p style=\"text-align: center;\"><span style=\"color: #ffffff;\"><strong>Editais e Avisos<\/strong><\/span><\/p>\t\t\t\t\t\t\t\t<\/div>\n\t\t\t\t<\/div>\n\t\t\t\t<div class=\"elementor-element elementor-element-3694d905 elementor-widget elementor-widget-text-editor\" data-id=\"3694d905\" data-element_type=\"widget\" data-widget_type=\"text-editor.default\">\n\t\t\t\t<div class=\"elementor-widget-container\">\n\t\t\t\t\t\t\t\t\t<p style=\"text-align: center;\"><a href=\"..\/wp-content\/uploads\/2019\/08\/Edital-n%C2%BA-06_2019_PMT-Homologa%C3%A7%C3%A3o-do-Resultado-Final-1.pdf\"><strong>Edital 06 &#8211; Homologa\u00e7\u00e3o do Concurso<\/strong><\/a><\/p>\n<p style=\"text-align: center;\"><strong><a href=\"http:\/\/concursos.fadesp.org.br\/pmt2019\/arquivos\/Resultado%20Final%20Preliminar.pdf\">Resultado Final Preliminar<\/a><\/strong><\/p>\n<p style=\"text-align: center;\"><strong><a href=\"http:\/\/concursos.fadesp.org.br\/pmt2019\/arquivos\/Resultado Definitivo da Avalia\u00e7\u00e3o de Ser Negro.pdf\">Resultado Definitivo da Avalia\u00e7\u00e3o de Ser Negro<\/a><\/strong><\/p>\n<p style=\"text-align: center;\"><strong><a href=\"http:\/\/concursos.fadesp.org.br\/pmt2019\/arquivos\/Resultado Definitivo da Avalia\u00e7\u00e3o F\u00edsica.pdf\">Resultado Definitivo da Avalia\u00e7\u00e3o F\u00edsica<\/a><\/strong><\/p>\n<p style=\"text-align: center;\"><strong><a href=\"http:\/\/concursos.fadesp.org.br\/pmt2019\/arquivos\/Resultado%20Preliminar%20da%20Avalia%C3%A7%C3%A3o%20de%20Ser%20Negro.pdf\">Resultado Preliminar da Avalia\u00e7\u00e3o de Ser Negro<\/a><\/strong><\/p>\n<p style=\"text-align: center;\"><strong><a href=\"http:\/\/concursos.fadesp.org.br\/pmt2019\/arquivos\/Resultado%20Preliminar%20da%20Avalia%C3%A7%C3%A3o%20F%C3%ADsica.pdf\">Resultado Preliminar da Avalia\u00e7\u00e3o F\u00edsica<\/a><\/strong><\/p>\n<p style=\"text-align: center;\"><strong><a href=\"http:\/\/concursos.fadesp.org.br\/pmt2019\/arquivos\/Resultado da averiguacao da autodeclaracao de negros.pdf\">Resultado da averigua\u00e7\u00e3o da autodeclara\u00e7\u00e3o de negros<\/a><\/strong><\/p>\n<p style=\"text-align: center;\"><strong><a href=\"..\/wp-content\/uploads\/2019\/07\/Edital-n\u00ba-05_2019_PMT-Convoca\u00e7\u00e3o-a-averigua\u00e7\u00e3o-da-auto-declara\u00e7\u00e3o-de-ser-negro.pdf\" target=\"_blank\" rel=\"noopener\">Edital 05\/2019 &#8211; Convoca\u00e7\u00e3o \u00e0\u00a0Verifica\u00e7\u00e3o da Autodeclara\u00e7\u00e3o de ser Negro <\/a><\/strong><\/p>\n<p style=\"text-align: center;\"><strong><a href=\"..\/wp-content\/uploads\/2019\/07\/Edital-n\u00ba-04_2019_PMT-Convoca\u00e7\u00e3o-a-Prova-de-Aptid\u00e3o-F\u00edsica.pdf\" target=\"_blank\" rel=\"noopener\">Edital 04\/2019 &#8211; Convoca\u00e7\u00e3o \u00e0 Prova de Aptid\u00e3o F\u00edsica<\/a><\/strong><\/p>\n<p style=\"text-align: center;\"><strong><a href=\"http:\/\/concursos.fadesp.org.br\/pmt2019\/arquivos\/Resultado%20da%20Prova%20Objetiva.pdf\" target=\"_blank\" rel=\"noopener\">Resultado da prova objetiva<\/a><\/strong><\/p>\n<p style=\"text-align: center;\"><strong><a href=\"http:\/\/concursos.fadesp.org.br\/pmt2019\/arquivos\/Cronograma.pdf\" target=\"_blank\" rel=\"noopener\">Cronograma de execu\u00e7\u00e3o<\/a><\/strong><\/p>\n<p style=\"text-align: center;\"><strong><a href=\"http:\/\/concursos.fadesp.org.br\/pmt2019\/arquivos\/GABARITO%20OFICIAL%20DEFINITIVO.pdf\" target=\"_blank\" rel=\"noopener\">Gabarito Oficial Definitivo<\/a><\/strong><\/p>\n<p style=\"text-align: center;\"><strong><a href=\"http:\/\/concursos.fadesp.org.br\/pmt2019\/arquivos\/Rela%C3%A7%C3%A3o%20de%20Candidatos%20que%20se%20autodeclararam%20negros.pdf\" target=\"_blank\" rel=\"noopener\">Rela\u00e7\u00e3o de Candidatos que se autodeclararam negros<\/a><\/strong><\/p>\n<p style=\"text-align: center;\"><strong><a href=\"http:\/\/concursos.fadesp.org.br\/pmt2019\/arquivos\/GABARITO%20OFICIAL%20PRELIMINAR%20-%20PREFEITURA%20MUNICIPAL%20DE%20TUCURUI.pdf\" target=\"_blank\" rel=\"noopener\">Gabarito Oficial Preliminar<\/a><\/strong><\/p>\n<p style=\"text-align: center;\"><strong><a href=\"..\/midias\/anexos\/579_demanda.pdf\" target=\"_blank\" rel=\"noopener\">Demanda<\/a><\/strong><\/p>\n<p style=\"text-align: center;\"><strong><a href=\"http:\/\/concursos.fadesp.org.br\/pmt2019\/arquivos\/Edital%20n%C2%B0%2003_2019_PMT%20-%20Retifica%C3%A7%C3%B5es.pdf\" target=\"_blank\" rel=\"noopener\">Edital 03 \/2019 &#8211; Retifica\u00e7\u00f5es<\/a><\/strong><\/p>\n<p style=\"text-align: center;\"><strong><a href=\"http:\/\/concursos.fadesp.org.br\/pmt2019\/arquivos\/Formul%C3%A1rio%20de%20Autodeclara%C3%A7%C3%A3o%20de%20Negros.pdf\" target=\"_blank\" rel=\"noopener\">Formul\u00e1rio de Autodeclara\u00e7\u00e3o de Negros<\/a><\/strong><\/p>\n<p style=\"text-align: center;\"><strong><a href=\"http:\/\/concursos.fadesp.org.br\/pmt2019\/arquivos\/Edital%20n%C2%B0%2002_2019_PMT%20-%20Retifica%C3%A7%C3%B5es.pdf\" target=\"_blank\" rel=\"noopener\">Edital 02 \/ 2019 &#8211; Retifica\u00e7\u00f5es<\/a><\/strong><\/p>\n<p style=\"text-align: center;\"><strong><a href=\"..\/midias\/anexos\/579_lei_9.918_2017-_criacao_e_regulamentacao_do_cargo_de_agente_municipal_de_transito_de_tucurui.pdf\" target=\"_blank\" rel=\"noopener\">Lei 9.918 &#8211; 2017 &#8211; Cria\u00e7\u00e3o e Regulamenta\u00e7\u00e3o do Cargo de Agente Municipal de Tr\u00e2nsito de Tucuru\u00ed<\/a><\/strong><\/p>\n<p style=\"text-align: center;\"><strong><a href=\"..\/midias\/anexos\/579_lei_n_6.350_2005_-_criacao_da_secretaria_municipal_de_transito_e_transporte_de_tucurui.pdf\" target=\"_blank\" rel=\"noopener\">Lei 6.350 &#8211; 2005 &#8211; Cria\u00e7\u00e3o da Secretaria Municipal de Tr\u00e2nsito e Transporte de Tucuru\u00ed<\/a><\/strong><\/p>\n<p style=\"text-align: center;\"><strong><a href=\"..\/midias\/anexos\/579_lei_n_3.793-1993__-_regime_juridico_dos_servidores_do_municipio_de_tucurui.pdf\" target=\"_blank\" rel=\"noopener\">Lei 3.793-1993 -Regime Jur\u00eddico dos Servidores do Munic\u00edpio de Tucuru\u00ed<\/a><\/strong><\/p>\n<p style=\"text-align: center;\"><strong><a href=\"..\/midias\/anexos\/579_formulario_de_portador_de_deficiencia.pdf\" target=\"_blank\" rel=\"noopener\">Formul\u00e1rio PcD<\/a><\/strong><\/p>\n<p style=\"text-align: center;\"><strong><a href=\"..\/midias\/anexos\/579_tabela_de_cargo.pdf\" target=\"_blank\" rel=\"noopener\">Tabela de Cargos<\/a><\/strong><\/p>\n<p style=\"text-align: center;\"><strong><a href=\"..\/midias\/anexos\/579_edital_n_01_2019_pmt.pdf\" target=\"_blank\" rel=\"noopener\">Edital 01 &#8211; abertura<\/a><\/strong><\/p>\n\n<h6 style=\"text-align: center;\"><strong>\u00a0Informa\u00e7\u00f5es no setor de Concursos<\/strong><\/h6>\n<h6 style=\"text-align: center;\"><strong>das 8h \u00e0s 17h<\/strong>\n<strong>(91) 4005-7446 \/ 7433 concursos@fadesp.org.br\u00a0<\/strong><\/h6>\t\t\t\t\t\t\t\t<\/div>\n\t\t\t\t<\/div>\n\t\t\t\t\t<\/div>\n\t\t<\/div>\n\t\t\t\t\t<\/div>\n\t\t<\/section>\n\t\t\t\t\t<\/div>\n\t\t<\/div>\n\t\t\t\t\t<\/div>\n\t\t<\/section>\n\t\t\t\t<\/div>\n\t\t","protected":false},"excerpt":{"rendered":"<p>Prefeitura Municipal de Tucuru\u00ed &#8211; 2019 A Prefeitura Municipal de Tucuru\u00ed, no uso de suas atribui\u00e7\u00f5es, torna p\u00fablica a realiza\u00e7\u00e3o de concurso para o preenchimento de vagas no cargo de Agente Municipal de Tr\u00e2nsito, conforme as condi\u00e7\u00f5es estabelecidas no edital.\u00a0 Vagas &#8211; 40 Cargos &#8211;\u00a0Agente Municipal de Tr\u00e2nsito Remunera\u00e7\u00e3o &#8211;\u00a0 de R$ 1.500,00. Inscri\u00e7\u00f5es &#8211; [&hellip;]<\/p>\n","protected":false},"author":9,"featured_media":0,"parent":329,"menu_order":50,"comment_status":"closed","ping_status":"closed","template":"","meta":{"_monsterinsights_skip_tracking":false,"_monsterinsights_sitenote_active":false,"_monsterinsights_sitenote_note":"","_monsterinsights_sitenote_category":0,"footnotes":""},"class_list":["post-1330","page","type-page","status-publish","hentry","entry"],"yoast_head":"<!-- This site is optimized with the Yoast SEO plugin v25.1 - https:\/\/yoast.com\/wordpress\/plugins\/seo\/ -->\n<title>Prefeitura Municipal de Tucuru\u00ed - 2019 - FADESP<\/title>\n<meta name=\"robots\" content=\"index, follow, max-snippet:-1, max-image-preview:large, max-video-preview:-1\" \/>\n<link rel=\"canonical\" href=\"https:\/\/portalfadesp.org.br\/?page_id=1330\" \/>\n<meta property=\"og:locale\" content=\"pt_BR\" \/>\n<meta property=\"og:type\" content=\"article\" \/>\n<meta property=\"og:title\" content=\"Prefeitura Municipal de Tucuru\u00ed - 2019 - FADESP\" \/>\n<meta property=\"og:description\" content=\"Prefeitura Municipal de Tucuru\u00ed &#8211; 2019 A Prefeitura Municipal de Tucuru\u00ed, no uso de suas atribui\u00e7\u00f5es, torna p\u00fablica a realiza\u00e7\u00e3o de concurso para o preenchimento de vagas no cargo de Agente Municipal de Tr\u00e2nsito, conforme as condi\u00e7\u00f5es estabelecidas no edital.\u00a0 Vagas &#8211; 40 Cargos &#8211;\u00a0Agente Municipal de Tr\u00e2nsito Remunera\u00e7\u00e3o &#8211;\u00a0 de R$ 1.500,00. Inscri\u00e7\u00f5es &#8211; [&hellip;]\" \/>\n<meta property=\"og:url\" content=\"https:\/\/portalfadesp.org.br\/?page_id=1330\" \/>\n<meta property=\"og:site_name\" content=\"FADESP\" \/>\n<meta property=\"article:publisher\" content=\"https:\/\/www.facebook.com\/Fadesp-138351949524662\/\" \/>\n<meta property=\"article:modified_time\" content=\"2022-12-20T14:21:33+00:00\" \/>\n<meta name=\"twitter:card\" content=\"summary_large_image\" \/>\n<meta name=\"twitter:site\" content=\"@Fadesp\" \/>\n<meta name=\"twitter:label1\" content=\"Est. tempo de leitura\" \/>\n\t<meta name=\"twitter:data1\" content=\"1 minuto\" \/>\n<script type=\"application\/ld+json\" class=\"yoast-schema-graph\">{\"@context\":\"https:\/\/schema.org\",\"@graph\":[{\"@type\":\"WebPage\",\"@id\":\"https:\/\/portalfadesp.org.br\/?page_id=1330\",\"url\":\"https:\/\/portalfadesp.org.br\/?page_id=1330\",\"name\":\"Prefeitura Municipal de Tucuru\u00ed - 2019 - FADESP\",\"isPartOf\":{\"@id\":\"https:\/\/portalfadesp.org.br\/#website\"},\"datePublished\":\"2019-05-20T19:23:40+00:00\",\"dateModified\":\"2022-12-20T14:21:33+00:00\",\"breadcrumb\":{\"@id\":\"https:\/\/portalfadesp.org.br\/?page_id=1330#breadcrumb\"},\"inLanguage\":\"pt-BR\",\"potentialAction\":[{\"@type\":\"ReadAction\",\"target\":[\"https:\/\/portalfadesp.org.br\/?page_id=1330\"]}]},{\"@type\":\"BreadcrumbList\",\"@id\":\"https:\/\/portalfadesp.org.br\/?page_id=1330#breadcrumb\",\"itemListElement\":[{\"@type\":\"ListItem\",\"position\":1,\"name\":\"In\u00edcio\",\"item\":\"https:\/\/portalfadesp.org.br\/\"},{\"@type\":\"ListItem\",\"position\":2,\"name\":\"Concursos &#8211; Homologados\",\"item\":\"https:\/\/portalfadesp.org.br\/?page_id=329\"},{\"@type\":\"ListItem\",\"position\":3,\"name\":\"Prefeitura Municipal de Tucuru\u00ed &#8211; 2019\"}]},{\"@type\":\"WebSite\",\"@id\":\"https:\/\/portalfadesp.org.br\/#website\",\"url\":\"https:\/\/portalfadesp.org.br\/\",\"name\":\"FADESP\",\"description\":\"Funda\u00e7\u00e3o de Amparo e Desenvolvimento da Pesquisa\",\"publisher\":{\"@id\":\"https:\/\/portalfadesp.org.br\/#organization\"},\"potentialAction\":[{\"@type\":\"SearchAction\",\"target\":{\"@type\":\"EntryPoint\",\"urlTemplate\":\"https:\/\/portalfadesp.org.br\/?s={search_term_string}\"},\"query-input\":{\"@type\":\"PropertyValueSpecification\",\"valueRequired\":true,\"valueName\":\"search_term_string\"}}],\"inLanguage\":\"pt-BR\"},{\"@type\":\"Organization\",\"@id\":\"https:\/\/portalfadesp.org.br\/#organization\",\"name\":\"FADESP\",\"url\":\"https:\/\/portalfadesp.org.br\/\",\"logo\":{\"@type\":\"ImageObject\",\"inLanguage\":\"pt-BR\",\"@id\":\"https:\/\/portalfadesp.org.br\/#\/schema\/logo\/image\/\",\"url\":\"https:\/\/portalfadesp.org.br\/wp-content\/uploads\/2024\/01\/NOVOLOGOFADESPlaranjaH.png\",\"contentUrl\":\"https:\/\/portalfadesp.org.br\/wp-content\/uploads\/2024\/01\/NOVOLOGOFADESPlaranjaH.png\",\"width\":2742,\"height\":839,\"caption\":\"FADESP\"},\"image\":{\"@id\":\"https:\/\/portalfadesp.org.br\/#\/schema\/logo\/image\/\"},\"sameAs\":[\"https:\/\/www.facebook.com\/Fadesp-138351949524662\/\",\"https:\/\/x.com\/Fadesp\",\"https:\/\/www.instagram.com\/fadesp_ufpa\/\",\"https:\/\/www.youtube.com\/@fundacaodeamparoedesenvolv1903\",\"https:\/\/www.threads.net\/@fadesp_ufpa\"]}]}<\/script>\n<!-- \/ Yoast SEO plugin. -->","yoast_head_json":{"title":"Prefeitura Municipal de Tucuru\u00ed - 2019 - FADESP","robots":{"index":"index","follow":"follow","max-snippet":"max-snippet:-1","max-image-preview":"max-image-preview:large","max-video-preview":"max-video-preview:-1"},"canonical":"https:\/\/portalfadesp.org.br\/?page_id=1330","og_locale":"pt_BR","og_type":"article","og_title":"Prefeitura Municipal de Tucuru\u00ed - 2019 - FADESP","og_description":"Prefeitura Municipal de Tucuru\u00ed &#8211; 2019 A Prefeitura Municipal de Tucuru\u00ed, no uso de suas atribui\u00e7\u00f5es, torna p\u00fablica a realiza\u00e7\u00e3o de concurso para o preenchimento de vagas no cargo de Agente Municipal de Tr\u00e2nsito, conforme as condi\u00e7\u00f5es estabelecidas no edital.\u00a0 Vagas &#8211; 40 Cargos &#8211;\u00a0Agente Municipal de Tr\u00e2nsito Remunera\u00e7\u00e3o &#8211;\u00a0 de R$ 1.500,00. Inscri\u00e7\u00f5es &#8211; [&hellip;]","og_url":"https:\/\/portalfadesp.org.br\/?page_id=1330","og_site_name":"FADESP","article_publisher":"https:\/\/www.facebook.com\/Fadesp-138351949524662\/","article_modified_time":"2022-12-20T14:21:33+00:00","twitter_card":"summary_large_image","twitter_site":"@Fadesp","twitter_misc":{"Est. tempo de leitura":"1 minuto"},"schema":{"@context":"https:\/\/schema.org","@graph":[{"@type":"WebPage","@id":"https:\/\/portalfadesp.org.br\/?page_id=1330","url":"https:\/\/portalfadesp.org.br\/?page_id=1330","name":"Prefeitura Municipal de Tucuru\u00ed - 2019 - FADESP","isPartOf":{"@id":"https:\/\/portalfadesp.org.br\/#website"},"datePublished":"2019-05-20T19:23:40+00:00","dateModified":"2022-12-20T14:21:33+00:00","breadcrumb":{"@id":"https:\/\/portalfadesp.org.br\/?page_id=1330#breadcrumb"},"inLanguage":"pt-BR","potentialAction":[{"@type":"ReadAction","target":["https:\/\/portalfadesp.org.br\/?page_id=1330"]}]},{"@type":"BreadcrumbList","@id":"https:\/\/portalfadesp.org.br\/?page_id=1330#breadcrumb","itemListElement":[{"@type":"ListItem","position":1,"name":"In\u00edcio","item":"https:\/\/portalfadesp.org.br\/"},{"@type":"ListItem","position":2,"name":"Concursos &#8211; Homologados","item":"https:\/\/portalfadesp.org.br\/?page_id=329"},{"@type":"ListItem","position":3,"name":"Prefeitura Municipal de Tucuru\u00ed &#8211; 2019"}]},{"@type":"WebSite","@id":"https:\/\/portalfadesp.org.br\/#website","url":"https:\/\/portalfadesp.org.br\/","name":"FADESP","description":"Funda\u00e7\u00e3o de Amparo e Desenvolvimento da Pesquisa","publisher":{"@id":"https:\/\/portalfadesp.org.br\/#organization"},"potentialAction":[{"@type":"SearchAction","target":{"@type":"EntryPoint","urlTemplate":"https:\/\/portalfadesp.org.br\/?s={search_term_string}"},"query-input":{"@type":"PropertyValueSpecification","valueRequired":true,"valueName":"search_term_string"}}],"inLanguage":"pt-BR"},{"@type":"Organization","@id":"https:\/\/portalfadesp.org.br\/#organization","name":"FADESP","url":"https:\/\/portalfadesp.org.br\/","logo":{"@type":"ImageObject","inLanguage":"pt-BR","@id":"https:\/\/portalfadesp.org.br\/#\/schema\/logo\/image\/","url":"https:\/\/portalfadesp.org.br\/wp-content\/uploads\/2024\/01\/NOVOLOGOFADESPlaranjaH.png","contentUrl":"https:\/\/portalfadesp.org.br\/wp-content\/uploads\/2024\/01\/NOVOLOGOFADESPlaranjaH.png","width":2742,"height":839,"caption":"FADESP"},"image":{"@id":"https:\/\/portalfadesp.org.br\/#\/schema\/logo\/image\/"},"sameAs":["https:\/\/www.facebook.com\/Fadesp-138351949524662\/","https:\/\/x.com\/Fadesp","https:\/\/www.instagram.com\/fadesp_ufpa\/","https:\/\/www.youtube.com\/@fundacaodeamparoedesenvolv1903","https:\/\/www.threads.net\/@fadesp_ufpa"]}]}},"_links":{"self":[{"href":"https:\/\/portalfadesp.org.br\/index.php?rest_route=\/wp\/v2\/pages\/1330","targetHints":{"allow":["GET"]}}],"collection":[{"href":"https:\/\/portalfadesp.org.br\/index.php?rest_route=\/wp\/v2\/pages"}],"about":[{"href":"https:\/\/portalfadesp.org.br\/index.php?rest_route=\/wp\/v2\/types\/page"}],"author":[{"embeddable":true,"href":"https:\/\/portalfadesp.org.br\/index.php?rest_route=\/wp\/v2\/users\/9"}],"replies":[{"embeddable":true,"href":"https:\/\/portalfadesp.org.br\/index.php?rest_route=%2Fwp%2Fv2%2Fcomments&post=1330"}],"version-history":[{"count":65,"href":"https:\/\/portalfadesp.org.br\/index.php?rest_route=\/wp\/v2\/pages\/1330\/revisions"}],"predecessor-version":[{"id":36381,"href":"https:\/\/portalfadesp.org.br\/index.php?rest_route=\/wp\/v2\/pages\/1330\/revisions\/36381"}],"up":[{"embeddable":true,"href":"https:\/\/portalfadesp.org.br\/index.php?rest_route=\/wp\/v2\/pages\/329"}],"wp:attachment":[{"href":"https:\/\/portalfadesp.org.br\/index.php?rest_route=%2Fwp%2Fv2%2Fmedia&parent=1330"}],"curies":[{"name":"wp","href":"https:\/\/api.w.org\/{rel}","templated":true}]}}