{"id":1326,"date":"2018-05-20T16:16:18","date_gmt":"2018-05-20T19:16:18","guid":{"rendered":"https:\/\/162.215.13.167?page_id=1326"},"modified":"2026-04-27T13:05:12","modified_gmt":"2026-04-27T16:05:12","slug":"centro-de-pericias-cientificas-renato-chaves","status":"publish","type":"page","link":"https:\/\/portalfadesp.org.br\/?page_id=1326","title":{"rendered":"Centro de Per\u00edcias Cient\u00edficas Renato Chaves \u2013 2018"},"content":{"rendered":"\t\t<div data-elementor-type=\"wp-post\" data-elementor-id=\"1326\" class=\"elementor elementor-1326\" data-elementor-post-type=\"page\">\n\t\t\t\t\t\t<section class=\"elementor-section elementor-top-section elementor-element elementor-element-6b269d4c elementor-section-boxed elementor-section-height-default elementor-section-height-default\" data-id=\"6b269d4c\" data-element_type=\"section\">\n\t\t\t\t\t\t<div class=\"elementor-container elementor-column-gap-default\">\n\t\t\t\t\t<div class=\"elementor-column elementor-col-100 elementor-top-column elementor-element elementor-element-3a3644f8\" data-id=\"3a3644f8\" data-element_type=\"column\">\n\t\t\t<div class=\"elementor-widget-wrap elementor-element-populated\">\n\t\t\t\t\t\t<div class=\"elementor-element elementor-element-ddaad54 elementor-widget elementor-widget-heading\" data-id=\"ddaad54\" data-element_type=\"widget\" data-widget_type=\"heading.default\">\n\t\t\t\t<div class=\"elementor-widget-container\">\n\t\t\t\t\t<h1 class=\"elementor-heading-title elementor-size-default\">Centro de Per\u00edcias Cient\u00edficas Renato Chaves - 2018<\/h1>\t\t\t\t<\/div>\n\t\t\t\t<\/div>\n\t\t\t\t<section class=\"elementor-section elementor-inner-section elementor-element elementor-element-14a0fd4b elementor-section-boxed elementor-section-height-default elementor-section-height-default\" data-id=\"14a0fd4b\" data-element_type=\"section\">\n\t\t\t\t\t\t<div class=\"elementor-container elementor-column-gap-default\">\n\t\t\t\t\t<div class=\"elementor-column elementor-col-50 elementor-inner-column elementor-element elementor-element-34b5fbe4\" data-id=\"34b5fbe4\" data-element_type=\"column\">\n\t\t\t<div class=\"elementor-widget-wrap elementor-element-populated\">\n\t\t\t\t\t\t<div class=\"elementor-element elementor-element-6d42fb92 elementor-widget elementor-widget-text-editor\" data-id=\"6d42fb92\" data-element_type=\"widget\" data-widget_type=\"text-editor.default\">\n\t\t\t\t<div class=\"elementor-widget-container\">\n\t\t\t\t\t\t\t\t\t<p>A Secretaria de Estado de Administra\u00e7\u00e3o e o Centro de Per\u00edcias Cient\u00edficas Renato Chaves, no uso de suas atribui\u00e7\u00f5es, tornam p\u00fablica a realiza\u00e7\u00e3o de concurso para o preenchimento de vagas em cargos de n\u00edveis M\u00e9dio e Superior, conforme as condi\u00e7\u00f5es estabelecidas no edital.\u00a0<\/p><p><strong>Vagas &#8211;\u00a0<\/strong>95<\/p><p><strong>Cargos &#8211;\u00a0<\/strong>Perito M\u00e9dico Legista (Medicina, Medicina Psiqui\u00e1trica), Perito Criminal (Administra\u00e7\u00e3o, Agronomia, Arquitetura e Urbanismo, Ci\u00eancias Biol\u00f3gicas, Ci\u00eancias Cont\u00e1beis, Engenharia Civil, Engenharia El\u00e9trica, Engenharia Florestal, Engenharia Mec\u00e2nica, Engenharia Qu\u00edmica, Engenharia Sanit\u00e1ria, Farm\u00e1cia, F\u00edsica, Geologia, Medicina Veterin\u00e1ria, Odontologia, Processamento de Dados), Auxiliar T\u00e9cnico de Per\u00edcias (T\u00e9cnico de Enfermagem, T\u00e9cnico de Laborat\u00f3rio, T\u00e9cnico de Mec\u00e2nica, T\u00e9cnico de Radiologia).<\/p><p><strong>Remunera\u00e7\u00e3o &#8211;<\/strong>\u00a0 de R$\u00a05.210,05\u00a0a R$ 8.482,04.<\/p><p><strong>Inscri\u00e7\u00f5es &#8211;\u00a0<\/strong>08\/01\/19 a 11\/02\/19.<\/p><p><strong>Taxa &#8211;\u00a0<\/strong>R$ 70,00 (n\u00edvel M\u00e9dio)<br \/>\u00a0 \u00a0 \u00a0 \u00a0 \u00a0 \u00a0R$ 80,00 (n\u00edvel Superior)<\/p><p><strong>Local de provas:<\/strong>\u00a0Bel\u00e9m (PA), Altamira (PA), Castanhal (PA), Marab\u00e1 (PA), Santar\u00e9m (PA) e Itaituba (PA).<\/p><p>&#8230;&#8230;&#8230;&#8230;&#8230;&#8230;&#8230;&#8230;&#8230;&#8230;&#8230;&#8230;&#8230;&#8230;<\/p><p><strong>Datas importantes<\/strong>:<\/p><p>Inscri\u00e7\u00e3o:<strong>\u00a008\/01\/19 a 11\/02\/19.<\/strong><\/p><p>Envio de documento de candidato PcD:<strong>\u00a0at\u00e9 11\/02\/19.<\/strong><\/p><p>Isen\u00e7\u00e3o para PcD e Baixa Renda:\u00a0\u00a0<strong>de 08 a\u00a0<\/strong><strong>11\/01\/2019<\/strong><strong>.\u00a0<\/strong><\/p><p>Pagamento da taxa de inscri\u00e7\u00e3o:\u00a0<strong>at\u00e9\u00a012\/02\/19.<\/strong><\/p><p>Cart\u00e3o de Inscri\u00e7\u00e3o para impress\u00e3o:\u00a0<strong>de 11 a 15\/03\/2019.<\/strong><\/p><p>Provas objetivas:\u00a0<strong>31\/03\/19<\/strong><strong>.<\/strong><\/p>\t\t\t\t\t\t\t\t<\/div>\n\t\t\t\t<\/div>\n\t\t\t\t\t<\/div>\n\t\t<\/div>\n\t\t\t\t<div class=\"elementor-column elementor-col-50 elementor-inner-column elementor-element elementor-element-329f61ab\" data-id=\"329f61ab\" data-element_type=\"column\">\n\t\t\t<div class=\"elementor-widget-wrap elementor-element-populated\">\n\t\t\t\t\t\t<div class=\"elementor-element elementor-element-12c8dbfe elementor-widget elementor-widget-text-editor\" data-id=\"12c8dbfe\" data-element_type=\"widget\" data-widget_type=\"text-editor.default\">\n\t\t\t\t<div class=\"elementor-widget-container\">\n\t\t\t\t\t\t\t\t\t<p style=\"text-align: center;\"><strong><span style=\"color: #ffffff;\"><a style=\"color: #ffffff;\" href=\"http:\/\/concursos.fadesp.org.br\/cpcrc2019\/web\/index_recurso.php\">Respostas dos Recursos<\/a><\/span><\/strong><\/p>\t\t\t\t\t\t\t\t<\/div>\n\t\t\t\t<\/div>\n\t\t\t\t<div class=\"elementor-element elementor-element-d52f802 elementor-widget elementor-widget-text-editor\" data-id=\"d52f802\" data-element_type=\"widget\" data-widget_type=\"text-editor.default\">\n\t\t\t\t<div class=\"elementor-widget-container\">\n\t\t\t\t\t\t\t\t\t<p style=\"text-align: center;\"><span style=\"color: #ffffff;\"><strong>Editais e Avisos<\/strong><\/span><\/p>\t\t\t\t\t\t\t\t<\/div>\n\t\t\t\t<\/div>\n\t\t\t\t<div class=\"elementor-element elementor-element-5f64ff35 elementor-widget elementor-widget-text-editor\" data-id=\"5f64ff35\" data-element_type=\"widget\" data-widget_type=\"text-editor.default\">\n\t\t\t\t<div class=\"elementor-widget-container\">\n\t\t\t\t\t\t\t\t\t<p>\u00a0<\/p><table class=\" aligncenter\" style=\"height: 3597px;\" width=\"243\"><tbody><tr><td width=\"241\"><p><a href=\"https:\/\/portalfadesp.org.br\/wp-content\/uploads\/2026\/04\/EDITAL-No-105-DE-24.04.2026-EDICAO-EXTRA-DOE-No-36.606-DE-24.04.2026-EXCLUSAO-DE-JOAO-E-REGINALDO-DO-EDITAL-No-102.pdf\"><strong>EDITAL N\u00ba 105 DE 24.04.2026 &#8211; EDI\u00c7\u00c3O EXTRA DOE N\u00ba 36.606 DE 24.04.2026 &#8211; EXCLUS\u00c3O DE JO\u00c3O E REGINALDO DO EDITAL N\u00ba 102<\/strong><\/a><\/p><p><a href=\"https:\/\/portalfadesp.org.br\/wp-content\/uploads\/2026\/04\/EDITAL-No-104-DE-23.04.2026-DOE-No-36.605-DE-24.04.2026-EXCLUSAO-DE-VIVIAN-DE-SOUZA-CASTRO-DO-EDITAL-No-102.pdf\"><strong>EDITAL N\u00ba 104 DE 23.04.2026 &#8211; DOE N\u00ba 36.605 DE 24.04.2026 &#8211; EXCLUS\u00c3O DE VIVIAN DE SOUZA CASTRO DO EDITAL N\u00ba 102<\/strong><\/a><\/p><p><a href=\"https:\/\/portalfadesp.org.br\/wp-content\/uploads\/2026\/04\/EDITAL-No-103-DE-06.04.2026-DOE-No-36.587-DE-07.04.2026-CONVOCACAO-PARA-MATRICULA-NO-CURSO-DE-FORMACAO-SUB-JUDICE-Flasio-Bezerra-de-Lima.pdf\"><strong>EDITAL N\u00ba 103 DE 06.04.2026 &#8211; DOE N\u00ba 36.587 DE 07.04.2026 &#8211; CONVOCAC\u00c3O PARA MATR\u00cdCULA NO CURSO DE FORMA\u00c7\u00c3O SUB JUDICE &#8211; Fl\u00e1sio Bezerra de Lima<\/strong><\/a><\/p><p><strong><a href=\"https:\/\/portalfadesp.org.br\/wp-content\/uploads\/2026\/03\/EDITAL-No-102_2026-SEPLAD_PCEPA-CONVOCACAO-DE-CANDIDATOS-SUB-JUDICE-PARA-MATRICULA-NO-CURSO-DE-FORMACAO-PROFISSIONAL.pdf\">EDITAL N\u00ba 102\/2026 &#8211; SEPLAD_PCEPA &#8211; CONVOCA\u00c7\u00c3O DE CANDIDATOS SUB JUDICE PARA MATRICULA NO CURSO DE FORMA\u00c7\u00c3O PROFISSIONAL<\/a><\/strong><\/p><p><a href=\"https:\/\/portalfadesp.org.br\/wp-content\/uploads\/2025\/08\/EDITAL-No-101_27-08-2025-RESULTADO-FINAL-E-HOMOLOGACAO-DO-CONCURSO-DOS-CANDIDATOS-SUB-JUDICE.pdf\"><strong>EDITAL N\u00ba 101\/2025 &#8211; RESULTADO FINAL E HOMOLOGA\u00c7\u00c3O DO CONCURSO DOS CANDIDATOS SUB JUDICE<\/strong><\/a><\/p><p><strong><a href=\"https:\/\/portalfadesp.org.br\/wp-content\/uploads\/2025\/08\/EDITAL-No-101_2025-DE-29-08-2025-DOE-No-36.344-RESULTADO-FINAL-E-HOMOLOGACAO-DO-CONCURSO-SUB-JUDICE.pdf\">EDITAL N\u00ba 101\/2025 &#8211; DOE N\u00ba 36.344 &#8211; RESULTADO FINAL E HOMOLOGA\u00c7\u00c3O DO CONCURSO &#8211; SUB JUDICE<\/a><\/strong><\/p><p><a href=\"https:\/\/portalfadesp.org.br\/wp-content\/uploads\/2025\/08\/RESULTADO-DO-CURSO-DE-FORMACAO-DOE-No-DE-13-08-2025.pdf\"><strong>RESULTADO DO CURSO DE FORMA\u00c7\u00c3O &#8211; DOE N\u00ba DE 13\/08\/2025<\/strong><\/a><\/p><p><strong><a href=\"https:\/\/portalfadesp.org.br\/wp-content\/uploads\/2025\/05\/EDITAL-no-100_2025-SEPLAD_PCEPA-DE-20-DE-MAIO-DE-2025.pdf\">EDITAL n\u00ba 100_2025-SEPLAD_PCEPA DE 20 DE MAIO DE 2025<\/a><\/strong><\/p><p><a href=\"https:\/\/portalfadesp.org.br\/wp-content\/uploads\/2024\/10\/EDITAL-No-99_SEPLAD_PCECA-RESULTADO-FINAL-DA-1a-ETAPA-DOE-35.980.pdf\"><strong>EDITAL N\u00ba 99_SEPLAD_PCECA &#8211; RESULTADO FINAL DA 1\u00aa ETAPA &#8211; DOE 35.980<\/strong><\/a><\/p><p><a href=\"https:\/\/portalfadesp.org.br\/wp-content\/uploads\/2024\/09\/EDITAL-No-98_SEPLAD_PCECA-RESULTADO-DEFINITIVO-DA-6a-FASE-PROVA-DE-TITULOS-DOE-35.980.pdf\"><strong>EDITAL N\u00ba 98_SEPLAD_PCECA &#8211; RESULTADO DEFINITIVO DA 6\u00aa FASE PROVA DE T\u00cdTULOS &#8211; DOE 35.980<\/strong><\/a><\/p><p><a href=\"https:\/\/portalfadesp.org.br\/wp-content\/uploads\/2024\/09\/EDITAL-No-98_SEPLAD_PCECA-DOE-35980-DE-30-09-2024-RESULTADO-DEFINITIVO-DA-6a-FASE-PROVA-DE-TITULOS.pdf\"><strong>EDITAL N\u00ba 98_SEPLAD_PCECA &#8211; DOE 35980 DE 30-09-2024 &#8211; RESULTADO DEFINITIVO DA 6\u00aa FASE PROVA DE T\u00cdTULOS<\/strong><\/a><\/p><p><strong><a href=\"https:\/\/portalfadesp.org.br\/wp-content\/uploads\/2024\/09\/EDITAL-No-97_SEPLAD_PCECA-DOE-35972-DE-23-09-2024-RESULTADO-PRELIMINAR-DA-6a-FASE-PROVA-DE-TITULOS.pdf\">EDITAL N\u00ba 97_SEPLAD_PCECA &#8211; DOE 35972 DE 23-09-2024 &#8211; RESULTADO PRELIMINAR DA 6\u00aa FASE PROVA DE T\u00cdTULOS<\/a><\/strong><\/p><p><a href=\"https:\/\/portalfadesp.org.br\/wp-content\/uploads\/2024\/09\/PUBLICACAO-DOE-35972-DE-23-09-2024-RESULTADO-PRELIMINAR-DA-6a-FASE-PROVA-DE-TITULOS.pdf\"><strong>EDITAL N\u00ba 97 DE 23\/09\/2024 &#8211; PUBLICA\u00c7\u00c3O DOE 35972\u00a0 &#8211; RESULTADO PRELIMINAR DA 6\u00aa FASE PROVA DE T\u00cdTULOS<\/strong><\/a><\/p><p><strong><a href=\"https:\/\/portalfadesp.org.br\/wp-content\/uploads\/2024\/09\/EDITAL-No-96-DE-29.08.2024-DOE-No-35.944-DE-30.08.2024-CONVOCACAO-6a-FASE-PROVA-DE-TITULOS-29-08-2024.pdf\">EDITAL N\u00ba 96 DE 29.08.2024 &#8211; DOE N\u00ba 35.944 DE 30.08.2024 &#8211; CONVOCA\u00c7\u00c3O 6\u00aa FASE &#8211; PROVA DE T\u00cdTULOS &#8211; 29-08-2024<\/a><\/strong><\/p><p><a href=\"https:\/\/portalfadesp.org.br\/wp-content\/uploads\/2024\/09\/EDITAL-No-95-DE-29.08.2024-DOE-No-35.944-DE-30.08.2024-RESULTADO-DEFINITIVO-DA-5a-FASE-INVESTIGACAO-CRIMINAL-E-SOCIAL.pdf\"><strong>EDITAL N\u00ba 95 DE 29.08.2024 &#8211; DOE N\u00ba 35.944 DE 30.08.2024 &#8211; RESULTADO DEFINITIVO DA 5\u00aa FASE &#8211; INVESTIGA\u00c7\u00c3O CRIMINAL E SOCIAL<\/strong><\/a><\/p><p><a href=\"https:\/\/portalfadesp.org.br\/wp-content\/uploads\/2024\/08\/FORMULARIO-PROVA-DE-TITULOS-28-08-2024.docx.pdf\"><strong>FORMUL\u00c1RIO &#8211; PROVA DE T\u00cdTULOS &#8211; 28-08-2024<\/strong><\/a><\/p><p><strong><a href=\"https:\/\/portalfadesp.org.br\/wp-content\/uploads\/2024\/08\/PUBLICACAO-DOE-No-35.944-DE-30-08-2024_EDITAIS-95-E-96_SEPLAD_PCEPA.pdf\">PUBLICA\u00c7\u00c3O DOE N\u00ba 35.944 DE 30-08-2024_EDITAIS 95 E 96_SEPLAD_PCEPA<\/a><\/strong><\/p><p><a href=\"https:\/\/portalfadesp.org.br\/wp-content\/uploads\/2024\/06\/PUBLICACAO-NO-DOE-No-35.847-DE-07-06-2024-DO-EDITAL-N\u00b0-94-CONVOCACAO-5a-FASE-INESTIGACAO-CROMINAL-E-SOCIAL.pdf\"><strong>PUBLICA\u00c7\u00c3O NO DOE N\u00ba 35.847 DE 07-06-2024 DO EDITAL N\u00b0 94 &#8211; CONVOCA\u00c7\u00c3O 5\u00aa FASE &#8211; INESTIGA\u00c7\u00c3O CROMINAL E SOCIAL<\/strong><\/a><\/p><p><strong><a href=\"https:\/\/portalfadesp.org.br\/wp-content\/uploads\/2024\/06\/FIC.pdf\">FIC 5a etapa<\/a><\/strong><\/p><p><a href=\"https:\/\/portalfadesp.org.br\/wp-content\/uploads\/2024\/06\/EDITAL-No-93_2024-RESULTADO-DEFINITIVO-DA-4a-FASE-AVALIACAO-PSICOLOGICA-05-06-2024.pdf\"><strong>EDITAL N\u00ba 93_2024 &#8211; RESULTADO DEFINITIVO DA 4\u00aa FASE &#8211; AVALIA\u00c7\u00c3O PSICOL\u00d3GICA &#8211; 06-06-2024<\/strong><\/a><\/p><p><strong><a href=\"https:\/\/portalfadesp.org.br\/wp-content\/uploads\/2024\/05\/EDITAL-N-92_2024_SEPLAD_PCEPA_PA_CONVOCACAO-PARA-4a-FASE_AVALIACAO-PSICOLOGICA-SUB-JUDICE.pdf\">EDITAL N 92_2024_SEPLAD_PCEPA_PA_CONVOCA\u00c7\u00c3O PARA 4\u00aa FASE_AVALIA\u00c7\u00c3O PSICOL\u00d3GICA SUB JUDICE<\/a><\/strong><\/p><p><a href=\"https:\/\/portalfadesp.org.br\/wp-content\/uploads\/2024\/05\/EDITAL-No-91_2024-RETIRADA-DA-CONDICAO-SUB-JUDICE-ALESONIA-G-DEFREITAS-22-05-2024.pdf\"><strong>EDITAL N\u00ba 91_2024 &#8211; RETIRADA DA CONDI\u00c7\u00c3O SUB JUDICE &#8211; ALESONIA G DEFREITAS &#8211; 22-05-2024<\/strong><\/a><\/p><p><strong><a href=\"https:\/\/portalfadesp.org.br\/wp-content\/uploads\/2024\/05\/EDITAL-N\u00b0-90-SEPLAD_PCEPA_RESULTADO-3a-FASE_PROVA-DE-CAPACIDADE-FISICA_SUB-JUDICE-DOE-35.826-21-05-2024.pdf\">EDITAL N\u00b0 90 SEPLAD_PCEPA_RESULTADO 3\u00aa FASE_PROVA DE CAPACIDADE F\u00cdSICA_SUB JUDICE &#8211; DOE 35.826 -21-05-2024<\/a><\/strong><\/p><p><strong><a href=\"https:\/\/portalfadesp.org.br\/wp-content\/uploads\/2024\/05\/EDITAL-No-90_2024_SEPLAD_PCEPA-3a-FASE-PROVA-DE-CAPACIDADE-FISICA-SUB-JUDICE-21-05-2024.pdf\">EDITAL N\u00ba 90_2024_SEPLAD_PCEPA &#8211; 3\u00aa FASE &#8211; PROVA DE CAPACIDADE F\u00cdSICA &#8211; SUB JUDICE &#8211; 21-05-2024<\/a><\/strong><\/p><p><a href=\"https:\/\/portalfadesp.org.br\/wp-content\/uploads\/2024\/05\/EDITAL-No-89_2024-REINTEGRACAO-E-CONVOCACAO-3a-FASE-SUB-JUDICE-08-05-2024.docx.pdf\"><strong>EDITAL N\u00ba 89_2024 &#8211; REINTEGRA\u00c7\u00c3O E CONVOCA\u00c7\u00c3O 3\u00aa FASE &#8211; SUB JUDICE &#8211; 08-05-2024<\/strong><\/a><\/p><p><a href=\"https:\/\/portalfadesp.org.br\/wp-content\/uploads\/2024\/05\/PUBLICACAO-NO-DOE-35.813-DE-09-05-2024-REINTEGRCAO-E-CONVOCACAO-3a-ETAPA-SUB-JUDICE.pdf\"><strong>PUBLICA\u00c7\u00c3O NO DOE 35.813 DE 09-05-2024 &#8211; REINTEGR\u00c7\u00c3O E CONVOCA\u00c7\u00c3O 3\u00aa ETAPA SUB JUDICE<\/strong><\/a><\/p><p><a href=\"https:\/\/portalfadesp.org.br\/wp-content\/uploads\/2024\/05\/EDITAL-No-88_SEPLAD_PCE_PA-REINTEGRACAO-SUB-JUDICE-ISIS-MANOELA-CORREA.pdf\"><strong>EDITAL N\u00ba 88_SEPLAD_PCE_PA &#8211; REINTEGRA\u00c7\u00c3O SUB JUDICE ISIS MANOELA CORREA<\/strong><\/a><\/p><p><strong><a href=\"http:\/\/concursos.fadesp.org.br\/cpcrc2019\/arquivos\/EDITAL N\u00ba 87 DE 27.06.2023 - DOE N\u00ba 35.453 DE 28.06.2023 - RESULTADO FINAL DA 1\u00aa ETAPA DO CONCURSO - SUB JUDICE - JOSIMAR NEUSA.pdf\" data-wplink-url-error=\"true\">EDITAL N\u00ba 87 DE 27.06.2023 &#8211; DOE N\u00ba 35.453 DE 28.06.2023 &#8211; RESULTADO FINAL DA 1\u00aa ETAPA DO CONCURSO &#8211; SUB JUDICE &#8211; JOSIMAR NEUSA, de 28\/06\/2023<\/a><\/strong><\/p><p><a href=\"http:\/\/concursos.fadesp.org.br\/cpcrc2019\/arquivos\/EDITAL N\u00ba 86 DE 24.05.2023 - DOE N\u00ba 35.412 DE 25.05.2023 - Convoca\u00e7\u00e3o 6\u00aa Fase Sub Judice _ Prova de T\u00edtulos.pdf\" data-wplink-url-error=\"true\"><strong>EDITAL N\u00ba 86 DE 24.05.2023 &#8211; DOE N\u00ba 35.412 DE 25.05.2023 &#8211; Convoca\u00e7\u00e3o 6\u00aa Fase Sub Judice _ Prova de T\u00edtulos, DE 25\/05\/2023<\/strong><\/a><\/p><p><strong><a href=\"http:\/\/concursos.fadesp.org.br\/cpcrc2019\/arquivos\/EDITAL N\u00ba 85_2023 - RESULTADO DEFINITIVO DA 5\u00aa FASE - SUB JUDICE.docx - DOE 35.407 - 22-05-2023.pdf\" data-wplink-url-error=\"true\">EDITAL N\u00ba 85_2023 &#8211; RESULTADO DEFINITIVO DA 5\u00aa FASE &#8211; SUB JUDICE &#8211; DOE 35.407, DE 22\/05\/2023<\/a><\/strong><\/p><p><strong><a href=\"http:\/\/concursos.fadesp.org.br\/cpcrc2019\/arquivos\/EDITAL N\u00ba 84 DE 17.04.2023 - DOE 35.367 DE 18.04.2023 - CONVOCA\u00c7\u00c3O 5\u00aa FASE - SUB JUDICE - INVESTIGA\u00c7\u00c3O CRIMINAL E SOCIAL - JOSIMAR NEUSA.pdf\" data-wplink-url-error=\"true\">EDITAL N\u00ba 84 &#8211; DOE 35.367\u00a0 &#8211; CONVOCA\u00c7\u00c3O 5\u00aa FASE &#8211; SUB JUDICE &#8211; INVESTIGA\u00c7\u00c3O CRIMINAL E SOCIAL &#8211; JOSIMAR NEUSA, DE 18\/04\/2023<\/a><\/strong><\/p><p><strong><a href=\"http:\/\/concursos.fadesp.org.br\/cpcrc2019\/arquivos\/FIC_Sub Judice_5\u00aa Etapa.pdf\" data-wplink-url-error=\"true\">FIC_Sub Judice_5\u00aa Etapa<\/a><\/strong><\/p><p><a href=\"http:\/\/concursos.fadesp.org.br\/cpcrc2019\/arquivos\/EDITAL N\u00ba 83_2023_SEPLAD_PCEPA - DOE N\u00ba 35.345 DE 30.03.2023 -RESULTADO DEFINITIVO_4\u00aa FASE AVALIA\u00c7\u00c3O PSICOL\u00d3GICA_SUB JUDICE.pdf\" data-wplink-url-error=\"true\"><strong>EDITAL N\u00ba 83_2023_SEPLAD_PCEPA &#8211; DOE N\u00ba 35.345 DE 30.03.2023 -RESULTADO DEFINITIVO_4\u00aa FASE<\/strong> <strong>AVALIA\u00c7\u00c3O PSICOL\u00d3GICA_SUB JUDICE, DE 30\/03\/2023<\/strong><\/a><\/p><p><a href=\"http:\/\/concursos.fadesp.org.br\/cpcrc2019\/arquivos\/EDITAL N\u00ba 82 DE 09.03.2023 - DOE N\u00ba 35.319 DE 10.03.2023 -REINTEGRA\u00c7\u00c3O E CONVOCA\u00c7\u00c3O AVALIA\u00c7\u00c3O PSICOL\u00d3GICA - SUB JUDICE - JOSIMAR.pdf\" data-wplink-url-error=\"true\"><strong>EDITAL N\u00ba 82 DE 09.03.2023 &#8211; DOE N\u00ba 35.319 DE 10.03.2023 -REINTEGRA\u00c7\u00c3O E CONVOCA\u00c7\u00c3O AVALIA\u00c7\u00c3O PSICOL\u00d3GICA &#8211; SUB JUDICE &#8211; JOSIMAR<\/strong><\/a><\/p><p><strong><a href=\"http:\/\/concursos.fadesp.org.br\/cpcrc2019\/arquivos\/EDITAL N\u00ba 81 DE 05.07.2021 - DOE 34.629 DE 06.07.2021- EXCLUS\u00c3O DE SUELLEN SIRLEIDE PEREIRA YAMANO.pdf\" data-wplink-url-error=\"true\">EDITAL N\u00ba 81 DE 05.07.2021 &#8211; DOE 34.629 DE 06.07.2021- EXCLUS\u00c3O DE SUELLEN SIRLEIDE PEREIRA YAMANO<\/a><\/strong><\/p><p><strong><a href=\"http:\/\/concursos.fadesp.org.br\/cpcrc2019\/arquivos\/EDITAL%20N%C2%BA%2080%20DE%2014.12.2020%20-%20DOE%2034.435%20DE%2015.12.2020%20-%203%C2%AA%20RETIFICA%C3%87%C3%83O%20DO%20RESULTADO%20FINAL%20DA%201%C2%AA%20ETAPA.pdf\">EDITAL N\u00ba 80 DE 14.12.2020 &#8211; DOE 34.435 DE 15.12.2020 &#8211; 3\u00aa RETIFICA\u00c7\u00c3O DO RESULTADO FINAL DA 1\u00aa ETAPA<\/a><\/strong><\/p><p><strong><a href=\"http:\/\/concursos.fadesp.org.br\/cpcrc2019\/arquivos\/EDITAL%20N%C2%BA%2080%20DE%2014.12.2020%20-%20DOE%2034.435%20DE%2015.12.2020%20-%203%C2%AA%20RETIFICA%C3%87%C3%83O%201%C2%AA%20ETAPA.pdf\">EDITAL N\u00ba 80 DE 14.12.2020 &#8211; DOE 34.435 DE 15.12.2020 &#8211; 3\u00aa RETIFICA\u00c7\u00c3O 1\u00aa ETAPA<\/a><\/strong><\/p><p><strong><a href=\"http:\/\/concursos.fadesp.org.br\/cpcrc2019\/arquivos\/EDITAL%20N%C2%BA%2079%20DE%2026.11.2020%20-%20DOE%2034.419%20DE%2027.11.2020%20-%20HOMOLOGA%C3%87%C3%83O%20DO%20RESULTADO%20FINAL.pdf\">EDITAL N\u00ba 79 DE 26.11.2020 &#8211; DOE 34.419 DE 27.11.2020 &#8211; HOMOLOGA\u00c7\u00c3O DO RESULTADO FINAL<\/a><\/strong><\/p><p><strong><a href=\"http:\/\/concursos.fadesp.org.br\/cpcrc2019\/arquivos\/EDITAL%20N%C2%BA%2077%20E%2078%20DE%2024.11.2020%20-%20RESULTADOS%20SUB%20JUDICE%20DA%205%C2%AA%20FASE%20E%206%C2%AA%20FASES%20-%20VIVIAN%20E%20FRANCISCO.pdf\">EDITAIS N\u00ba 77 E 78 DE 24.11.2020 &#8211; DOE 34.417 DE 25\/11\/2020 &#8211; RESULTADOS SUB JUDICE DA 5\u00aa FASE E 6\u00aa FASES.<\/a><\/strong><\/p><p><strong><a href=\"http:\/\/concursos.fadesp.org.br\/cpcrc2019\/arquivos\/EDITAL%20N%C2%BA%2076%20DE%2024.11.2020%20-%20DOE%2034.416%20DE%2024.11.2020%20-%20RESULTADO%20FINAL%20PRELIMINAR%20DO%20CURSO-.pdf\">EDITAL N\u00ba 76 DE 24.11.2020 &#8211; DOE 34.416 DE 24.11.2020 &#8211; RESULTADO FINAL PRELIMINAR DO CURSO.<\/a><\/strong><\/p><p><strong><a href=\"http:\/\/concursos.fadesp.org.br\/cpcrc2019\/arquivos\/EDITAIS%20N%C2%BA%2074%20E%2075%20DE%2021.10.2020%20-%20DOE%2034.380%20-%20CONVOCA%C3%87%C3%95ES%205%C2%AA%20E%206%C2%AA%20FASES%20SUB%20JUDICE.pdf\">EDITAIS N\u00ba 74 E 75 DE 21.10.2020 &#8211; DOE 34.380 &#8211; CONVOCA\u00c7\u00d5ES 5\u00aa E 6\u00aa FASES SUB JUDICE<\/a><\/strong><\/p><p><strong><a href=\"http:\/\/concursos.fadesp.org.br\/cpcrc2019\/arquivos\/EDITAL%20N%C2%BA%2073%20DE%2020.10.2020%20-%20DOE%2034.379%20-%20RESULTADO%20SUB%20JUDICE%204%C2%AA%20FASE%20-%20AVALIA%C3%87%C3%83O%20PSICOL%C3%93GICA.pdf\">EDITAL N\u00ba 73 DE 20.10.2020 &#8211; DOE 34.379 &#8211; RESULTADO SUB JUDICE 4\u00aa FASE &#8211; AVALIA\u00c7\u00c3O PSICOL\u00d3GICA<\/a><\/strong><\/p><p><strong><a href=\"http:\/\/concursos.fadesp.org.br\/cpcrc2019\/arquivos\/EDITAL%20N%C2%BA%2072%20DE%2007.10.2020%20-%20DOE%2034.366%20DE%2008.10.2010%20-%20CONVOCA%C3%87%C3%83O%20AVALIA%C3%87%C3%83O%20PSICOL%C3%93GICA%20VIVIAN%20DE%20S.%20CASTRO%20E%20FRANCISCO%20NETO.pdf\">EDITAL N\u00ba 72 DE 07.10.2020 &#8211; DOE 34.366 DE 08.10.2010 &#8211; CONVOCA\u00c7\u00c3O AVALIA\u00c7\u00c3O PSICOL\u00d3GICA VIVIAN DE S. CASTRO E FRANCISCO NETO<\/a><\/strong><\/p><p><strong><a href=\"http:\/\/concursos.fadesp.org.br\/cpcrc2019\/arquivos\/EDITAL%20N%C2%BA%2071%20DE%2007.10.2020%20-%20DOE%2034.366%20DE%2008.10.2010%20-%20RESULTADO%20DO%20TAF%20-%20VIVIAN%20DE%20S.%20CASTRO.pdf\">EDITAL N\u00ba 71 DE 07.10.2020 &#8211; DOE 34.366 DE 08.10.2010 &#8211; RESULTADO DO TAF &#8211; VIVIAN DE S. CASTRO<\/a><\/strong><\/p><p><strong><a href=\"http:\/\/concursos.fadesp.org.br\/cpcrc2019\/arquivos\/EDITAL%20N%C2%BA%2070%20DE%2021.09.2020%20-%20DOE%2034.356%20DE%2025.09.2020%20-%20CONV.%20PARA%20TAF%20-%20VIVIAN%20DE%20S.%20CASTRO.pdf\">EDITAL N\u00ba 70 DE 21.09.2020 &#8211; DOE 34.356 DE 25.09.2020 &#8211; CONV. PARA TAF &#8211; VIVIAN DE S. CASTRO<\/a><\/strong><\/p><p><strong><a href=\"http:\/\/concursos.fadesp.org.br\/cpcrc2019\/arquivos\/EDITAL%20N%C2%BA%2069%20DE%2018.09.2020%20-DOE%2034.350%20DE%2021.09.2020-RESULTADO%20EXAMES%20M%C3%89DICOS%20-%20VIVIAN%20DE%20SOUZA%20CASTRO.pdf\">EDITAL N\u00ba 69 DE 18.09.2020 -DOE 34.350 DE 21.09.2020-RESULTADO EXAMES M\u00c9DICOS &#8211; VIVIAN DE SOUZA CASTRO<\/a><\/strong><\/p><p><strong><a href=\"http:\/\/concursos.fadesp.org.br\/cpcrc2019\/arquivos\/EDITAL%20N%C2%BA%2068%20DE%2009.09.2020%20-DOE%2034.341%20DE%2011.09.2020-%20HOMOLOGA%C3%87%C3%83O%20DA%20MATR%C3%8DCULA%20NO%20CURSO%20DE%20FORMA%C3%87%C3%83O%204%C2%AA%20CONVOCA%C3%87%C3%83O.pdf\">EDITAL N\u00ba 68 DE 09.09.2020 -DOE 34.341 DE 11.09.2020- HOMOLOGA\u00c7\u00c3O DA MATR\u00cdCULA NO CURSO DE FORMA\u00c7\u00c3O 4\u00aa CONVOCA\u00c7\u00c3O<\/a><\/strong><\/p><p><strong><a href=\"http:\/\/concursos.fadesp.org.br\/cpcrc2019\/arquivos\/EDITAL%20N%C2%BA%2067%20DE%2008.09.2020%20-DOE%2034.338%20DE%2009.09.2020-%20HOMOLOGA%C3%87%C3%83O%20DA%20MATR%C3%8DCULA%20NO%20CURSO%20DE%20FORMA%C3%87%C3%83O%203%C2%AA%20CONVOCA%C3%87%C3%83O%20e%204%C2%AA%20CONVOCA%C3%87%C3%83O.pdf\">EDITAL N\u00ba 67 DE 08.09.2020 -DOE 34.338 DE 09.09.2020- HOMOLOGA\u00c7\u00c3O DA MATR\u00cdCULA NO CURSO DE FORMA\u00c7\u00c3O 3\u00aa CONVOCA\u00c7\u00c3O e 4\u00aa CONVOCA\u00c7\u00c3O<\/a><\/strong><\/p><p><strong><a href=\"http:\/\/concursos.fadesp.org.br\/cpcrc2019\/arquivos\/EDITAL%20N%C2%BA%2066%20DE%2003.09.2020%20-DOE%2034.336%20DE%2004.09.2020-%20HOMOLOGA%C3%87%C3%83O%20DA%20MATR%C3%8DCULA%20NO%20CURSO%20DE%20FORMA%C3%87%C3%83O%202%C2%AA%20CONVOCA%C3%87%C3%83O%20e%203%C2%AA%20CONVOCA%C3%87%C3%83O.pdf\">EDITAL N\u00ba 66 DE 03.09.2020 -DOE 34.336 DE 04.09.2020- HOMOLOGA\u00c7\u00c3O DA MATR\u00cdCULA NO CURSO DE FORMA\u00c7\u00c3O 2\u00aa CONVOCA\u00c7\u00c3O e 3\u00aa CONVOCA\u00c7\u00c3O<\/a><\/strong><\/p><p><strong><a href=\"http:\/\/concursos.fadesp.org.br\/cpcrc2019\/arquivos\/EDITAL%20N%C2%BA%2065%20DE%2031.08.2020%20--DOE%2034.331%20DE%2001.09.2020%20-CONVOCA%C3%87%C3%83O%20PARA%20TESTAGEM%20DA%20COVID-19.pdf\">EDITAL N\u00ba 65 DE 31.08.2020 &#8211;DOE 34.331 DE 01.09.2020 -CONVOCA\u00c7\u00c3O PARA TESTAGEM DA COVID-19.<\/a><\/strong><\/p><p><strong><a href=\"http:\/\/concursos.fadesp.org.br\/cpcrc2019\/arquivos\/EDITAL%20N%C2%BA%2064%20DE%2031.08.2020%20-DOE%2034.331%20DE%2001.09.2020%20-%20RESULTADO%20PRELIMINAR%20DA%202%C2%AA%20CONVOCA%C3%87%C3%83O%20PARA%20MATR%C3%8DCULA%20NO%20CURSO%20DE%20FORMA%C3%87%C3%83O.pdf\">EDITAL N\u00ba 64 DE 31.08.2020 -DOE 34.331 DE 01.09.2020 &#8211; RESULTADO PRELIMINAR DA 2\u00aa CONVOCA\u00c7\u00c3O PARA MATR\u00cdCULA NO CURSO DE FORMA\u00c7\u00c3O.<\/a><\/strong><\/p><p><strong><a href=\"http:\/\/concursos.fadesp.org.br\/cpcrc2019\/arquivos\/EDITAL%20N%C2%BA%2063%20DE%2026.08.2020%20-%20DOE%2034.326%20DE%2027.08.2020%20-HOMOLOGA%C3%87%C3%83O%20DA%20MATR%C3%8DCULA%20NO%20CURSO%20DE%20FORMA%C3%87%C3%83O%20E%202%C2%AA%20CONVOCA%C3%87%C3%83O.pdf\">EDITAL N\u00ba 63 DE 26.08.2020 &#8211; DOE 34.326 DE 27.08.2020 -HOMOLOGA\u00c7\u00c3O DA MATR\u00cdCULA NO CURSO DE FORMA\u00c7\u00c3O E 2\u00aa CONVOCA\u00c7\u00c3O<\/a><\/strong><\/p><p><strong><a href=\"..\/wp-content\/uploads\/2020\/08\/EDITAL-N\u00ba-62-DE-24.08.2020-DOE-34.322-DE-25.08.2020-RETIFICA\u00c7\u00c3O-DO-ITEM-2-DO-EDITAL-N\u00ba-60.pdf\" target=\"_blank\" rel=\"noopener\">EDITAL N\u00ba 62 DE 24.08.2020 &#8211; DOE 34.322 DE 25.08.2020 &#8211; RETIFICA\u00c7\u00c3O DO ITEM 2 DO EDITAL N\u00ba 60<\/a><\/strong><\/p><p><strong><a href=\"http:\/\/concursos.fadesp.org.br\/cpcrc2019\/arquivos\/EDITAL%20N%C2%BA%2061%20DE%2021.08.2020%20-DOE%2034.321%20DE%2024.08.2020-%20RETIFICA%C3%87%C3%83O%20CRONOGRAMA.pdf\">EDITAL N\u00ba 61 DE 21.08.2020 -DOE 34.321 DE 24.08.2020- RETIFICA\u00c7\u00c3O CRONOGRAMA<\/a><\/strong><\/p><p><strong><a href=\"http:\/\/concursos.fadesp.org.br\/cpcrc2019\/arquivos\/EDITAL%20N%C2%BA%2060%20DE%2021.08.2020%20-%20DOE%2034.321%20DE%2024.08.2020-%20RESULTADO%20PRELIMINAR%20DA%20MATR%C3%8DCULA%20NO%20CURSO%20DE%20FORMA%C3%87%C3%83O.pdf\">EDITAL N\u00ba 60 DE 21.08.2020 &#8211; DOE 34.321 DE 24.08.2020- RESULTADO PRELIMINAR DA MATR\u00cdCULA NO CURSO DE FORMA\u00c7\u00c3O<\/a><\/strong><\/p><p><strong><a href=\"http:\/\/concursos.fadesp.org.br\/cpcrc2019\/arquivos\/EDITAL%20N%C2%BA%2059%20DE%2020.08.2020%20-DOE%2034.320%20DE%2021.08.2020-%202%C2%AA%20RETIFICA%C3%87%C3%83O%201%C2%AA%20ETAPA.pdf\">EDITAL N\u00ba 59 DE 20.08.2020 -DOE 34.320 DE 21.08.2020- 2\u00aa RETIFICA\u00c7\u00c3O 1\u00aa ETAPA<\/a><\/strong><\/p><p><strong><a href=\"http:\/\/concursos.fadesp.org.br\/cpcrc2019\/arquivos\/EDITAL%20N%C2%BA%2058%20DE%2019.08.2020%20-DOE%2034.318%20DE%2020.08.2020%20-CONVOCA%C3%87%C3%83O%20EXAMES%20M%C3%89DICOS%20-%20VIVIAN%20DE%20SOUZA%20CASTRO.pdf\">EDITAL N\u00ba 58 DE 19.08.2020 -DOE 34.318 DE 20.08.2020 -CONVOCA\u00c7\u00c3O EXAMES M\u00c9DICOS &#8211; VIVIAN DE SOUZA CASTRO<\/a><\/strong><\/p><p><strong><a href=\"http:\/\/concursos.fadesp.org.br\/cpcrc2019\/arquivos\/EDITAL%20N%C2%BA%2057%20DE%2013.08.2020%20-DOE%2034.317%20DE%2019.08.2020%20-CONVOCA%C3%87%C3%83O%20MATRICULA%20NO%20CURSO%20DE%20FORMA%C3%87%C3%83O.pdf\" target=\"_blank\" rel=\"noopener\">EDITAL N\u00ba 57 DE 13.08.2020 -DOE 34.312 DE 14.08.2020 -CONVOCA\u00c7\u00c3O MATR\u00cdCULA NO CURSO DE FORMA\u00c7\u00c3O<\/a><\/strong><\/p><p><strong><a href=\"http:\/\/concursos.fadesp.org.br\/cpcrc2019\/arquivos\/EDITAL%20N%C2%BA%2056%20DE%2011.08.2020%20-DOE%2034.310%20DE%2013.08.2020-%20%20RETIFICA%C3%87%C3%83O%201%C2%AA%20ETAPA.pdf\">EDITAL N\u00ba 56 DE 11.08.2020 -DOE 34.308 DE 12.08.2020- RETIFICA\u00c7\u00c3O 1\u00aa ETAPA<\/a><\/strong><\/p><p><strong><a href=\"..\/wp-content\/uploads\/2020\/04\/EDITAL-N\u00ba-55-DE-14.04.2020-RESULTADO-FINAL-DA-6\u00aa-FASE-PROVA-DE-T\u00cdTULOS-JO\u00c3O-WECLEFF-SARGES.pdf\">EDITAL N\u00ba 55 DE 14.04.2020 &#8211; RESULTADO FINAL DA 6\u00aa FASE &#8211; PROVA DE T\u00cdTULOS\u00a0<\/a><\/strong><\/p><p><strong><a href=\"..\/wp-content\/uploads\/2020\/04\/EDITAL-N\u00ba-54-DE-14.04.2020-RESULTADO-FINAL-DA-5\u00aa-FASE-INVESTIGA\u00c7\u00c3O-CRIMINAL-E-SOCIAL-JO\u00c3O-WECLEFF-SARGES.pdf\">EDITAL N\u00ba 54 DE 14.04.2020 &#8211; RESULTADO FINAL DA 5\u00aa FASE &#8211; INVESTIGA\u00c7\u00c3O CRIMINAL E SOCIAL<\/a><\/strong><\/p><p><strong><a href=\"http:\/\/concursos.fadesp.org.br\/cpcrc2019\/arquivos\/FIC_Sub%20Judice.pdf\">FICHA DE INVESTIGA\u00c7\u00c3O CRIMINAL E SOCIAL<\/a><\/strong><\/p><p><strong><a href=\"http:\/\/concursos.fadesp.org.br\/cpcrc2019\/arquivos\/Formul%C3%A1rio%20-%20Prova%20de%20T%C3%ADtulos_Sub%20Judice.pdf\">CONCURSO P\u00daBLICO C-176 &#8211; PROVA DE T\u00cdTULOS(SUB JUDICE) <\/a><\/strong><\/p><p><strong><a href=\"http:\/\/concursos.fadesp.org.br\/cpcrc2019\/arquivos\/RENATO%20CHAVES%204.pdf\">Editais de Convoca\u00e7\u00e3o n\u00ba 52 &#8211; Investiga\u00e7\u00e3o Criminal e 53 &#8211; de 12\/03\/2020 &#8211; Prova de T\u00edtulos &#8211; Candidato sub judice, Jo\u00e3o Wecleff Sarges.\u00a0<\/a><\/strong><\/p><p><strong><a href=\"http:\/\/concursos.fadesp.org.br\/cpcrc2019\/arquivos\/EDITAL%20N%C2%BA%2051%20DE%2006.03.2020%20-%20DOE%20N%C2%BA%2034.137%20DE%2009.03.2020%20-%20RESULTADO%20FINAL%20DA%204%C2%AA%20FASE%20-%20AVALIA%C3%87%C3%83O%20PSICOLOGICA%20-%20JO%C3%83O%20WECLEFF%20SARGES.pdf\">EDITAL N\u00ba 51 DE 06.03.2020 &#8211; DOE N\u00ba 34.137 DE 09.03.2020 &#8211; RESULTADO FINAL DA 4\u00aa FASE &#8211; AVALIA\u00c7\u00c3O PSICOLOGICA &#8211; JO\u00c3O WECLEFF SARGES<\/a><\/strong><\/p><p><strong><a href=\"http:\/\/concursos.fadesp.org.br\/cpcrc2019\/arquivos\/RENATO%20CHAVES%203.pdf\">Edital\u00a0 N\u00b0 50\/SEAD-CPCRC\/PA, DE 02 DE MAR\u00c7O DE 2020.CONVOCA\u00c7\u00c3O SEM EFEITO PARA REALIZAR A 4a FASE DO CONCURSO (AVALIA\u00c7\u00c3O PSICOL\u00d3GICA)<\/a><\/strong><\/p><p><strong><a href=\"http:\/\/concursos.fadesp.org.br\/cpcrc2019\/arquivos\/RENATO%20CHAVES%202.pdf\">Edital N\u00ba 49 &#8211; Convoca\u00e7\u00e3o 4\u00aa Fase &#8211; Avalia\u00e7\u00e3o Psicol\u00f3gica<\/a><\/strong><\/p><p><strong><a href=\"http:\/\/concursos.fadesp.org.br\/cpcrc2019\/arquivos\/EDITAL%20N%C2%BA%2048_RESULTADO%20TAF_03.02.2020.pdf\">EDITAL N\u00ba 48_RESULTADO TAF_03.02.2020<\/a><\/strong><\/p><p><strong><span style=\"color: #ff0000;\">A FUNDA\u00c7\u00c3O DE AMPARO E DESENVOLVIMENTO DA PESQUISA \u2013 FADESP COMUNICA QUE AGUARDA O POSICIONAMENTO DO CENTRO DE PER\u00cdCIAS CIENT\u00cdFICAS &#8220;RENATO CHAVES&#8221; PARA PUBLICA\u00c7\u00c3O DO EDITAL DE CONVOCA\u00c7\u00c3O PARA O CURSO DE FORMA\u00c7\u00c3O.<\/span><\/strong><br \/><strong><span style=\"color: #ff0000;\">EM, 09 DE JANEIRO DE 2020.<\/span><\/strong><br \/><strong><span style=\"color: #ff0000;\">COORDENA\u00c7\u00c3O CURSOS E CONCURSOS &#8211; FADESP.<\/span><\/strong><\/p><p><strong><a href=\"http:\/\/concursos.fadesp.org.br\/cpcrc2019\/arquivos\/EDITAL%20N%C2%BA%2047%20DE%2021.01.2020%20-%20DOE%20N%C2%BA%2034.095%20de%2022.01.2020%20-%20CONVOCACA%C3%87%C3%83O%20%20TAF%20JO%C3%83O%20WECLEF%20E%20THALITA%20MOUTINHO.pdf\">EDITAL N\u00b0 47\/SEAD-CPCRC\/PA, DE 21 DE JANEIRO DE 2020. CONVOCA\u00c7\u00c3O PARA REALIZAR A 3\u00aa FASE DO CONCURSO (PROVA DE CAPACITA\u00c7\u00c3O F\u00cdSICA).<\/a><\/strong><\/p><p><strong><a href=\"http:\/\/concursos.fadesp.org.br\/cpcrc2019\/arquivos\/JOAO%20WECLEFF%20SARGES.pdf\">EDITAL N\u00ba 46\/SEPLAD-CPCRC\/PA 08 de Janeiro de 2020<\/a><\/strong><\/p><p><strong><a href=\"..\/wp-content\/uploads\/2019\/12\/EDITAL-N\u00ba-45-DE-06.12.2019-DOE-34.053-DE-09.12.2019-Convoca\u00e7\u00e3o-Sub-Judice-a-2a-Fase-Exames-M\u00e9dicos-JO\u00c3O-WECLEF.pdf\" target=\"_blank\" rel=\"noopener\">EDITAL N\u00ba 45 DE 06.12.2019 &#8211; DOE 34.053 DE 09.12.2019 &#8211; Convoca\u00e7\u00e3o Sub Judice \u00e0 2\u00aa Fase &#8211; Exames M\u00e9dicos &#8211; JO\u00c3O WECLEF<\/a><\/strong><\/p><p><strong><a href=\"http:\/\/concursos.fadesp.org.br\/cpcrc2019\/arquivos\/EDITAL%20N%C2%BA%2044%20DE%2002.12.2019%20-%20RESULTADO%20FINAL%20DA%201%C2%AA%20ETAPA%20DO%20CONCURSO.pdf\">EDITAL N\u00b0 44\/SEAD-CPCRC\/PA &#8211; RESULTADO DEFINITIVO DA 1\u00aa ETAPA DO CONCURSO.<\/a><\/strong><\/p><p><strong><a href=\"http:\/\/concursos.fadesp.org.br\/cpcrc2019\/arquivos\/EDITAL%20N%C2%BA%2043%20DE%2021.11.2019%20-%20DOE%20N%C2%BA%2034.041%20DE%2022.11.2019%20-%20RESULTADO%20PRELIMINAR%20DA%201%C2%AA%20ETAPA%20DO%20CONCURSO.pdf\">EDITAL N\u00b0 43\/SEAD-CPCRC\/PA &#8211; RESULTADO PRELIMINAR DA 1\u00aa ETAPA DO CONCURSO.<\/a><\/strong><\/p><p><strong><a href=\"http:\/\/concursos.fadesp.org.br\/cpcrc2019\/arquivos\/EDITAL%20N%C2%BA%2042%20DE%2020.11.2019%20-%20DOE%20N%C2%BA%2034.040%20DE%2021.11.2019%20-%203%C2%AA%20retifica%C3%A7%C3%A3o%20do%20cronograma.pdf\">EDITAL N\u00ba 42 DE 20.11.2019 &#8211; DOE N\u00ba 34.040 DE 21.11.2019 &#8211; 3\u00aa Retifica\u00e7\u00e3o do Cronograma<\/a><\/strong><\/p><p><strong><a href=\"..\/wp-content\/uploads\/2019\/11\/EDITAL-N\u00ba-41-DE-19.11.2019-DOE-34.039-DE-20.11.2019-Resultado-Final-da-6a-Fase-Prova-de-T\u00edtulos.pdf\" target=\"_blank\" rel=\"noopener\">EDITAL N\u00ba 41 DE 19.11.2019 &#8211; DOE 34.039 DE 20.11.2019 &#8211; Resultado Final da 6\u00aa Fase &#8211; Prova de T\u00edtulos<\/a><\/strong><\/p><p><strong><a href=\"..\/wp-content\/uploads\/2019\/11\/EDITAL-N\u00ba-40-DE-19.11.2019-DOE-34.039-DE-20.11.2019-RESULTADO-FINAL-DA-5\u00aa-FASE-DO-CONCURSO.pdf\" target=\"_blank\" rel=\"noopener\">Edital N\u00ba 40 de 19.11.2019 &#8211; DOE 34.039 DE 20.11.2019 &#8211; Resultado Final da 5\u00aa Fase do Concurso<\/a><\/strong><\/p><p><strong><a href=\"http:\/\/concursos.fadesp.org.br\/cpcrc2019\/arquivos\/Edital%2039%20Resultado%20Preliminar%20da%206a%20Fase%20-%20Prova%20de%20T%C3%ADtulos.pdf\"><span style=\"color: #000000;\">Edital 39 Resultado Preliminar da 6a Fase &#8211; Prova de T\u00edtulos.<\/span><\/a><\/strong><\/p><p><strong><a href=\"http:\/\/concursos.fadesp.org.br\/cpcrc2019\/arquivos\/EDITAL%2038%20RESULTADO%20PRELIMINAR%20DA%205%C2%AA%20FASE%20DO%20CONCURSO%20PARA%20JORNAL.pdf\">E<span style=\"color: #000000;\">DITAL 38 RESULTADO PRELIMINAR DA 5\u00aa FASE DO CONCURSO PARA JORNAL<\/span><\/a><\/strong><\/p><p><strong><a href=\"..\/wp-content\/uploads\/2019\/10\/Formul\u00e1rio-Prova-de-T\u00edtulos.pdf\" target=\"_blank\" rel=\"noopener\">Formul\u00e1rio &#8211; Prova de T\u00edtulos<\/a><\/strong><\/p><p><strong><a href=\"http:\/\/concursos.fadesp.org.br\/cpcrc2019\/arquivos\/Edital%20n%2037_2019_%20SEAD-CPCRC-PA.pdf\" target=\"_blank\" rel=\"noopener\">Edital n\u00b0 37_2019_ SEAD-CPCRC-PA &#8211; DOE N\u00ba 34.003 DE 07.10.2019 &#8211; Convoca\u00e7\u00e3o \u00e0 6a Fase &#8211; Prova de T\u00edtulos<\/a><\/strong><\/p><p><strong><a href=\"..\/wp-content\/uploads\/2019\/10\/Ficha-de-Investiga\u00e7\u00e3o-Criminal-FIC.pdf\" target=\"_blank\" rel=\"noopener\">Ficha de Investiga\u00e7\u00e3o Criminal -FIC<\/a><\/strong><\/p><p><strong><a href=\"..\/wp-content\/uploads\/2019\/10\/Edital-n\u00ba-36_2019_-SEAD-CPCRC-PA-DOE-N\u00ba-34.003-DE-07.10.2019-Convoca\u00e7\u00e3o-a-5a-Fase-Investiga\u00e7\u00e3o-Criminal-e-Social.pdf\" target=\"_blank\" rel=\"noopener\">Edital n\u00b0 36_2019_ SEAD-CPCRC-PA &#8211; DOE N\u00ba 34.003 DE 07.10.2019 &#8211; Convoca\u00e7\u00e3o \u00e0 5a Fase &#8211; Investiga\u00e7\u00e3o Criminal e Social<\/a><\/strong><\/p><p><strong><a href=\"..\/wp-content\/uploads\/2019\/10\/Edital-n-35_2019_-SEAD-CPCRC-PA-Resultado-Definitivo-da-4a-Fase.pdf\" target=\"_blank\" rel=\"noopener\">Edital n\u00ba 35_2019_ SEAD-CPCRC-PA &#8211; Resultado Definitivo da 4a Fase<\/a><\/strong><\/p><p><strong><a href=\"..\/wp-content\/uploads\/2019\/09\/Edital-n-34_2019_-SEAD-CPCRC-PA-Segunda-Retifica\u00e7\u00e3o-do-Calend\u00e1rio-de-Execu\u00e7\u00e3o-do-Concurso-2.pdf\" target=\"_blank\" rel=\"noopener\">Edital n\u00b0 34_2019_ SEAD-CPCRC-PA &#8211; Segunda Retifica\u00e7\u00e3o do Calend\u00e1rio de Execu\u00e7\u00e3o do Concurso<\/a><\/strong><\/p><p><strong><a href=\"..\/wp-content\/uploads\/2019\/09\/Edital-n\u00ba-33_2019_-SEAD-CPCRC-PA-Resultado-Preliminar-da-4a-Fase.pdf\" target=\"_blank\" rel=\"noopener\">Edital n\u00b0 33_2019_ SEAD-CPCRC-PA &#8211; Resultado Preliminar da 4a Fase<\/a><\/strong><\/p><p><strong><a href=\"http:\/\/concursos.fadesp.org.br\/cpcrc2019\/arquivos\/Edital%20n%C2%B0%2032_2019_%20SEAD-CPCRC-PA%20-%20Convoca%C3%A7%C3%A3o%20a%204a%20Fase%20-%20Avalia%C3%A7%C3%A3o%20Psicol%C3%B3gica.pdf\"><span style=\"color: #000000;\">Edital n\u00b0 32_2019_ SEAD-CPCRC-PA &#8211; Convoca\u00e7\u00e3o a 4a Fase &#8211; Avalia\u00e7\u00e3o Psicol\u00f3gica<\/span><\/a><\/strong><\/p><p><strong><a href=\"http:\/\/concursos.fadesp.org.br\/cpcrc2019\/arquivos\/Edital%20n%C2%B0%2031_2019_%20SEAD-CPCRC-PA%20-%203a%20Retifica%C3%A7%C3%A3o%20do%20Edital%20de%20Abertura.pdf\"><span style=\"color: #000000;\">Edital n\u00b0 31_2019_ SEAD-CPCRC-PA &#8211; 3a Retifica\u00e7\u00e3o do Edital de Abertura<\/span><\/a><\/strong><\/p><p><strong><a href=\"http:\/\/concursos.fadesp.org.br\/cpcrc2019\/arquivos\/Edital n\u00b0 30_2019_ SEAD-CPCRC-PA - Resultado Definitivo da 3a Fase.pdf\">Edital n\u00b0 30_2019_ SEAD-CPCRC-PA &#8211; Resultado Definitivo da 3a Fase<\/a><\/strong><\/p><p><strong><a href=\"..\/wp-content\/uploads\/2019\/08\/Edital-n\u00ba-29_2019_-SEAD-CPCRC-PA-Resultado-Preliminar-da-3a-Fase.pdf\" target=\"_blank\" rel=\"noopener\">Edital n\u00b0 29_2019_ SEAD-CPCRC-PA &#8211; Resultado Preliminar da 3a Fase<\/a><\/strong><\/p><p><strong><a href=\"..\/wp-content\/uploads\/2019\/08\/Edital-n\u00ba-28_2019_SEAD-CPCR-PA-Adiamento-da-3a-Fase-para-candidata-gr\u00e1vida.pdf\" target=\"_blank\" rel=\"noopener\">Edital n\u00b0 28_2019_SEAD-CPCR-PA &#8211; Adiamento da 3a Fase para candidata gr\u00e1vida<\/a><\/strong><\/p><p><strong><a href=\"..\/wp-content\/uploads\/2019\/08\/Edital-n\u00ba-27_2019_SEAD-CPCRC-PA-Retifica\u00e7\u00e3o-de-Candidato-Sabatista-na-Aplica\u00e7\u00e3o-da-3a-Fase-Prova-de-Capacidade-F\u00edsica.pdf\" target=\"_blank\" rel=\"noopener\">Edital n\u00b0 27_2019_SEAD-CPCRC-PA &#8211; Retifica\u00e7\u00e3o de Candidato Sabatista na Aplica\u00e7\u00e3o da 3a Fase &#8211; Prova de Capacidade F\u00edsica<\/a><\/strong><\/p><p><strong><a href=\"..\/wp-content\/uploads\/2019\/07\/Edital-n\u00ba-26_2019_SEAD-CPCRC-PA-Divulga\u00e7\u00e3o-dos-Locais-de-Aplica\u00e7\u00e3o-da-3a-Fase-Prova-de-Capacidade-F\u00edsica.pdf\" target=\"_blank\" rel=\"noopener\">Edital n\u00b0 26_2019_SEAD-CPCRC-PA &#8211; Divulga\u00e7\u00e3o dos Locais de Aplica\u00e7\u00e3o da 3a Fase &#8211; Prova de Capacidade F\u00edsica<\/a><\/strong><\/p><p><strong><a href=\"http:\/\/concursos.fadesp.org.br\/cpcrc2019\/arquivos\/Edital%20n%C2%B0%2025_2019_%20SEAD-CPCRC-PA%20-%20Convoca%C3%A7%C3%A3o%20a%203a%20Etapa.pdf\">Edital n\u00b0 25_2019_ SEAD-CPCRC-PA &#8211; Convoca\u00e7\u00e3o a 3a Etapa<\/a><\/strong><\/p><p><strong><a href=\"http:\/\/concursos.fadesp.org.br\/cpcrc2019\/arquivos\/Edital%20n%C2%B0%2024_2019_%20SEAD-CPCRC-PA%20-%20Resultado%20Definitivo%20da%202a%20Etapa.pdf\">Edital n\u00b0 24_2019_ SEAD-CPCRC-PA &#8211; Resultado Definitivo da 2a Etapa<\/a><\/strong><\/p><p><strong><a href=\"..\/wp-content\/uploads\/2019\/07\/Edital-n\u00ba-23_2019_-SEAD-CPCRC-PA-Resultado-Preliminar-da-2a-Etapa.pdf\" target=\"_blank\" rel=\"noopener\">Edital n\u00b0 23_2019 &#8211; Resultado Preliminar da 2\u00aa Etapa (Avalia\u00e7\u00e3o M\u00e9dica)\u00a0<\/a><\/strong><\/p><p><strong><a href=\"..\/wp-content\/uploads\/2019\/07\/Edital-n\u00ba-22_2019-Divulga\u00e7\u00e3o-dos-Locais-de-Aplica\u00e7\u00e3o-da-2a-Fase-Exames-M\u00e9dicos.pdf\" target=\"_blank\" rel=\"noopener\">Edital\u00a0n\u00b0 22_2019 &#8211; Divulga\u00e7\u00e3o dos Locais de Aplica\u00e7\u00e3o da 2a Fase &#8211; Exames M\u00e9dicos\u00a0<\/a><\/strong><\/p><p><strong><a href=\"..\/wp-content\/uploads\/2019\/07\/Edital-n\u00ba-21_2019-Retifica\u00e7\u00e3o-do-Calend\u00e1rio-de-Execu\u00e7\u00e3oo-do-Concurso.pdf\" target=\"_blank\" rel=\"noopener\">Edital\u00a0n\u00b0 21_2019 &#8211; Retifica\u00e7\u00e3o do Calend\u00e1rio de Execu\u00e7\u00e3o do Concurso<\/a><\/strong><\/p><p><strong><a href=\"..\/wp-content\/uploads\/2019\/07\/Edital-n\u00b0-20_2019-Convoca\u00e7\u00e3o-a-2a-Fase-Exames-M\u00e9dicos.pdf\" target=\"_blank\" rel=\"noopener\">Edital n\u00b0 20_2019 &#8211; Convoca\u00e7\u00e3o a 2a Fase &#8211; Exames M\u00e9dicos<\/a><\/strong><\/p><p><strong><a href=\"..\/wp-content\/uploads\/2019\/07\/Edital-n\u00ba-19_2019-Resultado-Definitivo-da-1a-Fase-Avalia\u00e7\u00e3o-de-Conhecimentos.pdf\" target=\"_blank\" rel=\"noopener\">Edital n\u00b0 19_2019 &#8211; Resultado Definitivo da 1a Fase &#8211; Avalia\u00e7\u00e3o de Conhecimentos<\/a><\/strong><\/p><p><strong><a href=\"..\/wp-content\/uploads\/2019\/07\/Edital-n\u00ba-18_2019-Resultado-Preliminar-da-Prova-de-Conhecimentos.pdf\" target=\"_blank\" rel=\"noopener\">Edital\u00a0n\u00b0 18_2019 &#8211; Resultado Preliminar da Prova de Conhecimentos<\/a>\u00a0<\/strong><\/p><p><strong><a href=\"..\/wp-content\/uploads\/2019\/07\/Edital-n\u00ba-17_2019-Resultado-Definitivo-da-Prova-Discursiva.pdf\" target=\"_blank\" rel=\"noopener\">Edital n\u00b0 17_2019 &#8211; Resultado Definitivo da Prova Discursiva<\/a><\/strong><\/p><p><strong><a href=\"..\/midias\/anexos\/577_edital_n_16_2019_sead-cpcrc_-_retificacao_no_resultado_preliminar_da_prova_discursiva.pdf\" target=\"_blank\" rel=\"noopener\">Edital n\u00b0 16_2019 &#8211; Retifica\u00e7\u00e3o no Resultado Preliminar da Prova Discursiva<\/a><\/strong><\/p><\/td><\/tr><tr><td width=\"241\"><strong><a href=\"..\/midias\/anexos\/577_edital_n_15_2019_sead-cpcrc_-_resultado_preliminar_da_prova_discursiva.pdf\">Edital n\u00b0 15_2019 &#8211; Resultado Preliminar da Prova Discursiva<\/a><\/strong><\/td><\/tr><tr><td width=\"241\"><strong><a href=\"..\/midias\/anexos\/577_espelho_de_correcao_das_provas_discursivas_do_nivel_medio.pdf\">Espelho de Corre\u00e7\u00e3o das Provas Discursivas do N\u00edvel M\u00e9dio<\/a><\/strong><\/td><\/tr><tr><td width=\"241\"><strong><a href=\"..\/midias\/anexos\/577_espelho_de_correcao_das_provas_discursivas_do_nivel_superior.pdf\">\u00a0Espelho de Corre\u00e7\u00e3o das Provas Discursivas do N\u00edvel Superior<\/a><\/strong><\/td><\/tr><tr><td width=\"241\"><strong><a href=\"..\/midias\/anexos\/577_edital_n_14_2019_sead-cpcrc-pa_-_candidatos_aptos_a_correcao_da_redacao.pdf\">\u00a0Edital n\u00b0 14_2019 &#8211; Candidatos Aptos a Corre\u00e7\u00e3o da Reda\u00e7\u00e3o<\/a><\/strong><\/td><\/tr><tr><td width=\"241\"><strong><a href=\"..\/midias\/anexos\/577_edital_n_13_2019_sead-cpcrc-pa_-_resultado_definitivo_da_prova_objetiva.pdf\">\u00a0Edital n\u00b0 13_2019 &#8211; Resultado Definitivo da Prova Objetiva<\/a><\/strong><\/td><\/tr><tr><td width=\"241\"><strong><a href=\"..\/midias\/anexos\/577_edital_n_12_2019_sead-cpcrc-pa_-_resultado_preliminar_da_prova_objetiva.pdf\">\u00a0Edital n\u00b0 12_2019 &#8211; Resultado Preliminar da Prova Objetiva<\/a><\/strong><\/td><\/tr><tr><td width=\"241\"><strong><a href=\"..\/midias\/anexos\/577_edital_n_11_2019__sead-cpcrc-pa_-_gabaritos_definitivos.pdf\">Edital n\u00b0 11_2019_ SEAD-CPCRC-PA &#8211; Gabaritos Definitivos<\/a><\/strong><\/td><\/tr><tr><td width=\"241\"><strong><a href=\"http:\/\/concursos.fadesp.org.br\/cpcrc2019\/arquivos\/GabaritoS\/GABARITO%20OFICIAL%20DEFINITIVO%20NIVEL%20SUPERIOR.pdf\">GABARITO OFICIAL DEFINITIVO &#8211; N\u00cdVEL SUPERIOR\u00a0\u00a0<\/a><\/strong><\/td><\/tr><tr><td width=\"241\"><strong><a href=\"http:\/\/concursos.fadesp.org.br\/cpcrc2019\/arquivos\/GabaritoM\/GABARITO%20OFICIAL%20DEFINITIVO%20ENSINO%20MEDIO.pdf\">GABARITO OFICIAL DEFINITIVO &#8211; N\u00cdVEL M\u00c9DIO\u00a0<\/a><\/strong><\/td><\/tr><tr><td width=\"241\"><strong><a href=\"..\/midias\/anexos\/577_edital_n_10_2019__sead-cpcrc-pa_-_gabaritos_preliminares.pdf\">Edital n\u00b0 10_2019_ SEAD-CPCRC-PA &#8211; Gabaritos Preliminares\u00a0<\/a><\/strong><\/td><\/tr><tr><td width=\"241\"><strong><a href=\"http:\/\/concursos.fadesp.org.br\/cpcrc2019\/arquivos\/ProvasS\/ProvasS.html\">Provas &#8211; N\u00edvel Superior\u00a0<\/a><\/strong><\/td><\/tr><tr><td width=\"241\"><strong><a href=\"http:\/\/concursos.fadesp.org.br\/cpcrc2019\/arquivos\/ProvasM\/ProvasM.html\">Provas &#8211; N\u00edvel M\u00e9dio<\/a><\/strong><\/td><\/tr><tr><td width=\"241\"><strong><a href=\"http:\/\/concursos.fadesp.org.br\/cpcrc2019\/arquivos\/GabaritoS\/GabaritosS.html\">Gabarito Oficial Preliminar &#8211; N\u00edvel Superior<\/a><\/strong><\/td><\/tr><tr><td width=\"241\"><strong><a href=\"http:\/\/concursos.fadesp.org.br\/cpcrc2019\/arquivos\/GabaritoM\/GabaritosM.html\">Gabarito Oficial Preliminar &#8211; N\u00edvel M\u00e9dio<\/a><\/strong><\/td><\/tr><tr><td width=\"241\"><strong><a href=\"http:\/\/concursos.fadesp.org.br\/cpcrc2019\/arquivos\/Demanda.pdf\">Demanda\u00a0<\/a><\/strong><\/td><\/tr><tr><td width=\"241\"><strong><a href=\"http:\/\/concursos.fadesp.org.br\/cpcrc2019\/arquivos\/Edital%20n%C2%B0%2009_2019_%20SEAD-CPCRC-PA%20-%20Resultado%20Definitivo%20de%20Candidatos%20que%20solicitaram%20atendimento%20especial%20no%20dia%20das%20provas.pdf\">Edital n\u00b0 09_2019_ SEAD-CPCRC-PA &#8211; Resultado Definitivo de Candidatos que solicitaram atendimento especial no dia das provas<\/a><\/strong><\/td><\/tr><tr><td width=\"241\"><strong><a href=\"http:\/\/concursos.fadesp.org.br\/cpcrc2019\/arquivos\/Edital%20n%C2%B0%2008_2019_%20SEAD-CPCRC-PA%20-%20Resultado%20Definitivo%20de%20PcD%20Inscritos.pdf\">\u00a0Edital n\u00b0 08_2019_ SEAD-CPCRC-PA &#8211; Resultado Definitivo de PcD Inscritos<\/a><\/strong><\/td><\/tr><tr><td width=\"241\"><strong><a href=\"http:\/\/concursos.fadesp.org.br\/cpcrc2019\/arquivos\/Candidatos%20com%20Inscri%C3%A7%C3%A3o%20Homologada.pdf\">Candidatos com Inscri\u00e7\u00e3o Homologada<\/a><\/strong><\/td><\/tr><tr><td width=\"241\"><strong><a href=\"http:\/\/concursos.fadesp.org.br\/cpcrc2019\/arquivos\/Edital%20n%C2%B0%2007_2019_%20SEAD-CPCRC-PA%20-%20Homologa%C3%A7%C3%A3o%20das%20Inscri%C3%A7%C3%B5es.pdf\">Edital n\u00b0 07_2019_ SEAD-CPCRC-PA &#8211; Homologa\u00e7\u00e3o das Inscri\u00e7\u00f5es<\/a><\/strong><\/td><\/tr><tr><td width=\"241\"><strong><a href=\"http:\/\/concursos.fadesp.org.br\/cpcrc2019\/arquivos\/Edital%20n%C2%B0%2006_2019_%20SEAD-CPCRC-PA%20-%20Resultado%20Preliminar%20de%20PcD%20Inscritos.pdf\">Edital n\u00b0 06_2019_ SEAD-CPCRC-PA &#8211; Resultado Preliminar de PcD Inscritos\u00a0<\/a><\/strong><\/td><\/tr><tr><td width=\"241\"><strong><a href=\"http:\/\/concursos.fadesp.org.br\/cpcrc2019\/arquivos\/Edital%20n%C2%B0%2005_2019_%20SEAD-CPCRC-PA%20-%20Resultado%20Preliminar%20de%20Candidatos%20que%20solicitaram%20atendimento%20especial%20no%20dia%20das%20provas.pdf\">Edital n\u00b0 05_2019_ SEAD-CPCRC-PA &#8211; Resultado Preliminar de Candidatos que solicitaram atendimento especial no dia das provas<\/a><\/strong><\/td><\/tr><tr><td width=\"241\"><strong><a href=\"..\/midias\/anexos\/577_edital_n_04_2019__sead-cpcrc_pa_-_1a_retificacao_do_edital_de_abertura.pdf\">\u00a0Edital n\u00b0 04_2019 &#8211; 1a Retifica\u00e7\u00e3o do Edital de Abertura<\/a><\/strong><\/td><\/tr><tr><td width=\"241\"><strong><a href=\"..\/midias\/anexos\/577_edital_n_03_2019__sead-cpcrc_-_resultado_definitivo_de_candidatos_contemplados_com_isencao_de_taxa_de_inscricao.pdf\">Edital n\u00b0 03_2019 &#8211; Resultado Definitivo de Candidatos Contemplados com Isen\u00e7\u00e3o de Taxa de Inscri\u00e7\u00e3o\u00a0<\/a><\/strong><\/td><\/tr><tr><td width=\"241\"><strong><a href=\"..\/midias\/anexos\/577_resultado_definitivo_dos_candidatos_nao_contemplados_com_isencao_de_taxa_de_inscricao_-_apos_fase_de_recursos.pdf\">\u00a0Resultado Definitivo dos Candidatos N\u00c3O Contemplados com Isen\u00e7\u00e3o de Taxa de Inscri\u00e7\u00e3o &#8211; Ap\u00f3s Fase de Recursos<\/a><\/strong><\/td><\/tr><tr><td width=\"241\"><strong><a href=\"..\/midias\/anexos\/577_edital_n_02_2019__sead-cpcrc_-_candidatos_contemplados_com_isencao_de_taxa_de_inscricao.pdf\">Edital n\u00b0 02 &#8211; Candidatos Contemplados com Isen\u00e7\u00e3o de Taxa de Inscri\u00e7\u00e3o<\/a><\/strong><\/td><\/tr><tr><td width=\"241\"><strong><a href=\"..\/midias\/anexos\/577_resultado_preliminar_dos_candidatos_nao_contemplados_com_isencao_de_taxa_de_inscricao.pdf\">\u00a0Resultado Preliminar dos Candidatos N\u00c3O Contemplados com Isen\u00e7\u00e3o de Taxa de Inscri\u00e7\u00e3o<\/a><\/strong><\/td><\/tr><tr><td width=\"241\"><strong><a href=\"..\/midias\/anexos\/577_formulario_-_amamentacao_e_outros_atendimentos_especias.pdf\">Formul\u00e1rio &#8211; Amamenta\u00e7\u00e3o e Outros Atendimentos Especias\u00a0<\/a><\/strong><\/td><\/tr><tr><td width=\"241\"><strong><a href=\"..\/midias\/anexos\/577_formulario_de_portador_de_deficiencia.pdf\">Formul\u00e1rio de Pessoa com Defici\u00eancia\u00a0<\/a><\/strong><\/td><\/tr><tr><td width=\"241\"><strong><a href=\"..\/midias\/anexos\/577_edital_n_01_2018_sead-cpcrc_-_edital_de_abertura.pdf\">Edital n\u00b0 01_2018_SEAD-CPCRC &#8211; Edital de Abertura<\/a><\/strong><\/td><\/tr><\/tbody><\/table><p><strong>\u00a0Informa\u00e7\u00f5es no setor de Concursos<\/strong><\/p><p><strong>das 8h \u00e0s 17h<\/strong><br \/><strong>(91) 4005-7446 \/ 7433 concursos@fadesp.org.br\u00a0<\/strong><\/p>\t\t\t\t\t\t\t\t<\/div>\n\t\t\t\t<\/div>\n\t\t\t\t\t<\/div>\n\t\t<\/div>\n\t\t\t\t\t<\/div>\n\t\t<\/section>\n\t\t\t\t\t<\/div>\n\t\t<\/div>\n\t\t\t\t\t<\/div>\n\t\t<\/section>\n\t\t\t\t<\/div>\n\t\t","protected":false},"excerpt":{"rendered":"<p>Centro de Per\u00edcias Cient\u00edficas Renato Chaves &#8211; 2018 A Secretaria de Estado de Administra\u00e7\u00e3o e o Centro de Per\u00edcias Cient\u00edficas Renato Chaves, no uso de suas atribui\u00e7\u00f5es, tornam p\u00fablica a realiza\u00e7\u00e3o de concurso para o preenchimento de vagas em cargos de n\u00edveis M\u00e9dio e Superior, conforme as condi\u00e7\u00f5es estabelecidas no edital.\u00a0 Vagas &#8211;\u00a095 Cargos &#8211;\u00a0Perito [&hellip;]<\/p>\n","protected":false},"author":9,"featured_media":0,"parent":329,"menu_order":51,"comment_status":"closed","ping_status":"closed","template":"","meta":{"_monsterinsights_skip_tracking":false,"_monsterinsights_sitenote_active":false,"_monsterinsights_sitenote_note":"","_monsterinsights_sitenote_category":0,"footnotes":""},"class_list":["post-1326","page","type-page","status-publish","hentry","entry"],"yoast_head":"<!-- This site is optimized with the Yoast SEO plugin v25.1 - https:\/\/yoast.com\/wordpress\/plugins\/seo\/ -->\n<title>Centro de Per\u00edcias Cient\u00edficas Renato Chaves \u2013 2018 - FADESP<\/title>\n<meta name=\"robots\" content=\"index, follow, max-snippet:-1, max-image-preview:large, max-video-preview:-1\" \/>\n<link rel=\"canonical\" href=\"https:\/\/portalfadesp.org.br\/?page_id=1326\" \/>\n<meta property=\"og:locale\" content=\"pt_BR\" \/>\n<meta property=\"og:type\" content=\"article\" \/>\n<meta property=\"og:title\" content=\"Centro de Per\u00edcias Cient\u00edficas Renato Chaves \u2013 2018 - FADESP\" \/>\n<meta property=\"og:description\" content=\"Centro de Per\u00edcias Cient\u00edficas Renato Chaves &#8211; 2018 A Secretaria de Estado de Administra\u00e7\u00e3o e o Centro de Per\u00edcias Cient\u00edficas Renato Chaves, no uso de suas atribui\u00e7\u00f5es, tornam p\u00fablica a realiza\u00e7\u00e3o de concurso para o preenchimento de vagas em cargos de n\u00edveis M\u00e9dio e Superior, conforme as condi\u00e7\u00f5es estabelecidas no edital.\u00a0 Vagas &#8211;\u00a095 Cargos &#8211;\u00a0Perito [&hellip;]\" \/>\n<meta property=\"og:url\" content=\"https:\/\/portalfadesp.org.br\/?page_id=1326\" \/>\n<meta property=\"og:site_name\" content=\"FADESP\" \/>\n<meta property=\"article:publisher\" content=\"https:\/\/www.facebook.com\/Fadesp-138351949524662\/\" \/>\n<meta property=\"article:modified_time\" content=\"2026-04-27T16:05:12+00:00\" \/>\n<meta name=\"twitter:card\" content=\"summary_large_image\" \/>\n<meta name=\"twitter:site\" content=\"@Fadesp\" \/>\n<meta name=\"twitter:label1\" content=\"Est. tempo de leitura\" \/>\n\t<meta name=\"twitter:data1\" content=\"11 minutos\" \/>\n<script type=\"application\/ld+json\" class=\"yoast-schema-graph\">{\"@context\":\"https:\/\/schema.org\",\"@graph\":[{\"@type\":\"WebPage\",\"@id\":\"https:\/\/portalfadesp.org.br\/?page_id=1326\",\"url\":\"https:\/\/portalfadesp.org.br\/?page_id=1326\",\"name\":\"Centro de Per\u00edcias Cient\u00edficas Renato Chaves \u2013 2018 - FADESP\",\"isPartOf\":{\"@id\":\"https:\/\/portalfadesp.org.br\/#website\"},\"datePublished\":\"2018-05-20T19:16:18+00:00\",\"dateModified\":\"2026-04-27T16:05:12+00:00\",\"breadcrumb\":{\"@id\":\"https:\/\/portalfadesp.org.br\/?page_id=1326#breadcrumb\"},\"inLanguage\":\"pt-BR\",\"potentialAction\":[{\"@type\":\"ReadAction\",\"target\":[\"https:\/\/portalfadesp.org.br\/?page_id=1326\"]}]},{\"@type\":\"BreadcrumbList\",\"@id\":\"https:\/\/portalfadesp.org.br\/?page_id=1326#breadcrumb\",\"itemListElement\":[{\"@type\":\"ListItem\",\"position\":1,\"name\":\"In\u00edcio\",\"item\":\"https:\/\/portalfadesp.org.br\/\"},{\"@type\":\"ListItem\",\"position\":2,\"name\":\"Concursos &#8211; Homologados\",\"item\":\"https:\/\/portalfadesp.org.br\/?page_id=329\"},{\"@type\":\"ListItem\",\"position\":3,\"name\":\"Centro de Per\u00edcias Cient\u00edficas Renato Chaves \u2013 2018\"}]},{\"@type\":\"WebSite\",\"@id\":\"https:\/\/portalfadesp.org.br\/#website\",\"url\":\"https:\/\/portalfadesp.org.br\/\",\"name\":\"FADESP\",\"description\":\"Funda\u00e7\u00e3o de Amparo e Desenvolvimento da Pesquisa\",\"publisher\":{\"@id\":\"https:\/\/portalfadesp.org.br\/#organization\"},\"potentialAction\":[{\"@type\":\"SearchAction\",\"target\":{\"@type\":\"EntryPoint\",\"urlTemplate\":\"https:\/\/portalfadesp.org.br\/?s={search_term_string}\"},\"query-input\":{\"@type\":\"PropertyValueSpecification\",\"valueRequired\":true,\"valueName\":\"search_term_string\"}}],\"inLanguage\":\"pt-BR\"},{\"@type\":\"Organization\",\"@id\":\"https:\/\/portalfadesp.org.br\/#organization\",\"name\":\"FADESP\",\"url\":\"https:\/\/portalfadesp.org.br\/\",\"logo\":{\"@type\":\"ImageObject\",\"inLanguage\":\"pt-BR\",\"@id\":\"https:\/\/portalfadesp.org.br\/#\/schema\/logo\/image\/\",\"url\":\"https:\/\/portalfadesp.org.br\/wp-content\/uploads\/2024\/01\/NOVOLOGOFADESPlaranjaH.png\",\"contentUrl\":\"https:\/\/portalfadesp.org.br\/wp-content\/uploads\/2024\/01\/NOVOLOGOFADESPlaranjaH.png\",\"width\":2742,\"height\":839,\"caption\":\"FADESP\"},\"image\":{\"@id\":\"https:\/\/portalfadesp.org.br\/#\/schema\/logo\/image\/\"},\"sameAs\":[\"https:\/\/www.facebook.com\/Fadesp-138351949524662\/\",\"https:\/\/x.com\/Fadesp\",\"https:\/\/www.instagram.com\/fadesp_ufpa\/\",\"https:\/\/www.youtube.com\/@fundacaodeamparoedesenvolv1903\",\"https:\/\/www.threads.net\/@fadesp_ufpa\"]}]}<\/script>\n<!-- \/ Yoast SEO plugin. -->","yoast_head_json":{"title":"Centro de Per\u00edcias Cient\u00edficas Renato Chaves \u2013 2018 - FADESP","robots":{"index":"index","follow":"follow","max-snippet":"max-snippet:-1","max-image-preview":"max-image-preview:large","max-video-preview":"max-video-preview:-1"},"canonical":"https:\/\/portalfadesp.org.br\/?page_id=1326","og_locale":"pt_BR","og_type":"article","og_title":"Centro de Per\u00edcias Cient\u00edficas Renato Chaves \u2013 2018 - FADESP","og_description":"Centro de Per\u00edcias Cient\u00edficas Renato Chaves &#8211; 2018 A Secretaria de Estado de Administra\u00e7\u00e3o e o Centro de Per\u00edcias Cient\u00edficas Renato Chaves, no uso de suas atribui\u00e7\u00f5es, tornam p\u00fablica a realiza\u00e7\u00e3o de concurso para o preenchimento de vagas em cargos de n\u00edveis M\u00e9dio e Superior, conforme as condi\u00e7\u00f5es estabelecidas no edital.\u00a0 Vagas &#8211;\u00a095 Cargos &#8211;\u00a0Perito [&hellip;]","og_url":"https:\/\/portalfadesp.org.br\/?page_id=1326","og_site_name":"FADESP","article_publisher":"https:\/\/www.facebook.com\/Fadesp-138351949524662\/","article_modified_time":"2026-04-27T16:05:12+00:00","twitter_card":"summary_large_image","twitter_site":"@Fadesp","twitter_misc":{"Est. tempo de leitura":"11 minutos"},"schema":{"@context":"https:\/\/schema.org","@graph":[{"@type":"WebPage","@id":"https:\/\/portalfadesp.org.br\/?page_id=1326","url":"https:\/\/portalfadesp.org.br\/?page_id=1326","name":"Centro de Per\u00edcias Cient\u00edficas Renato Chaves \u2013 2018 - FADESP","isPartOf":{"@id":"https:\/\/portalfadesp.org.br\/#website"},"datePublished":"2018-05-20T19:16:18+00:00","dateModified":"2026-04-27T16:05:12+00:00","breadcrumb":{"@id":"https:\/\/portalfadesp.org.br\/?page_id=1326#breadcrumb"},"inLanguage":"pt-BR","potentialAction":[{"@type":"ReadAction","target":["https:\/\/portalfadesp.org.br\/?page_id=1326"]}]},{"@type":"BreadcrumbList","@id":"https:\/\/portalfadesp.org.br\/?page_id=1326#breadcrumb","itemListElement":[{"@type":"ListItem","position":1,"name":"In\u00edcio","item":"https:\/\/portalfadesp.org.br\/"},{"@type":"ListItem","position":2,"name":"Concursos &#8211; Homologados","item":"https:\/\/portalfadesp.org.br\/?page_id=329"},{"@type":"ListItem","position":3,"name":"Centro de Per\u00edcias Cient\u00edficas Renato Chaves \u2013 2018"}]},{"@type":"WebSite","@id":"https:\/\/portalfadesp.org.br\/#website","url":"https:\/\/portalfadesp.org.br\/","name":"FADESP","description":"Funda\u00e7\u00e3o de Amparo e Desenvolvimento da Pesquisa","publisher":{"@id":"https:\/\/portalfadesp.org.br\/#organization"},"potentialAction":[{"@type":"SearchAction","target":{"@type":"EntryPoint","urlTemplate":"https:\/\/portalfadesp.org.br\/?s={search_term_string}"},"query-input":{"@type":"PropertyValueSpecification","valueRequired":true,"valueName":"search_term_string"}}],"inLanguage":"pt-BR"},{"@type":"Organization","@id":"https:\/\/portalfadesp.org.br\/#organization","name":"FADESP","url":"https:\/\/portalfadesp.org.br\/","logo":{"@type":"ImageObject","inLanguage":"pt-BR","@id":"https:\/\/portalfadesp.org.br\/#\/schema\/logo\/image\/","url":"https:\/\/portalfadesp.org.br\/wp-content\/uploads\/2024\/01\/NOVOLOGOFADESPlaranjaH.png","contentUrl":"https:\/\/portalfadesp.org.br\/wp-content\/uploads\/2024\/01\/NOVOLOGOFADESPlaranjaH.png","width":2742,"height":839,"caption":"FADESP"},"image":{"@id":"https:\/\/portalfadesp.org.br\/#\/schema\/logo\/image\/"},"sameAs":["https:\/\/www.facebook.com\/Fadesp-138351949524662\/","https:\/\/x.com\/Fadesp","https:\/\/www.instagram.com\/fadesp_ufpa\/","https:\/\/www.youtube.com\/@fundacaodeamparoedesenvolv1903","https:\/\/www.threads.net\/@fadesp_ufpa"]}]}},"_links":{"self":[{"href":"https:\/\/portalfadesp.org.br\/index.php?rest_route=\/wp\/v2\/pages\/1326","targetHints":{"allow":["GET"]}}],"collection":[{"href":"https:\/\/portalfadesp.org.br\/index.php?rest_route=\/wp\/v2\/pages"}],"about":[{"href":"https:\/\/portalfadesp.org.br\/index.php?rest_route=\/wp\/v2\/types\/page"}],"author":[{"embeddable":true,"href":"https:\/\/portalfadesp.org.br\/index.php?rest_route=\/wp\/v2\/users\/9"}],"replies":[{"embeddable":true,"href":"https:\/\/portalfadesp.org.br\/index.php?rest_route=%2Fwp%2Fv2%2Fcomments&post=1326"}],"version-history":[{"count":345,"href":"https:\/\/portalfadesp.org.br\/index.php?rest_route=\/wp\/v2\/pages\/1326\/revisions"}],"predecessor-version":[{"id":54311,"href":"https:\/\/portalfadesp.org.br\/index.php?rest_route=\/wp\/v2\/pages\/1326\/revisions\/54311"}],"up":[{"embeddable":true,"href":"https:\/\/portalfadesp.org.br\/index.php?rest_route=\/wp\/v2\/pages\/329"}],"wp:attachment":[{"href":"https:\/\/portalfadesp.org.br\/index.php?rest_route=%2Fwp%2Fv2%2Fmedia&parent=1326"}],"curies":[{"name":"wp","href":"https:\/\/api.w.org\/{rel}","templated":true}]}}