{"id":1319,"date":"2018-12-21T09:32:25","date_gmt":"2018-12-21T11:32:25","guid":{"rendered":"https:\/\/162.215.13.167?page_id=1319"},"modified":"2025-10-29T10:00:58","modified_gmt":"2025-10-29T13:00:58","slug":"prefeitura-municipal-de-maraba-2018-2","status":"publish","type":"page","link":"https:\/\/portalfadesp.org.br\/?page_id=1319","title":{"rendered":"Prefeitura Municipal de Marab\u00e1 &#8211; 2018"},"content":{"rendered":"\t\t<div data-elementor-type=\"wp-post\" data-elementor-id=\"1319\" class=\"elementor elementor-1319\" data-elementor-post-type=\"page\">\n\t\t\t\t\t\t<section class=\"elementor-section elementor-top-section elementor-element elementor-element-6d5506c3 elementor-section-boxed elementor-section-height-default elementor-section-height-default\" data-id=\"6d5506c3\" data-element_type=\"section\">\n\t\t\t\t\t\t<div class=\"elementor-container elementor-column-gap-default\">\n\t\t\t\t\t<div class=\"elementor-column elementor-col-100 elementor-top-column elementor-element elementor-element-709d4548\" data-id=\"709d4548\" data-element_type=\"column\">\n\t\t\t<div class=\"elementor-widget-wrap elementor-element-populated\">\n\t\t\t\t\t\t<div class=\"elementor-element elementor-element-41ab0ff9 elementor-widget elementor-widget-heading\" data-id=\"41ab0ff9\" data-element_type=\"widget\" data-widget_type=\"heading.default\">\n\t\t\t\t<div class=\"elementor-widget-container\">\n\t\t\t\t\t<h1 class=\"elementor-heading-title elementor-size-default\">Prefeitura Municipal de Marab\u00e1 - 2018<\/h1>\t\t\t\t<\/div>\n\t\t\t\t<\/div>\n\t\t\t\t<section class=\"elementor-section elementor-inner-section elementor-element elementor-element-363d7f6f elementor-section-boxed elementor-section-height-default elementor-section-height-default\" data-id=\"363d7f6f\" data-element_type=\"section\">\n\t\t\t\t\t\t<div class=\"elementor-container elementor-column-gap-default\">\n\t\t\t\t\t<div class=\"elementor-column elementor-col-50 elementor-inner-column elementor-element elementor-element-36dcfd65\" data-id=\"36dcfd65\" data-element_type=\"column\">\n\t\t\t<div class=\"elementor-widget-wrap elementor-element-populated\">\n\t\t\t\t\t\t<div class=\"elementor-element elementor-element-1b145a5c elementor-widget elementor-widget-text-editor\" data-id=\"1b145a5c\" data-element_type=\"widget\" data-widget_type=\"text-editor.default\">\n\t\t\t\t<div class=\"elementor-widget-container\">\n\t\t\t\t\t\t\t\t\t<p>A Prefeitura Municipal de Marab\u00e1, no uso de suas atribui\u00e7\u00f5es, torna p\u00fablica a realiza\u00e7\u00e3o de concurso para o preenchimento de vagas em cargos de n\u00edveis Fundamental, M\u00e9dio e Superior, conforme as condi\u00e7\u00f5es estabelecidas no edital.\u00a0<\/p><p><strong>Vagas &#8211;\u00a0<\/strong>843<\/p><p><strong>Cargos &#8211;\u00a0<\/strong>Agente de Portaria;\u00a0Agente de Servi\u00e7os Gerais; Auxiliar de Servi\u00e7os Gerais; Operador de M\u00e1quinas Pesadas, Almoxarife, Motorista; Agente de Tr\u00e2nsito; Assistente Administrativo; Auxiliar de Farm\u00e1cia, Auxiliar de Regula\u00e7\u00e3o; Auxiliar em Sa\u00fade Bucal; Auxiliar de Secretaria de Escola; Cuidador; Guarda Municipal; Operador de ETE; R\u00e1dio Operador;\u00a0Assistente Administrativo; Agente de Regulariza\u00e7\u00e3o Fundi\u00e1ria;\u00a0\u00a0T\u00e9cnico de Controle Interno; T\u00e9cnico (em Enfermagem;\u00a0Enfermagem e Seguran\u00e7a no Trabalho;\u00a0Enfermagem e Instrumentador Cir\u00fargico; Laborat\u00f3rio; Nutri\u00e7\u00e3o e Diet\u00e9tica; Seguran\u00e7a do Trabalho; Vigil\u00e2ncia Sanit\u00e1ria; Radiologia; Agrimensura; Previdenci\u00e1rio); Administrador; Analista de Controle Interno; Assistente Social; Analista de Sistema; Biom\u00e9dico; Educador F\u00edsico; Enfermeiro; Enfermeiro Obstetra; Enfermeiro Psiqui\u00e1trico; Engenheiro (Agr\u00f4nomo; Civil; Florestal; de Seguran\u00e7a do Trabalho); Estat\u00edstico; Farmac\u00eautico Bioqu\u00edmico; Fisioterapeuta; Fiscal Ambiental; Fonoaudi\u00f3logo; Ge\u00f3logo; Jornalista; M\u00e9dico Cl\u00ednico Geral; M\u00e9dico Veterin\u00e1rio; Nutricionista; Professor; Psic\u00f3logo; Profissional de Apoio Escolar; Tradutor e Int\u00e9rprete de LIBRAS; Tecn\u00f3logo de Alimentos; Terapeuta Ocupacional; Zootecnista; M\u00e9dico Perito; Analista Previdenci\u00e1rio.<\/p><p><strong>Remunera\u00e7\u00e3o &#8211;<\/strong>\u00a0 de R$ 954,00 a R$ 3.565,13.<\/p><p><strong>Inscri\u00e7\u00f5es &#8211;\u00a0<\/strong>12\/12\/18 a 10\/01\/19.<\/p><p><strong>Taxa &#8211;\u00a0<\/strong>R$ 50,00 (n\u00edvel Fundamental)<br \/>\u00a0 \u00a0 \u00a0 \u00a0 \u00a0 \u00a0R$ 60,00 (n\u00edvel M\u00e9dio e t\u00e9cnico)<br \/>\u00a0 \u00a0 \u00a0 \u00a0 \u00a0 \u00a0R$ 70,00 (n\u00edvel Superior)<\/p><p>&#8230;&#8230;&#8230;&#8230;&#8230;&#8230;&#8230;&#8230;&#8230;&#8230;&#8230;&#8230;&#8230;&#8230;<\/p><p><strong>Datas importantes<\/strong>:<\/p><p>Inscri\u00e7\u00e3o:<strong>\u00a012\/12\/18 a 21\/01\/19.<\/strong><\/p><p>Envio de documento de candidato PcD:<strong>\u00a012\/12\/18 a 21\/01\/19<\/strong><\/p><p>Isen\u00e7\u00e3o para PcD:\u00a0<strong>12 a 21\/12\/18<\/strong><strong>.\u00a0<\/strong><\/p><p>Pagamento da taxa de inscri\u00e7\u00e3o:\u00a0<strong>at\u00e9 22\/01\/19.<\/strong><\/p><p>Impress\u00e3o do cart\u00e3o de inscri\u00e7\u00e3o:\u00a0<strong>19 a 22\/02\/19.<\/strong><\/p><p>Provas objetivas (hor\u00e1rio local):<br \/><strong>17\/03 &#8211;\u00a0<\/strong><strong>MANH\u00c3<\/strong>, das 8h \u00e0s 12h, para todos os candidatos do cargo de N\u00edvel Fundamental (exceto Agente de Portaria).<br \/><strong>\u00a0 \u00a0 \u00a0 \u00a0 \u00a0 \u00a0TARDE<\/strong>, das 14h30 \u00e0s 18h30, somente para os candidatos do cargo de N\u00edvel Fundamental de Agente de Portaria.<\/p><p><strong>23\/03 &#8211;\u00a0<\/strong><strong>TARDE<\/strong>, das 14h \u00e0s 18h, para todos os candidatos dos cargos de N\u00edvel Superior.<\/p><p><strong>24\/03 &#8211;\u00a0<\/strong><strong>MANH\u00c3<\/strong>, das 8h \u00e0s 12h, para todos os candidatos dos cargos de N\u00edvel M\u00e9dio de Agente de Tr\u00e2nsito e de Auxiliar de Secretaria Escolar.\u00a0 \u00a0 \u00a0 \u00a0 \u00a0 \u00a0 \u00a0 \u00a0 \u00a0 \u00a0\u00a0<strong>TARDE<\/strong>, das 14h30 \u00e0s 18h30 (hor\u00e1rio local), para todos os demais candidatos dos cargos de N\u00edvel M\u00e9dio (exceto dos cargos de Agente de Tr\u00e2nsito e de Auxiliar de Secretaria Escolar).\u00a0<\/p>\t\t\t\t\t\t\t\t<\/div>\n\t\t\t\t<\/div>\n\t\t\t\t\t<\/div>\n\t\t<\/div>\n\t\t\t\t<div class=\"elementor-column elementor-col-50 elementor-inner-column elementor-element elementor-element-473ebb6\" data-id=\"473ebb6\" data-element_type=\"column\">\n\t\t\t<div class=\"elementor-widget-wrap elementor-element-populated\">\n\t\t\t\t\t\t<div class=\"elementor-element elementor-element-bf4702a elementor-widget elementor-widget-text-editor\" data-id=\"bf4702a\" data-element_type=\"widget\" data-widget_type=\"text-editor.default\">\n\t\t\t\t<div class=\"elementor-widget-container\">\n\t\t\t\t\t\t\t\t\t<p style=\"text-align: center;\"><span style=\"color: #ffffff;\"><strong>Avisos<\/strong><\/span><\/p>\t\t\t\t\t\t\t\t<\/div>\n\t\t\t\t<\/div>\n\t\t\t\t<div class=\"elementor-element elementor-element-190c2a66 elementor-widget elementor-widget-text-editor\" data-id=\"190c2a66\" data-element_type=\"widget\" data-widget_type=\"text-editor.default\">\n\t\t\t\t<div class=\"elementor-widget-container\">\n\t\t\t\t\t\t\t\t\t<p style=\"text-align: center;\"><span style=\"color: #000000;\">A FADESP comunica que aguarda o posicionamento da SEMAD-PMM para a publica\u00e7\u00e3o do edital de convoca\u00e7\u00e3o para o curso de forma\u00e7\u00e3o dos classificados ao cargo de Guarda Municipal.<\/span><\/p><p style=\"text-align: center;\"><br \/><strong><span style=\"color: #000000;\">23 de outubro de 2019<\/span><\/strong><br \/><strong><span style=\"color: #000000;\">Coordena\u00e7\u00e3o de Concursos e Sele\u00e7\u00f5es.<\/span><\/strong><\/p>\t\t\t\t\t\t\t\t<\/div>\n\t\t\t\t<\/div>\n\t\t\t\t<div class=\"elementor-element elementor-element-a849f8f elementor-widget elementor-widget-text-editor\" data-id=\"a849f8f\" data-element_type=\"widget\" data-widget_type=\"text-editor.default\">\n\t\t\t\t<div class=\"elementor-widget-container\">\n\t\t\t\t\t\t\t\t\t<p style=\"text-align: center;\"><span style=\"color: #ffffff;\"><strong>Editais<\/strong><\/span><\/p>\t\t\t\t\t\t\t\t<\/div>\n\t\t\t\t<\/div>\n\t\t\t\t<div class=\"elementor-element elementor-element-3c886b2d elementor-widget elementor-widget-text-editor\" data-id=\"3c886b2d\" data-element_type=\"widget\" data-widget_type=\"text-editor.default\">\n\t\t\t\t<div class=\"elementor-widget-container\">\n\t\t\t\t\t\t\t\t\t<table width=\"241\"><tbody><tr><td width=\"241\"><p><a href=\"http:\/\/concursos.fadesp.org.br\/pmm2018\/arquivos\/Resultado\/Edital%20n%C2%B0%2014_2019_PMM_Resultado%20de%20Guarda%20Municipal.pdf\"><strong>Edital n\u00b0 14_2019_PMM_Resultado de Guarda Municipal<\/strong><\/a><\/p><p><strong><a href=\"http:\/\/concursos.fadesp.org.br\/pmm2018\/arquivos\/Resultado\/Edital%20n%C2%B0%2013_2019_PMM_%20Homologa%C3%A7%C3%A3o.pdf\">Edital n\u00b0 13_2019_PMM_ Homologa\u00e7\u00e3o<\/a><\/strong><\/p><p><strong><a href=\"http:\/\/concursos.fadesp.org.br\/pmm2018\/arquivos\/N\u00edvel Fundamental - Resultado Definitivo.pdf\">N\u00edvel Fundamental &#8211; Resultado Definitivo<\/a><\/strong><\/p><p><strong><a href=\"http:\/\/concursos.fadesp.org.br\/pmm2018\/arquivos\/N\u00edvel M\u00e9dio - Resultado Definitivo.pdf\">N\u00edvel M\u00e9dio &#8211; Resultado Definitivo<\/a><\/strong><\/p><p><strong><a href=\"http:\/\/concursos.fadesp.org.br\/pmm2018\/arquivos\/N\u00edvel Superior - Resultado Definitivo.pdf\">N\u00edvel Superior &#8211; Resultado Definitivo<\/a><\/strong><\/p><p><strong><a href=\"http:\/\/concursos.fadesp.org.br\/pmm2018\/arquivos\/Resultado do Cargo de Guarda Municipal.pdf\">Resultado do Cargo de Guarda Municipal<\/a><\/strong><\/p><p><strong><a href=\"http:\/\/concursos.fadesp.org.br\/pmm2018\/arquivos\/Resultado\/ResultadoSuperior.pdf\">N\u00edvel Superior &#8211; Resultado Final Preliminar em Ordem de Pontua\u00e7\u00e3o<\/a><\/strong><\/p><p><strong><a href=\"http:\/\/concursos.fadesp.org.br\/pmm2018\/arquivos\/Resultado\/ResultadoMedio.pdf\">N\u00edvel M\u00e9dio &#8211; Resultado Final Preliminar em Ordem de Pontua\u00e7\u00e3o<\/a><\/strong><\/p><p><strong><a href=\"http:\/\/concursos.fadesp.org.br\/pmm2018\/arquivos\/Resultado\/ResultadoFundamental.pdf\">N\u00edvel Fundamental &#8211; Resultado Final Preliminar em Ordem de Pontua\u00e7\u00e3o<\/a><\/strong><\/p><p><strong><a href=\"http:\/\/concursos.fadesp.org.br\/pmm2018\/arquivos\/Resultado\/N%C3%ADvel%20Superior%20-%20Resultado%20Preliminar%20da%20Entrega%20de%20Documenta%C3%A7%C3%A3o%20para%20Desempate%20de%20Pontua%C3%A7%C3%A3o.pdf\">N\u00edvel Superior &#8211; Resultado Preliminar da Entrega de Documenta\u00e7\u00e3o para Desempate de Pontua\u00e7\u00e3o.<\/a><\/strong><\/p><p><strong><a href=\"http:\/\/concursos.fadesp.org.br\/pmm2018\/arquivos\/Resultado\/N%C3%ADvel%20M%C3%A9dio%20-%20Resultado%20Preliminar%20da%20Entrega%20de%20Documenta%C3%A7%C3%A3o%20para%20Desempate%20de%20Pontua%C3%A7%C3%A3o.pdf\">N\u00edvel M\u00e9dio &#8211; Resultado Preliminar da Entrega de Documenta\u00e7\u00e3o para Desempate de Pontua\u00e7\u00e3o.<\/a><\/strong><\/p><p><strong><a href=\"http:\/\/concursos.fadesp.org.br\/pmm2018\/arquivos\/Resultado\/N%C3%ADvel%20Fundamental%20-%20Resultado%20Preliminar%20da%20Entrega%20de%20Documenta%C3%A7%C3%A3o%20para%20Desempate%20de%20Pontua%C3%A7%C3%A3o_.pdf\">N\u00edvel Fundamental &#8211; Resultado Preliminar da Entrega de Documenta\u00e7\u00e3o para Desempate de Pontua\u00e7\u00e3o.<\/a><\/strong><\/p><p><strong><a href=\"http:\/\/concursos.fadesp.org.br\/pmm2018\/arquivos\/Resultado\/Edital%20Superior%20-%20Edital%20n%C2%B0%2012_2019_PMM%20-%20Convoca%C3%A7%C3%A3o%20ao%20Desempate%20de%20Pontua%C3%A7%C3%A3o.pdf\">Edital Superior &#8211; Edital n\u00b0 12_2019_PMM &#8211; Convoca\u00e7\u00e3o ao Desempate de Pontua\u00e7\u00e3o<\/a>.<\/strong><\/p><p><strong><a href=\"http:\/\/concursos.fadesp.org.br\/pmm2018\/arquivos\/Resultado\/NivelSuperior.pdf\">N\u00edvel Superior &#8211; Resultado Final Definitivo em Ordem Alfab\u00e9tica<\/a>.<\/strong><\/p><p><strong><a href=\"http:\/\/concursos.fadesp.org.br\/pmm2018\/arquivos\/Resultado\/N%C3%ADvelSuperiorTitulos.pdf\">N\u00edvel Superior &#8211; Retifica\u00e7\u00e3o do Resultado Definitivo da Prova de T\u00edtulos em Ordem Alfab\u00e9tica.<\/a><\/strong><\/p><p><strong><a href=\"http:\/\/concursos.fadesp.org.br\/pmm2018\/arquivos\/Resultado\/ResultadoFinalPreliminar.pdf\"><span style=\"color: #000000;\">N\u00edvel Superior &#8211; Resultado Final Preliminar em Ordem Alfab\u00e9tica<\/span><\/a><\/strong><\/p><p><strong><a href=\"http:\/\/concursos.fadesp.org.br\/pmm2018\/arquivos\/Resultado\/ResultadoDefinitivo.pdf\"><span style=\"color: #000000;\">N\u00edvel Superior &#8211; Resultado Definitivo da Prova de T\u00edtulos em Ordem Alfab\u00e9tica<\/span><\/a><\/strong><\/p><p><strong><a href=\"..\/wp-content\/uploads\/2019\/07\/N\u00edvel-Superior-Resultado-Preliminar-da-Prova-de-T\u00edtulos-em-Ordem-Alfab\u00e9tica.pdf\" target=\"_blank\" rel=\"noopener\">Resultado Preliminar da Prova de T\u00edtulos dos cargos de n\u00edvel superior\u00a0<\/a><\/strong><\/p><p><strong><a href=\"..\/wp-content\/uploads\/2019\/07\/N\u00edvel-M\u00e9dio-Guarda-Municipal-Edital-n\u00ba-11_2019-Resultado-Definitivo-da-Prova-de-Aptid\u00e3o-F\u00edsica.pdf\" target=\"_blank\" rel=\"noopener\">N\u00edvel M\u00e9dio &#8211; Guarda Municipal &#8211; Edital n\u00b0 11_2019 &#8211; Resultado Definitivo da Prova de Aptid\u00e3o F\u00edsica<\/a><\/strong><\/p><p><strong><a href=\"..\/wp-content\/uploads\/2019\/07\/N\u00edvel-M\u00e9dio-Guarda-Municipal-Edital-n\u00ba-10_2019-Resultado-da-Prova-de-Aptid\u00e3oo-F\u00edsica.pdf\" target=\"_blank\" rel=\"noopener\">N\u00edvel M\u00e9dio &#8211; Guarda Municipal &#8211; Edital n\u00b0 10_2019 &#8211; Resultado da Prova de Aptid\u00e3o F\u00edsica<\/a><\/strong><\/p><p><strong><a href=\"..\/wp-content\/uploads\/2019\/07\/Todos-os-N\u00edveis-Edital-n\u00ba-09_2019_Prorroga\u00e7\u00e3o-do-Per\u00edodo-de-Entrega-de-Documenta\u00e7\u00e3o.pdf\" target=\"_blank\" rel=\"noopener\">Todos os N\u00edveis &#8211; Edital n\u00b0 09_2019_Prorroga\u00e7\u00e3o do Per\u00edodo de Entrega de Documenta\u00e7\u00e3o<\/a><\/strong><\/p><p><strong><a href=\"http:\/\/concursos.fadesp.org.br\/pmm2018\/arquivos\/Edital%20M%C3%A9dio%20-%20Edital%20n%C2%B0%2008_2019_PMM%20-%20Retifica%C3%A7%C3%A3o%20da%20Convoca%C3%A7%C3%A3o%20ao%20Desempate%20de%20Pontua%C3%A7%C3%A3o.pdf\" target=\"_blank\" rel=\"noopener\">Edital M\u00e9dio &#8211; Edital n\u00b0 08_2019_PMM &#8211; Retifica\u00e7\u00e3o da Convoca\u00e7\u00e3o ao Desempate de Pontua\u00e7\u00e3o<\/a><\/strong><\/p><p><strong><a href=\"http:\/\/concursos.fadesp.org.br\/pmm2018\/arquivos\/Edital%20Fundamental%20-%20Edital%20n%C2%B0%2007_2019_PMM%20-%20Retifica%C3%A7%C3%A3o%20da%20Convoca%C3%A7%C3%A3o%20ao%20Desempate%20de%20Pontua%C3%A7%C3%A3o.pdf\" target=\"_blank\" rel=\"noopener\">Edital Fundamental &#8211; Edital n\u00b0 07_2019_PMM &#8211; Retifica\u00e7\u00e3o da Convoca\u00e7\u00e3o ao Desempate de Pontua\u00e7\u00e3o<\/a><\/strong><\/p><p><strong><a href=\"http:\/\/concursos.fadesp.org.br\/pmm2018\/arquivos\/N%C3%ADvel%20Superior%20-%20Edital%20n%C2%B0%2005_2019_Retifica%C3%A7%C3%A3o%20da%20Convoca%C3%A7%C3%A3o%20a%20Prova%20de%20T%C3%ADtulos.pdf\" target=\"_blank\" rel=\"noopener\">N\u00edvel Superior &#8211; Edital n\u00b0 05_2019_Retifica\u00e7\u00e3o da Convoca\u00e7\u00e3o a Prova de T\u00edtulos<\/a><\/strong><\/p><p><strong><a href=\"http:\/\/concursos.fadesp.org.br\/pmm2018\/arquivos\/N%C3%ADvel%20Fundamental%20-%20Retifica%C3%A7%C3%A3o%20do%20Resultado%20Definitivo%20da%20Pontua%C3%A7%C3%A3o%20em%20Ordem%20Alfab%C3%A9tica.pdf\" target=\"_blank\" rel=\"noopener\">N\u00edvel Fundamental &#8211; Retifica\u00e7\u00e3o do Resultado Definitivo da Pontua\u00e7\u00e3o em Ordem Alfab\u00e9tica<\/a><\/strong><\/p><p><strong><a href=\"http:\/\/concursos.fadesp.org.br\/pmm2018\/arquivos\/N%C3%ADvel%20M%C3%A9dio%20-%20Retifica%C3%A7%C3%A3o%20do%20Resultado%20Definitivo%20da%20Pontua%C3%A7%C3%A3o%20em%20Ordem%20Alfab%C3%A9tica.pdf\" target=\"_blank\" rel=\"noopener\">N\u00edvel M\u00e9dio &#8211; Retifica\u00e7\u00e3o do Resultado Definitivo da Pontua\u00e7\u00e3o em Ordem Alfab\u00e9tica<\/a><\/strong><\/p><p><strong><a href=\"http:\/\/concursos.fadesp.org.br\/pmm2018\/arquivos\/N%C3%ADvel%20Superior%20-%20%20Retifica%C3%A7%C3%A3o%20do%20Resultado%20Definitivo%20da%20Prova%20Objetiva.pdf\" target=\"_blank\" rel=\"noopener\">N\u00edvel Superior &#8211; Retifica\u00e7\u00e3o do Resultado Definitivo da Prova Objetiva<\/a><\/strong><\/p><p><strong><a href=\"http:\/\/concursos.fadesp.org.br\/pmm2018\/arquivos\/Cronograma%20III.pdf\" target=\"_blank\" rel=\"noopener\">Cronograma &#8211; Atualizado<\/a><\/strong><\/p><p><strong><a href=\"http:\/\/concursos.fadesp.org.br\/pmm2018\/arquivos\/Edital%20Fundamental%20-%20Edital%20n%C2%B0%2007_2019_PMM%20-%20Convoca%C3%A7%C3%A3o%20ao%20Desempate%20de%20Pontua%C3%A7%C3%A3o.pdf\" target=\"_blank\" rel=\"noopener\">Edital Fundamental &#8211; Edital n\u00b0 07_2019_PMM &#8211; Convoca\u00e7\u00e3o ao Desempate de Pontua\u00e7\u00e3o<\/a><\/strong><\/p><p><strong><a href=\"http:\/\/concursos.fadesp.org.br\/pmm2018\/arquivos\/Edital%20M%C3%A9dio%20%20-%20Edital%20n%C2%B0%2008_2019_PMM%20-%20Convoca%C3%A7%C3%A3o%20ao%20Desempate%20de%20Pontua%C3%A7%C3%A3o.pdf\" target=\"_blank\" rel=\"noopener\">Edital M\u00e9dio &#8211; Edital n\u00b0 08_2019_PMM &#8211; Convoca\u00e7\u00e3o ao Desempate de Pontua\u00e7\u00e3o<\/a><\/strong><\/p><p><strong><a href=\"http:\/\/concursos.fadesp.org.br\/pmm2018\/arquivos\/Guarda%20Municipal%20-%20Resultado%20Apenas%20Classificat%C3%B3rio%20a%20Prova%20de%20Aptid%C3%A3o%20F%C3%ADsica.pdf\" target=\"_blank\" rel=\"noopener\">Guarda Municipal &#8211; Resultado Apenas Classificat\u00f3rio a Prova de Aptid\u00e3o F\u00edsica<\/a><\/strong><\/p><p><strong><a href=\"http:\/\/concursos.fadesp.org.br\/pmm2018\/arquivos\/Formul%C3%A1rio%20de%20Entrega%20de%20T%C3%ADtulos.pdf\" target=\"_blank\" rel=\"noopener\">Formul\u00e1rio de Entrega de T\u00edtulos<\/a><\/strong><\/p><p><strong><a href=\"http:\/\/concursos.fadesp.org.br\/pmm2018\/arquivos\/N%C3%ADvel%20M%C3%A9dio%20-%20Guarda%20Municipal%20-%20Edital%20n%C2%B0%2006_2019_PMM%20-%20Convoca%C3%A7%C3%A3o%20a%20Prova%20de%20Aptid%C3%A3o%20F%C3%ADsica.pdf\" target=\"_blank\" rel=\"noopener\">N\u00edvel M\u00e9dio &#8211; Guarda Municipal &#8211; Edital n\u00b0 06_2019_PMM &#8211; Convoca\u00e7\u00e3o a Prova de Aptid\u00e3o F\u00edsica<\/a><\/strong><\/p><p><strong><a href=\"http:\/\/concursos.fadesp.org.br\/pmm2018\/arquivos\/N%C3%ADvel%20Superior%20-%20Edital%20n%C2%B0%2005_2019_Convoca%C3%A7%C3%A3o%20a%20Prova%20de%20T%C3%ADtulos.pdf\" target=\"_blank\" rel=\"noopener\">N\u00edvel Superior &#8211; Edital n\u00b0 05_2019_Convoca\u00e7\u00e3o a Prova de T\u00edtulos<\/a><\/strong><\/p><p><strong><a href=\"http:\/\/concursos.fadesp.org.br\/pmm2018\/arquivos\/N%C3%ADvel%20Superior%20-%20%20Retifica%C3%A7%C3%A3o%20do%20Resultado%20Definitivo%20da%20Prova%20Objetiva%20dos%20cargos%20de%20Professor%20Licenciado%20em%20Pedagogia%20-%20Zona%20Urbana.pdf\">N\u00edvel Superior &#8211;\u00a0 Retifica\u00e7\u00e3o do Resultado Definitivo da Prova Objetiva dos cargos de Professor Licenciado em Pedagogia &#8211; Zona Urbana e Licenciado Pleno em Educa\u00e7\u00e3o F\u00edsica &#8211; Zona Urbana<\/a><\/strong><\/p><p><strong><a href=\"http:\/\/concursos.fadesp.org.br\/pmm2018\/arquivos\/N%C3%ADvel%20Fundamental%20-%20%20Resultado%20Definitivo%20da%20Pontua%C3%A7%C3%A3o%20em%20Ordem%20Alfab%C3%A9tica.pdf\" target=\"_blank\" rel=\"noopener\">N\u00edvel Fundamental &#8211; Resultado Definitivo da Pontua\u00e7\u00e3o em Ordem Alfab\u00e9tica<\/a><\/strong><\/p><p><strong><a href=\"http:\/\/concursos.fadesp.org.br\/pmm2018\/arquivos\/N%C3%ADvel%20M%C3%A9dio%20-%20%20Resultado%20Definitivo%20da%20Pontua%C3%A7%C3%A3o%20em%20Ordem%20Alfab%C3%A9tica.pdf\" target=\"_blank\" rel=\"noopener\">N\u00edvel M\u00e9dio &#8211; Resultado Definitivo da Pontua\u00e7\u00e3o em Ordem Alfab\u00e9tica<\/a><\/strong><\/p><p><strong><a href=\"http:\/\/concursos.fadesp.org.br\/pmm2018\/arquivos\/N%C3%ADvel%20Superior%20-%20%20Resultado%20Definitivo%20da%20Prova%20objetiva.pdf\" target=\"_blank\" rel=\"noopener\">N\u00edvel Superior &#8211; Resultado Definitivo da Prova objetiva<\/a><\/strong><\/p><p><strong><a href=\"http:\/\/concursos.fadesp.org.br\/pmm2018\/arquivos\/Resultado\/N%C3%ADvel%20Superior%20-%20%20Resultado%20Preliminar%20em%20Ordem%20Alfab%C3%A9tica.pdf\" target=\"_blank\" rel=\"noopener\">N\u00edvel Superior &#8211; Resultado Preliminar em Ordem Alfab\u00e9tica<\/a><\/strong><\/p><\/td><\/tr><tr><td width=\"241\"><strong><a href=\"http:\/\/concursos.fadesp.org.br\/pmm2018\/arquivos\/Resultado\/N%C3%ADvel%20M%C3%A9dio%20-%20%20Resultado%20Preliminar%20em%20Ordem%20Alfab%C3%A9tica.pdf\">\u00a0N\u00edvel M\u00e9dio &#8211; Resultado Preliminar em Ordem Alfab\u00e9tica<\/a><\/strong><\/td><\/tr><tr><td width=\"241\"><strong><a href=\"http:\/\/concursos.fadesp.org.br\/pmm2018\/arquivos\/Resultado\/N%C3%ADvel%20Fundamental%20-%20%20Resultado%20Preliminar%20em%20Ordem%20Alfab%C3%A9tica.pdf\">N\u00edvel Fundamental &#8211;\u00a0 Resultado Preliminar em Ordem Alfab\u00e9tica\u00a0<\/a><\/strong><\/td><\/tr><tr><td width=\"241\"><strong><a href=\"http:\/\/concursos.fadesp.org.br\/pmm2018\/arquivos\/GabaritoSuperior\/Gabaritos.html\">Gabarito Definitivo &#8211; Superior\u00a0<\/a><\/strong><\/td><\/tr><tr><td width=\"241\"><strong><a href=\"http:\/\/concursos.fadesp.org.br\/pmm2018\/arquivos\/GabaritoMedio\/Gabaritos.html\">Gabarito Definitivo &#8211; M\u00e9dio<\/a><\/strong><\/td><\/tr><tr><td width=\"241\"><strong><a href=\"http:\/\/concursos.fadesp.org.br\/pmm2018\/arquivos\/GabaritoFundamental\/Gabaritos.html\">Gabarito Definitivo &#8211; Fundamental<\/a><\/strong><\/td><\/tr><tr><td width=\"241\"><strong><a href=\"http:\/\/concursos.fadesp.org.br\/pmm2018\/arquivos\/GABARITOS24\/Gabaritos24.html\">Gabaritos dia 24\/03\/2019\u00a0<\/a><\/strong><\/td><\/tr><tr><td width=\"241\"><strong><a href=\"http:\/\/concursos.fadesp.org.br\/pmm2018\/arquivos\/PROVAS24\/Provas24.html\">Provas dia 24\/03\/2019<\/a><\/strong><\/td><\/tr><tr><td width=\"241\"><strong><a href=\"http:\/\/concursos.fadesp.org.br\/pmm2018\/arquivos\/GABARITOS23\/Gabaritos23.html\">Gabaritos dia 23\/03\/2019\u00a0<\/a><\/strong><\/td><\/tr><tr><td width=\"241\"><strong><a href=\"http:\/\/concursos.fadesp.org.br\/pmm2018\/arquivos\/PROVAS23\/Provas23.html\">Provas dia 23\/03\/2019\u00a0<\/a><\/strong><\/td><\/tr><tr><td width=\"241\"><strong><a href=\"http:\/\/concursos.fadesp.org.br\/pmm2018\/arquivos\/GABARITOS17\/Gabaritos17.html\">Gabaritos dia 17\/03\/2019\u00a0<\/a><\/strong><\/td><\/tr><tr><td width=\"241\"><strong><a href=\"http:\/\/concursos.fadesp.org.br\/pmm2018\/arquivos\/PROVAS17\/Provas17.html\">Provas dia 17\/03\/2019<\/a><\/strong><\/td><\/tr><tr><td width=\"241\"><strong><a href=\"..\/midias\/anexos\/576_demanda.pdf\">\u00a0Demanda<\/a><\/strong><\/td><\/tr><tr><td width=\"241\"><strong><a href=\"..\/midias\/anexos\/576_relacao_definitiva_de_candidatos_pcd_que_solicitaram_atendimento_especial_no_dia_das_provas.pdf\">Rela\u00e7\u00e3o Definitiva de Candidatos PcD que solicitaram atendimento especial no dia das provas\u00a0<\/a><\/strong><\/td><\/tr><tr><td width=\"241\"><strong><a href=\"..\/midias\/anexos\/576_relacao_definitiva_de_candidatos_pcd_que_nao_solicitaram_atendimento_especial_no_dia_das_provas.pdf\">Rela\u00e7\u00e3o Definitiva de Candidatos PcD que N\u00c3O solicitaram atendimento especial no dia das provas\u00a0<\/a><\/strong><\/td><\/tr><tr><td width=\"241\"><strong><a href=\"..\/midias\/anexos\/576_relacao_de_definitiva_de_candidatas_lactantes_que_solicitaram_atendimento_especial_no_dia_das_provas.pdf\">Rela\u00e7\u00e3o de Definitiva de Candidatas LACTANTES que solicitaram atendimento especial no dia das provas\u00a0<\/a><\/strong><\/td><\/tr><tr><td width=\"241\"><strong><a href=\"..\/midias\/anexos\/576_aviso_aos_candidatos_sabatistas.pdf\">Aviso aos Candidatos Sabatistas\u00a0<\/a><\/strong><\/td><\/tr><tr><td width=\"241\"><strong><a href=\"..\/midias\/anexos\/576_edital_n_04_2018_pmm_-_datas_de_provas_objetivas.pdf\">Edital n\u00b0 04_2018_PMM &#8211; Datas de Provas Objetivas<\/a><\/strong><\/td><\/tr><tr><td width=\"241\"><strong><a href=\"..\/midias\/anexos\/Copia(01)_576_aviso_aos_candidatos_do_cargo_de_guarda_municipal_-_retificado.pdf\">Aviso aos Candidatos do Cargo de Guarda Municipal &#8211; Retificado\u00a0<\/a><\/strong><\/td><\/tr><tr><td width=\"241\"><strong><a href=\"http:\/\/concursos.fadesp.org.br\/pmm2018\/arquivos\/Rela%C3%A7%C3%A3o%20de%20Candidatos%20PcD%20que%20solicitaram%20atendimento%20especial%20no%20dia%20das%20provas.pdf\">Rela\u00e7\u00e3o de Candidatos PcD que solicitaram atendimento especial no dia das provas\u00a0<\/a><\/strong><\/td><\/tr><tr><td width=\"241\"><strong><a href=\"http:\/\/concursos.fadesp.org.br\/pmm2018\/arquivos\/Rela%C3%A7%C3%A3o%20de%20Candidatos%20PcD%20que%20N%C3%83O%20solicitaram%20atendimento%20especial%20no%20dia%20das%20provas.pdf\">Rela\u00e7\u00e3o de Candidatos PcD que N\u00c3O solicitaram atendimento especial no dia das provas<\/a><\/strong><\/td><\/tr><tr><td width=\"241\"><strong><a href=\"http:\/\/concursos.fadesp.org.br\/pmm2018\/arquivos\/Rela%C3%A7%C3%A3o%20de%20Candidatas%20LACTANTES%20que%20solicitaram%20atendimento%20especial%20no%20dia%20das%20provas.pdf\">Rela\u00e7\u00e3o de Candidatas LACTANTES que solicitaram atendimento especial no dia das provas\u00a0<\/a><\/strong><\/td><\/tr><tr><td width=\"241\"><strong><a href=\"http:\/\/concursos.fadesp.org.br\/pmm2018\/arquivos\/Edital%20n%C2%B0%2003_2019_PMM%20-%20Retifica%C3%A7%C3%A3o.pdf\">\u00a0Edital n\u00b0 03_2019_PMM &#8211; Retifica\u00e7\u00e3o<\/a><\/strong><\/td><\/tr><tr><td width=\"241\"><strong><a href=\"http:\/\/concursos.fadesp.org.br\/pmm2018\/arquivos\/Lei%20n%C2%B0%2017.844%20de%2016032018%20%E2%80%93%20Altera%20o%20art.%20o%20Inciso%20V%20do%20art.%205%C2%B0%20e%20o%20art.%20215%20da%20Lei%20n%C2%BA%2017.331%20de%2030122008.pdf\">Lei n\u00b0 17.844 de 16032018 \u2013 Altera o art. o Inciso V do art. 5\u00b0 e o art. 215 da Lei n\u00ba 17.331 de 30122008<\/a><\/strong><\/td><\/tr><tr><td width=\"241\"><strong><a href=\"http:\/\/concursos.fadesp.org.br\/pmm2018\/arquivos\/Lei%20n%C2%B0%2017.800%20de%2030102017%20%E2%80%93%20Altera%20a%20Lei%20n%C2%B0%2017.331%20de%2030122008%20e%20Lei%20n%C2%B0%2017.756%20de%2020122016.pdf\">Lei n\u00b0 17.800 de 30102017 \u2013 Altera a Lei n\u00b0 17.331 de 30122008 e Lei n\u00b0 17.756 de 20122016<\/a><\/strong><\/td><\/tr><tr><td width=\"241\"><strong><a href=\"http:\/\/concursos.fadesp.org.br\/pmm2018\/arquivos\/Lei%20n%C2%B0%2017.756,%20de%2020_12_2016%20-%20Altera%C3%A7%C3%A3o,%20Atualiza%C3%A7%C3%A3o%20e%20Consolida%C3%A7%C3%A3o%20da%20Legisla%C3%A7%C3%A3o%20Previdenci%C3%A1ria.pdf\">\u00a0Lei n\u00b0 17.756, de 20_12_2016 &#8211; Altera\u00e7\u00e3o, Atualiza\u00e7\u00e3o e Consolida\u00e7\u00e3o da Legisla\u00e7\u00e3o Previdenci\u00e1ria<\/a><\/strong><\/td><\/tr><tr><td width=\"241\"><strong><a href=\"http:\/\/concursos.fadesp.org.br\/pmm2018\/arquivos\/Edital%20n%C2%B0%2002_2019_PMM%20-%20Retifica%C3%A7%C3%B5es.pdf\">Edital n\u00b0 02_2019_PMM &#8211; Retifica\u00e7\u00f5es<\/a><\/strong><\/td><\/tr><tr><td width=\"241\"><strong><a href=\"..\/midias\/anexos\/576_candidatos_pcd_contemplados_com_isencao.pdf\">\u00a0Candidatos PcD Contemplados com Isen\u00e7\u00e3o<\/a><\/strong><\/td><\/tr><tr><td width=\"241\"><strong><a href=\"..\/midias\/anexos\/576_lei_n_17.827_de_28122017__altera_o_art._112_da_lei_municipal_n_17.331.pdf\">\u00a0Lei n\u00b0 17.827, de 28122017 \u2013 Altera o art. 112 da Lei Municipal n\u00ba 17.331<\/a><\/strong><\/td><\/tr><tr><td width=\"241\"><strong>\u00a0<a href=\"..\/midias\/anexos\/576_lei_n_17.759_de_20012017__dispoe_sobre_a_alteracao_de_dispositivos_da_lei_municipal_n_17.331.pdf\">Lei n\u00ba 17.759_de_20012017 &#8211;\u00a0Lei n\u00ba 17.759_de_20012017 disp\u00f5e sobre a altera\u00e7\u00e3o de dispositivos da lei municipal n 17.331<\/a><\/strong><\/td><\/tr><tr><td width=\"241\"><strong><a href=\"..\/midias\/anexos\/576_lei_n_17.592_de_12072013__altera_o_captu_e_o_1_do_art._75_da_lei_n_17.331.pdf\">Lei n\u00ba 17.592, de 12072013 \u2013 Altera o captu e o &amp;1\u00ba do art. 75 da Lei n\u00ba 17.331\u00a0<\/a><\/strong><\/td><\/tr><tr><td width=\"241\"><strong><a href=\"..\/midias\/anexos\/576_lei_n_17.385_de_30122009__altera_o_artigo_62_da_lei_municipal_n_17.331.pdf\">Lei n\u00ba 17.385, de 30122009 \u2013 Altera o artigo 62 da Lei Municipal n\u00ba 17.331\u00a0<\/a><\/strong><\/td><\/tr><tr><td width=\"241\"><strong><a href=\"..\/midias\/anexos\/576_lei_n_17.336_de_20032009__nova_redacao_aos_art._68_74_e_86_da_lei_n_17.331.pdf\">Lei n\u00ba 17.336, de 20032009 \u2013 Nova reda\u00e7\u00e3o aos Art. 68, 74 e 86 da Lei n\u00ba 17.331\u00a0<\/a><\/strong><\/td><\/tr><tr><td width=\"241\"><strong><a href=\"..\/midias\/anexos\/576_lei_n_17.331_de_30122008__rju__nova_redacao.pdf\">\u00a0Lei n\u00ba 17.331, de 30122008 \u2013 RJU \u2013 Nova Reda\u00e7\u00e3o<\/a><\/strong><\/td><\/tr><tr><td width=\"241\"><strong><a href=\"..\/midias\/anexos\/576_formulario_-_amamentacao_e_outros_atendimentos_especias.pdf\">Formul\u00e1rio &#8211; Amamenta\u00e7\u00e3o e Outros Atendimentos Especiais\u00a0<\/a><\/strong><\/td><\/tr><tr><td width=\"241\"><strong><a href=\"..\/midias\/anexos\/576_formulario_de_pessoa_com_deficiencia.pdf\">Formul\u00e1rio de Pessoa com Defici\u00eancia\u00a0<\/a><\/strong><\/td><\/tr><tr><td width=\"241\"><strong><a href=\"..\/midias\/anexos\/576_tabela_de_cargos_-_atualizada.pdf\">Tabela de Cargos &#8211; Atualizada\u00a0<\/a><\/strong><\/td><\/tr><tr><td width=\"241\"><strong><a href=\"..\/midias\/anexos\/576_edital_n_01_2018_pmm_-_edital_de_abertura_-_republicado.pdf\">Edital n 01_2018_ Edital de Abertura &#8211; Republicado\u00a0<\/a><\/strong><\/td><\/tr><\/tbody><\/table><p style=\"text-align: center;\"><strong>\u00a0Informa\u00e7\u00f5es no setor de Concursos<\/strong><\/p><p style=\"text-align: center;\"><strong>das 8h \u00e0s 17h<\/strong><br \/><strong>(91) 4005-7446 \/ 7433 concursos@fadesp.org.br\u00a0<\/strong><\/p>\t\t\t\t\t\t\t\t<\/div>\n\t\t\t\t<\/div>\n\t\t\t\t\t<\/div>\n\t\t<\/div>\n\t\t\t\t\t<\/div>\n\t\t<\/section>\n\t\t\t\t\t<\/div>\n\t\t<\/div>\n\t\t\t\t\t<\/div>\n\t\t<\/section>\n\t\t\t\t<\/div>\n\t\t","protected":false},"excerpt":{"rendered":"<p>Prefeitura Municipal de Marab\u00e1 &#8211; 2018 A Prefeitura Municipal de Marab\u00e1, no uso de suas atribui\u00e7\u00f5es, torna p\u00fablica a realiza\u00e7\u00e3o de concurso para o preenchimento de vagas em cargos de n\u00edveis Fundamental, M\u00e9dio e Superior, conforme as condi\u00e7\u00f5es estabelecidas no edital.\u00a0 Vagas &#8211;\u00a0843 Cargos &#8211;\u00a0Agente de Portaria;\u00a0Agente de Servi\u00e7os Gerais; Auxiliar de Servi\u00e7os Gerais; Operador [&hellip;]<\/p>\n","protected":false},"author":9,"featured_media":0,"parent":329,"menu_order":51,"comment_status":"closed","ping_status":"closed","template":"","meta":{"_monsterinsights_skip_tracking":false,"_monsterinsights_sitenote_active":false,"_monsterinsights_sitenote_note":"","_monsterinsights_sitenote_category":0,"footnotes":""},"class_list":["post-1319","page","type-page","status-publish","hentry","entry"],"yoast_head":"<!-- This site is optimized with the Yoast SEO plugin v25.1 - https:\/\/yoast.com\/wordpress\/plugins\/seo\/ -->\n<title>Prefeitura Municipal de Marab\u00e1 - 2018 - FADESP<\/title>\n<meta name=\"robots\" content=\"index, follow, max-snippet:-1, max-image-preview:large, max-video-preview:-1\" \/>\n<link rel=\"canonical\" href=\"https:\/\/portalfadesp.org.br\/?page_id=1319\" \/>\n<meta property=\"og:locale\" content=\"pt_BR\" \/>\n<meta property=\"og:type\" content=\"article\" \/>\n<meta property=\"og:title\" content=\"Prefeitura Municipal de Marab\u00e1 - 2018 - FADESP\" \/>\n<meta property=\"og:description\" content=\"Prefeitura Municipal de Marab\u00e1 &#8211; 2018 A Prefeitura Municipal de Marab\u00e1, no uso de suas atribui\u00e7\u00f5es, torna p\u00fablica a realiza\u00e7\u00e3o de concurso para o preenchimento de vagas em cargos de n\u00edveis Fundamental, M\u00e9dio e Superior, conforme as condi\u00e7\u00f5es estabelecidas no edital.\u00a0 Vagas &#8211;\u00a0843 Cargos &#8211;\u00a0Agente de Portaria;\u00a0Agente de Servi\u00e7os Gerais; Auxiliar de Servi\u00e7os Gerais; Operador [&hellip;]\" \/>\n<meta property=\"og:url\" content=\"https:\/\/portalfadesp.org.br\/?page_id=1319\" \/>\n<meta property=\"og:site_name\" content=\"FADESP\" \/>\n<meta property=\"article:publisher\" content=\"https:\/\/www.facebook.com\/Fadesp-138351949524662\/\" \/>\n<meta property=\"article:modified_time\" content=\"2025-10-29T13:00:58+00:00\" \/>\n<meta name=\"twitter:card\" content=\"summary_large_image\" \/>\n<meta name=\"twitter:site\" content=\"@Fadesp\" \/>\n<meta name=\"twitter:label1\" content=\"Est. tempo de leitura\" \/>\n\t<meta name=\"twitter:data1\" content=\"7 minutos\" \/>\n<script type=\"application\/ld+json\" class=\"yoast-schema-graph\">{\"@context\":\"https:\/\/schema.org\",\"@graph\":[{\"@type\":\"WebPage\",\"@id\":\"https:\/\/portalfadesp.org.br\/?page_id=1319\",\"url\":\"https:\/\/portalfadesp.org.br\/?page_id=1319\",\"name\":\"Prefeitura Municipal de Marab\u00e1 - 2018 - FADESP\",\"isPartOf\":{\"@id\":\"https:\/\/portalfadesp.org.br\/#website\"},\"datePublished\":\"2018-12-21T11:32:25+00:00\",\"dateModified\":\"2025-10-29T13:00:58+00:00\",\"breadcrumb\":{\"@id\":\"https:\/\/portalfadesp.org.br\/?page_id=1319#breadcrumb\"},\"inLanguage\":\"pt-BR\",\"potentialAction\":[{\"@type\":\"ReadAction\",\"target\":[\"https:\/\/portalfadesp.org.br\/?page_id=1319\"]}]},{\"@type\":\"BreadcrumbList\",\"@id\":\"https:\/\/portalfadesp.org.br\/?page_id=1319#breadcrumb\",\"itemListElement\":[{\"@type\":\"ListItem\",\"position\":1,\"name\":\"In\u00edcio\",\"item\":\"https:\/\/portalfadesp.org.br\/\"},{\"@type\":\"ListItem\",\"position\":2,\"name\":\"Concursos &#8211; Homologados\",\"item\":\"https:\/\/portalfadesp.org.br\/?page_id=329\"},{\"@type\":\"ListItem\",\"position\":3,\"name\":\"Prefeitura Municipal de Marab\u00e1 &#8211; 2018\"}]},{\"@type\":\"WebSite\",\"@id\":\"https:\/\/portalfadesp.org.br\/#website\",\"url\":\"https:\/\/portalfadesp.org.br\/\",\"name\":\"FADESP\",\"description\":\"Funda\u00e7\u00e3o de Amparo e Desenvolvimento da Pesquisa\",\"publisher\":{\"@id\":\"https:\/\/portalfadesp.org.br\/#organization\"},\"potentialAction\":[{\"@type\":\"SearchAction\",\"target\":{\"@type\":\"EntryPoint\",\"urlTemplate\":\"https:\/\/portalfadesp.org.br\/?s={search_term_string}\"},\"query-input\":{\"@type\":\"PropertyValueSpecification\",\"valueRequired\":true,\"valueName\":\"search_term_string\"}}],\"inLanguage\":\"pt-BR\"},{\"@type\":\"Organization\",\"@id\":\"https:\/\/portalfadesp.org.br\/#organization\",\"name\":\"FADESP\",\"url\":\"https:\/\/portalfadesp.org.br\/\",\"logo\":{\"@type\":\"ImageObject\",\"inLanguage\":\"pt-BR\",\"@id\":\"https:\/\/portalfadesp.org.br\/#\/schema\/logo\/image\/\",\"url\":\"https:\/\/portalfadesp.org.br\/wp-content\/uploads\/2024\/01\/NOVOLOGOFADESPlaranjaH.png\",\"contentUrl\":\"https:\/\/portalfadesp.org.br\/wp-content\/uploads\/2024\/01\/NOVOLOGOFADESPlaranjaH.png\",\"width\":2742,\"height\":839,\"caption\":\"FADESP\"},\"image\":{\"@id\":\"https:\/\/portalfadesp.org.br\/#\/schema\/logo\/image\/\"},\"sameAs\":[\"https:\/\/www.facebook.com\/Fadesp-138351949524662\/\",\"https:\/\/x.com\/Fadesp\",\"https:\/\/www.instagram.com\/fadesp_ufpa\/\",\"https:\/\/www.youtube.com\/@fundacaodeamparoedesenvolv1903\",\"https:\/\/www.threads.net\/@fadesp_ufpa\"]}]}<\/script>\n<!-- \/ Yoast SEO plugin. -->","yoast_head_json":{"title":"Prefeitura Municipal de Marab\u00e1 - 2018 - FADESP","robots":{"index":"index","follow":"follow","max-snippet":"max-snippet:-1","max-image-preview":"max-image-preview:large","max-video-preview":"max-video-preview:-1"},"canonical":"https:\/\/portalfadesp.org.br\/?page_id=1319","og_locale":"pt_BR","og_type":"article","og_title":"Prefeitura Municipal de Marab\u00e1 - 2018 - FADESP","og_description":"Prefeitura Municipal de Marab\u00e1 &#8211; 2018 A Prefeitura Municipal de Marab\u00e1, no uso de suas atribui\u00e7\u00f5es, torna p\u00fablica a realiza\u00e7\u00e3o de concurso para o preenchimento de vagas em cargos de n\u00edveis Fundamental, M\u00e9dio e Superior, conforme as condi\u00e7\u00f5es estabelecidas no edital.\u00a0 Vagas &#8211;\u00a0843 Cargos &#8211;\u00a0Agente de Portaria;\u00a0Agente de Servi\u00e7os Gerais; Auxiliar de Servi\u00e7os Gerais; Operador [&hellip;]","og_url":"https:\/\/portalfadesp.org.br\/?page_id=1319","og_site_name":"FADESP","article_publisher":"https:\/\/www.facebook.com\/Fadesp-138351949524662\/","article_modified_time":"2025-10-29T13:00:58+00:00","twitter_card":"summary_large_image","twitter_site":"@Fadesp","twitter_misc":{"Est. tempo de leitura":"7 minutos"},"schema":{"@context":"https:\/\/schema.org","@graph":[{"@type":"WebPage","@id":"https:\/\/portalfadesp.org.br\/?page_id=1319","url":"https:\/\/portalfadesp.org.br\/?page_id=1319","name":"Prefeitura Municipal de Marab\u00e1 - 2018 - FADESP","isPartOf":{"@id":"https:\/\/portalfadesp.org.br\/#website"},"datePublished":"2018-12-21T11:32:25+00:00","dateModified":"2025-10-29T13:00:58+00:00","breadcrumb":{"@id":"https:\/\/portalfadesp.org.br\/?page_id=1319#breadcrumb"},"inLanguage":"pt-BR","potentialAction":[{"@type":"ReadAction","target":["https:\/\/portalfadesp.org.br\/?page_id=1319"]}]},{"@type":"BreadcrumbList","@id":"https:\/\/portalfadesp.org.br\/?page_id=1319#breadcrumb","itemListElement":[{"@type":"ListItem","position":1,"name":"In\u00edcio","item":"https:\/\/portalfadesp.org.br\/"},{"@type":"ListItem","position":2,"name":"Concursos &#8211; Homologados","item":"https:\/\/portalfadesp.org.br\/?page_id=329"},{"@type":"ListItem","position":3,"name":"Prefeitura Municipal de Marab\u00e1 &#8211; 2018"}]},{"@type":"WebSite","@id":"https:\/\/portalfadesp.org.br\/#website","url":"https:\/\/portalfadesp.org.br\/","name":"FADESP","description":"Funda\u00e7\u00e3o de Amparo e Desenvolvimento da Pesquisa","publisher":{"@id":"https:\/\/portalfadesp.org.br\/#organization"},"potentialAction":[{"@type":"SearchAction","target":{"@type":"EntryPoint","urlTemplate":"https:\/\/portalfadesp.org.br\/?s={search_term_string}"},"query-input":{"@type":"PropertyValueSpecification","valueRequired":true,"valueName":"search_term_string"}}],"inLanguage":"pt-BR"},{"@type":"Organization","@id":"https:\/\/portalfadesp.org.br\/#organization","name":"FADESP","url":"https:\/\/portalfadesp.org.br\/","logo":{"@type":"ImageObject","inLanguage":"pt-BR","@id":"https:\/\/portalfadesp.org.br\/#\/schema\/logo\/image\/","url":"https:\/\/portalfadesp.org.br\/wp-content\/uploads\/2024\/01\/NOVOLOGOFADESPlaranjaH.png","contentUrl":"https:\/\/portalfadesp.org.br\/wp-content\/uploads\/2024\/01\/NOVOLOGOFADESPlaranjaH.png","width":2742,"height":839,"caption":"FADESP"},"image":{"@id":"https:\/\/portalfadesp.org.br\/#\/schema\/logo\/image\/"},"sameAs":["https:\/\/www.facebook.com\/Fadesp-138351949524662\/","https:\/\/x.com\/Fadesp","https:\/\/www.instagram.com\/fadesp_ufpa\/","https:\/\/www.youtube.com\/@fundacaodeamparoedesenvolv1903","https:\/\/www.threads.net\/@fadesp_ufpa"]}]}},"_links":{"self":[{"href":"https:\/\/portalfadesp.org.br\/index.php?rest_route=\/wp\/v2\/pages\/1319","targetHints":{"allow":["GET"]}}],"collection":[{"href":"https:\/\/portalfadesp.org.br\/index.php?rest_route=\/wp\/v2\/pages"}],"about":[{"href":"https:\/\/portalfadesp.org.br\/index.php?rest_route=\/wp\/v2\/types\/page"}],"author":[{"embeddable":true,"href":"https:\/\/portalfadesp.org.br\/index.php?rest_route=\/wp\/v2\/users\/9"}],"replies":[{"embeddable":true,"href":"https:\/\/portalfadesp.org.br\/index.php?rest_route=%2Fwp%2Fv2%2Fcomments&post=1319"}],"version-history":[{"count":110,"href":"https:\/\/portalfadesp.org.br\/index.php?rest_route=\/wp\/v2\/pages\/1319\/revisions"}],"predecessor-version":[{"id":52462,"href":"https:\/\/portalfadesp.org.br\/index.php?rest_route=\/wp\/v2\/pages\/1319\/revisions\/52462"}],"up":[{"embeddable":true,"href":"https:\/\/portalfadesp.org.br\/index.php?rest_route=\/wp\/v2\/pages\/329"}],"wp:attachment":[{"href":"https:\/\/portalfadesp.org.br\/index.php?rest_route=%2Fwp%2Fv2%2Fmedia&parent=1319"}],"curies":[{"name":"wp","href":"https:\/\/api.w.org\/{rel}","templated":true}]}}