{"id":1316,"date":"2018-12-21T09:32:36","date_gmt":"2018-12-21T11:32:36","guid":{"rendered":"https:\/\/162.215.13.167?page_id=1316"},"modified":"2022-12-20T11:25:32","modified_gmt":"2022-12-20T14:25:32","slug":"detran-2018","status":"publish","type":"page","link":"https:\/\/portalfadesp.org.br\/?page_id=1316","title":{"rendered":"DETRAN Par\u00e1 \u2013 2018"},"content":{"rendered":"\t\t<div data-elementor-type=\"wp-post\" data-elementor-id=\"1316\" class=\"elementor elementor-1316\" data-elementor-post-type=\"page\">\n\t\t\t\t\t\t<section class=\"elementor-section elementor-top-section elementor-element elementor-element-6a972cf0 elementor-section-boxed elementor-section-height-default elementor-section-height-default\" data-id=\"6a972cf0\" data-element_type=\"section\">\n\t\t\t\t\t\t<div class=\"elementor-container elementor-column-gap-default\">\n\t\t\t\t\t<div class=\"elementor-column elementor-col-100 elementor-top-column elementor-element elementor-element-2e9bf78e\" data-id=\"2e9bf78e\" data-element_type=\"column\">\n\t\t\t<div class=\"elementor-widget-wrap elementor-element-populated\">\n\t\t\t\t\t\t<div class=\"elementor-element elementor-element-10b6fce3 elementor-widget elementor-widget-heading\" data-id=\"10b6fce3\" data-element_type=\"widget\" data-widget_type=\"heading.default\">\n\t\t\t\t<div class=\"elementor-widget-container\">\n\t\t\t\t\t<h1 class=\"elementor-heading-title elementor-size-default\">DETRAN - 2018<\/h1>\t\t\t\t<\/div>\n\t\t\t\t<\/div>\n\t\t\t\t<section class=\"elementor-section elementor-inner-section elementor-element elementor-element-5dce79cd elementor-section-boxed elementor-section-height-default elementor-section-height-default\" data-id=\"5dce79cd\" data-element_type=\"section\">\n\t\t\t\t\t\t<div class=\"elementor-container elementor-column-gap-default\">\n\t\t\t\t\t<div class=\"elementor-column elementor-col-50 elementor-inner-column elementor-element elementor-element-37a0df35\" data-id=\"37a0df35\" data-element_type=\"column\">\n\t\t\t<div class=\"elementor-widget-wrap elementor-element-populated\">\n\t\t\t\t\t\t<div class=\"elementor-element elementor-element-6c1bb08a elementor-widget elementor-widget-text-editor\" data-id=\"6c1bb08a\" data-element_type=\"widget\" data-widget_type=\"text-editor.default\">\n\t\t\t\t<div class=\"elementor-widget-container\">\n\t\t\t\t\t\t\t\t\t<p>A Secretaria de Estado de Administra\u00e7\u00e3o (SEAD) e o Departamento de Tr\u00e2nsito do Estado do Par\u00e1 (DETRAN) tornam p\u00fablica a realiza\u00e7\u00e3o de concurso para o preenchimento de vagas em cargos de n\u00edvel M\u00e9dio, conforme as condi\u00e7\u00f5es estabelecidas no edital.\u00a0<\/p><p><strong>Vagas &#8211;\u00a0<\/strong>100<\/p><p><strong>Cargos &#8211;\u00a0<\/strong>Agente de Fiscaliza\u00e7\u00e3o de Tr\u00e2nsito (66) e Agente de Educa\u00e7\u00e3o de Tr\u00e2nsito (34).<\/p><p><strong>Remunera\u00e7\u00e3o &#8211;<\/strong>\u00a0 R$ 2.191,52.<\/p><p><strong>Inscri\u00e7\u00f5es &#8211;\u00a0<\/strong>27\/11 a 20\/12\/18.<\/p><p><strong>Taxa &#8211;\u00a0<\/strong>R$ 35,00\u00a0<\/p><p>&#8230;&#8230;&#8230;&#8230;&#8230;&#8230;&#8230;&#8230;&#8230;&#8230;&#8230;&#8230;&#8230;&#8230;<\/p><p><strong>Datas importantes<\/strong>:<\/p><p>Inscri\u00e7\u00e3o:<strong>\u00a027\/11 a 20\/12\/18.<\/strong><\/p><p>Envio de documento de candidato PcD:<strong>\u00a027\/11 a 20\/12\/18.<\/strong><\/p><p>Isen\u00e7\u00e3o para Baixa Renda e PcD:\u00a0<strong>27 a 30\/11\/18.<\/strong>\u00a0<\/p><p>Pagamento da taxa de inscri\u00e7\u00e3o:\u00a0<strong>at\u00e9 21\/12\/18.<\/strong><\/p><p>Impress\u00e3o do cart\u00e3o de inscri\u00e7\u00e3o:\u00a0<strong>22 a\u00a025\/01\/19.<\/strong><\/p><p>Provas objetivas:\u00a0<strong>10\/02\/19.<\/strong><\/p><p><strong>Nova data das provas objetivas e discursivas p<\/strong><strong>ara Agente de Educa\u00e7\u00e3o de Tr\u00e2nsito:<\/strong><strong>\u00a028\/04\/2019<\/strong><\/p><p><strong>Cart\u00e3o de Inscri\u00e7\u00e3o para impress\u00e3o:\u00a0de 02 a 05\/04\/2019.<\/strong><\/p>\t\t\t\t\t\t\t\t<\/div>\n\t\t\t\t<\/div>\n\t\t\t\t\t<\/div>\n\t\t<\/div>\n\t\t\t\t<div class=\"elementor-column elementor-col-50 elementor-inner-column elementor-element elementor-element-60be08d3\" data-id=\"60be08d3\" data-element_type=\"column\">\n\t\t\t<div class=\"elementor-widget-wrap elementor-element-populated\">\n\t\t\t\t\t\t<div class=\"elementor-element elementor-element-f5be9a4 elementor-widget elementor-widget-text-editor\" data-id=\"f5be9a4\" data-element_type=\"widget\" data-widget_type=\"text-editor.default\">\n\t\t\t\t<div class=\"elementor-widget-container\">\n\t\t\t\t\t\t\t\t\t<p style=\"text-align: center;\"><span style=\"color: #ffffff;\"><strong>Editais e Avisos<\/strong><\/span><\/p>\t\t\t\t\t\t\t\t<\/div>\n\t\t\t\t<\/div>\n\t\t\t\t<div class=\"elementor-element elementor-element-6f6b0cd8 elementor-widget elementor-widget-text-editor\" data-id=\"6f6b0cd8\" data-element_type=\"widget\" data-widget_type=\"text-editor.default\">\n\t\t\t\t<div class=\"elementor-widget-container\">\n\t\t\t\t\t\t\t\t\t<table width=\"241\"><tbody><tr><td width=\"241\"><table width=\"151\"><tbody><tr><td style=\"font-weight: 400;\" width=\"151\"><p><strong><a href=\"http:\/\/concursos.fadesp.org.br\/detran2018\/arquivos\/Edital%20n%C2%B0%2057%20de%2001.12.2020%20-%20DOE%2034.425%20de%2003.12.2020%20-RESULTADO%20FINAL%20DEFINITIVO%20Agente%20de%20Fiscaliza%C3%A7%C3%A3o%20de%20Tr%C3%A2nsito.pdf\">Edital n\u00b0 57 de 01.12.2020 &#8211; DOE 34.425 de 03.12.2020 -RESULTADO FINAL DEFINITIVO Agente de Fiscaliza\u00e7\u00e3o de Tr\u00e2nsito<\/a><\/strong><\/p><p><strong><a href=\"http:\/\/concursos.fadesp.org.br\/detran2018\/arquivos\/Edital%20n%C2%BA%2056%20-%20Resultado%20Final%20Preliminar%20-%20Detran.pdf\">Edital n\u00ba 56 &#8211; Resultado Final Preliminar &#8211; Detran<\/a><\/strong><\/p><p><strong><a href=\"http:\/\/concursos.fadesp.org.br\/detran2018\/arquivos\/Edital%20n%C2%BA%2055%20de%2023.11.20%20-%20DOE%2034.416%20DE%2024.11.2020%20-%20RES.%20DEFINITIVO%20CURSO%20DE%20FORMA%C3%87%C3%83O%20-%20AG.%20DE%20FISC.%20DE%20TR%C3%82NSITO.pdf\">Edital n\u00ba 55 de 23.11.20 &#8211; DOE 34.416 DE 24.11.2020 &#8211; RES. DEFINITIVO CURSO DE FORMA\u00c7\u00c3O &#8211; AG. DE FISC. DE TR\u00c2NSITO.<\/a><\/strong><\/p><p><strong><a href=\"http:\/\/concursos.fadesp.org.br\/detran2018\/arquivos\/Edital%20n%C2%BA%2054%20de%2023.11.20%20-%20DOE%2034.416%20DE%2024.11.2020%20-%20RES.%20DEFINITIVO%20PROVA%20DO%20C.%20DE%20FORM.%20-%20AG.%20DE%20FISC.%20DE%20TR%C3%82NSITO.pdf\">Edital n\u00ba 54 de 23.11.20 &#8211; DOE 34.416 DE 24.11.2020 &#8211; RES. DEFINITIVO PROVA DO C. DE FORM. &#8211; AG. DE FISC. DE TR\u00c2NSITO.<\/a><\/strong><\/p><p><strong><a href=\"http:\/\/concursos.fadesp.org.br\/detran2018\/arquivos\/Edital%20n%C2%BA%2053%20de%2018.11.2020%20-%20DOE%2034.411%20DE%2018.11.2020%20-%20RESULTADO%20PRELIMINAR%20DA%20PROVA%20DO%20CURSO%20DE%20FORMA%C3%87%C3%83O%20PROFISSIONAL.pdf\">Edital n\u00ba 53 de 18.11.2020 &#8211; DOE 34.411 DE 18.11.2020 &#8211; RESULTADO PRELIMINAR DA PROVA DO CURSO DE FORMA\u00c7\u00c3O PROFISSIONAL.<\/a><\/strong><\/p><p><strong><a href=\"http:\/\/concursos.fadesp.org.br\/detran2018\/arquivos\/Editan%20n%C2%BA%2052%20de%2031.08.20%20-DOE%2034.331%20DE%2001.09.2020-%20CONVOCA%C3%87%C3%83O%20PARA%20TESTAGEM%20PARA%20COVID-19.pdf\">Edital n\u00ba 52 de 31.08.20 -DOE 34.331 DE 01.09.2020- CONVOCA\u00c7\u00c3O PARA TESTAGEM PARA COVID-19<\/a><\/strong><\/p><p><strong><a href=\"..\/wp-content\/uploads\/2020\/08\/Edital-n\u00ba-51-DE-13.08.2020-DOE-34.312-DE-14.08.2020-RETIFICA\u00c7\u00c3O-DE-CRONOGRAMA-C.-DE-FORMA\u00c7\u00c3O-AG.-DE-FISCALIZA\u00c7\u00c3O.pdf\" target=\"_blank\" rel=\"noopener\">Edital n\u00ba 51 DE 13.08.2020- DOE 34.312 DE 14.08.2020- RETIFICA\u00c7\u00c3O DE CRONOGRAMA C. DE FORMA\u00c7\u00c3O &#8211; AG. DE FISCALIZA\u00c7\u00c3O<\/a><\/strong><\/p><p><strong><a href=\"http:\/\/concursos.fadesp.org.br\/detran2018\/arquivos\/Editan%20n%C2%BA%2048%20de%2006.03.20%20-%20DOE%20N%C2%BA%2034.137%20DE%2009.03.2020%20-%20HOM.%20DAS%20MAT.%20DO%20CURSO%20DE%20FORMA%C3%87%C3%83O.pdf\">Edital n\u00ba 48 de 06.03.20 &#8211; DOE N\u00ba 34.137 DE 09.03.2020 &#8211; HOM. DAS MAT. DO CURSO DE FORMA\u00c7\u00c3O<\/a><\/strong><\/p><p><strong><span style=\"color: #000000;\"><a style=\"color: #000000;\" href=\"http:\/\/concursos.fadesp.org.br\/detran2018\/arquivos\/FORMUL%C3%81RIO%20DE%20MATRICULA%20NO%20CURSO%20DE%20FORMA%C3%87%C3%83O.pdf\">FORMUL\u00c1RIO DE MATRICULA NO CURSO DE FORMA\u00c7\u00c3O<\/a><\/span><\/strong><\/p><p><strong><a href=\"http:\/\/concursos.fadesp.org.br\/detran2018\/arquivos\/Edital%20n%C2%B0%2047_2019_SEPLAD-DETRAN-PA%20-%20Convoca%C3%A7%C3%A3o%20para%20a%20Matr%C3%ADcula%20do%20Curso%20de%20Forma%C3%A7%C3%A3o%20Profissional%20de%20Agente%20de%20Fiscaliza%C3%A7%C3%A3o%20de%20Tr%C3%A2nsito.pdf\">Edital n\u00b0 47_2019_SEPLAD-DETRA<wbr \/>N-PA &#8211; Convoca\u00e7\u00e3o para a Matr\u00edcula do Curso de Forma\u00e7\u00e3o Profissional de Agente de Fiscaliza\u00e7\u00e3o de Tr\u00e2nsito<\/a><\/strong><\/p><p><strong><a href=\"http:\/\/concursos.fadesp.org.br\/detran2018\/arquivos\/Edital n\u00b0 45_2019_ SEAD-DETRAN-PA - Resultado Definitivo da 5a Etapa - Agente de Fiscaliza\u00e7\u00e3o de Tr\u00e2nsito.pdf\">Edital n\u00b0 45_2019_ SEAD-DETRAN-PA &#8211; Resultado Definitivo da 5a Etapa &#8211; Agente de Fiscaliza\u00e7\u00e3o de Tr\u00e2nsito<\/a><\/strong><\/p><p><strong><a href=\"..\/midias\/anexos\/Edital-n%C2%B0-44_2019_-SEAD-DETRAN-PA-Resultado-da-3a-Etapa-Sub-Judice-Agente-de-Fiscaliza%C3%A7%C3%A3o-de-Tr%C3%A2nsito.pdf\" target=\"_blank\" rel=\"noopener\">Edital n\u00b0 44 &#8211; Resultado da 3\u00aa Etapa Sub Judice &#8211; Agente de Fiscaliza\u00e7\u00e3o de Tr\u00e2nsito<\/a><\/strong><\/p><p><strong><a href=\"..\/wp-content\/uploads\/2019\/08\/Edital-n\u00ba-43_2019_-SEAD-DETRAN-PA-Resultado-Preliminar-da-5a-Etapa-Agente-de-Fiscaliza\u00e7\u00e3o-de-Tr\u00e2nsito.pdf\" target=\"_blank\" rel=\"noopener\">Edital n\u00b0 43 &#8211; Resultado Preliminar da 5a Etapa &#8211; Agente de Fiscaliza\u00e7\u00e3o de Tr\u00e2nsito<\/a><\/strong><\/p><p><strong><a href=\"..\/wp-content\/uploads\/2019\/08\/Edital-n\u00ba-42_2019_-SEAD-DETRAN-PA-Convoca\u00e7\u00e3o-a-3a-Etapa-Sub-Judice-Agente-de-Fiscaliza\u00e7\u00e3o-de-Tr\u00e2nsito.pdf\" target=\"_blank\" rel=\"noopener\">Edital n\u00b0 42 &#8211; Convoca\u00e7\u00e3o \u00e0 3\u00aa Etapa Sub Judice &#8211; Agente de Fiscaliza\u00e7\u00e3o de Tr\u00e2nsito<\/a><\/strong><\/p><p><strong><a href=\"..\/wp-content\/uploads\/2019\/08\/5a-Etapa-Formul\u00e1rio-de-Entrega-de-Documentos.pdf\" target=\"_blank\" rel=\"noopener\">5\u00aa etapa &#8211; Formul\u00e1rio de Entrega de Documentos<\/a><\/strong><\/p><p><strong><a href=\"http:\/\/concursos.fadesp.org.br\/detran2018\/arquivos\/Edital n\u00b0 41_2019_ SEAD-DETRAN-PA - Convoca\u00e7\u00e3o a 5a Etapa - Entrega de certid\u00e3o negativa da vara de execu\u00e7\u00e3o criminal.pdf\">Edital n\u00b0 41_2019_ SEAD-DETRAN-PA &#8211; Convoca\u00e7\u00e3o a 5a Etapa &#8211; Entrega de certid\u00e3o negativa da vara de execu\u00e7\u00e3o criminal<\/a><\/strong><\/p><p><strong><a href=\"http:\/\/concursos.fadesp.org.br\/detran2018\/arquivos\/Edital n\u00b0 40_2019_ SEAD-DETRAN-PA - Resultado Definitivo da 4a Etapa - Agente de Fiscaliza\u00e7\u00e3o de Tr\u00e2nsito.pdf\">Edital n\u00b0 40_2019_ SEAD-DETRAN-PA &#8211; Resultado Definitivo da 4a Etapa &#8211; Agente de Fiscaliza\u00e7\u00e3o de Tr\u00e2nsito<\/a><\/strong><\/p><p><strong><a href=\"http:\/\/concursos.fadesp.org.br\/detran2018\/arquivos\/Edital%20n%C2%B0%2039_2019_%20SEAD-DETRAN-PA%20-%20Resultado%20Preliminar%20da%204a%20Etapa%20-%20Agente%20de%20Fiscaliza%C3%A7%C3%A3o%20de%20Tr%C3%A2nsito.pdf\">Edital n\u00b0 39_2019_<\/a> <a href=\"http:\/\/concursos.fadesp.org.br\/detran2018\/arquivos\/Edital%20n%C2%B0%2039_2019_%20SEAD-DETRAN-PA%20-%20Resultado%20Preliminar%20da%204a%20Etapa%20-%20Agente%20de%20Fiscaliza%C3%A7%C3%A3o%20de%20Tr%C3%A2nsito.pdf\">SEAD-DETRAN-PA &#8211; Resultado Preliminar da 4\u00aa Etapa (Avalia\u00e7\u00e3o Psicol\u00f3gica) &#8211; Agente de Fiscaliza\u00e7\u00e3o de Tr\u00e2nsito<\/a><\/strong><\/p><p><strong><a href=\"..\/wp-content\/uploads\/2019\/07\/Edital-n\u00ba-38_2019_SEAD-DETRAN-PA-Homologa\u00e7\u00e3o-do-Resultado-Final-do-Cargo-de-Agente-de-Educa\u00e7\u00e3o-de-Tr\u00e1nsito-Republicado.pdf\" target=\"_blank\" rel=\"noopener\">Edital n\u00ba 38_2019 &#8211;\u00a0Homologa\u00e7\u00e3o do Resultado Final Cargo de Agente de Educa\u00e7\u00e3o de Tr\u00e2nsito &#8211; Republicado<\/a><\/strong><\/p><p><strong><a href=\"..\/wp-content\/uploads\/2019\/07\/Edital-n\u00ba-38_2019_SEAD-DETRAN-PA-Homologa\u00e7\u00e3o-do-Resultado-Final-do-Cargo-de-Agente-de-Educa\u00e7\u00e3o-de-Tr\u00e1nsito.pdf\" target=\"_blank\" rel=\"noopener\">Edital n\u00ba 38_2019 &#8211;\u00a0Homologa\u00e7\u00e3o do Resultado Final\u00a0Cargo de Agente de Educa\u00e7\u00e3o de Tr\u00e2nsito<\/a><\/strong><\/p><p><strong><a href=\"..\/wp-content\/uploads\/2019\/07\/Edital-n\u00ba-37_2019-Resultado-Definitivo-do-Cargo-de-Agente-de-Educa\u00e7\u00e3o-de-Tr\u00e2nsito.pdf\" target=\"_blank\" rel=\"noopener\">\u00a0Edital n\u00b0 37_2019 &#8211; Resultado Definitivo do Cargo de Agente de Educa\u00e7\u00e3o de Tr\u00e2nsito<\/a><\/strong><\/p><p><strong><a href=\"..\/midias\/anexos\/575_edital_n_36_2019_sead-detran-pa_-_resultado_preliminar_da_prova_de_conhecimentos_-_agente_de_educacao_de_transito.pdf\">Edital n\u00b0 36_2019 &#8211; Resultado Preliminar da Prova de Conhecimentos &#8211; Agente de Educa\u00e7\u00e3o de Tr\u00e2nsito<\/a><\/strong><\/p><\/td><\/tr><tr><td style=\"font-weight: 400;\" width=\"151\"><strong><a href=\"..\/midias\/anexos\/575_edital_n_35_2019_sead-detran-pa_-_resultado_definitivo_da_prova_discursiva_-_agente_de_educacao_de_transito.pdf\">\u00a0Edital n\u00b0 35_2019 &#8211; Resultado Definitivo da Prova Discursiva &#8211; Agente de Educa\u00e7\u00e3o de Tr\u00e2nsito<\/a><\/strong><\/td><\/tr><tr><td style=\"font-weight: 400;\" width=\"151\"><strong><a href=\"..\/midias\/anexos\/575_edital_n_34_2019__sead-detran-pa_-_convocacao_a_4a_etapa_-_avaliacao_psicologica.pdf\">\u00a0Edital n\u00b0 34_2019 &#8211; Convoca\u00e7\u00e3o \u00e0 4\u00aa Etapa &#8211; Avalia\u00e7\u00e3o Psicol\u00f3gica Cargo Agente de Fiscaliza\u00e7\u00e3o de Tr\u00e2nsito<\/a><\/strong><\/td><\/tr><tr><td style=\"font-weight: 400;\" width=\"151\"><strong><a href=\"..\/midias\/anexos\/575_edital_n_33_2019__sead-detran-pa_-_resultado_definitivo_da_3a_etapa_-_agente_de_fiscalizacao_de_transito.pdf\">Edital n\u00b0 33_2019 &#8211; Resultado Definitivo da 3\u00aa Etapa &#8211; Agente de Fiscaliza\u00e7\u00e3o de Tr\u00e2nsito<\/a><\/strong><\/td><\/tr><tr><td style=\"font-weight: 400;\" width=\"151\"><strong><a href=\"http:\/\/concursos.fadesp.org.br\/detran2018educacao\/arquivos\/GRADE%20DE%20CORRE%C3%87%C3%83O%20-%20PROVA%20DISCURSIVA%20-%20AGENTE%20DE%20EDUCA%C3%87%C3%83O%20DETRAN%20PA%202019.pdf\">GRADE DE CORRE\u00c7\u00c3O &#8211; PROVA DISCURSIVA &#8211; AGENTE DE EDUCA\u00c7\u00c3O DETRAN PA 2019<\/a><\/strong><\/td><\/tr><tr><td style=\"font-weight: 400;\" width=\"151\"><strong><a href=\"http:\/\/concursos.fadesp.org.br\/detran2018educacao\/arquivos\/Edital%20n%C2%B0%2032_2019_SEAD-DETRAN-PA%20-%20Resultado%20Preliminar%20da%20Prova%20Discursiva%20-%20Agente%20de%20Educa%C3%A7%C3%A3o%20de%20Tr%C3%A2nsito.pdf\">Edital n\u00b0 32_2019_SEAD-DETRAN-PA &#8211; Resultado Preliminar da Prova Discursiva &#8211; Agente de Educa\u00e7\u00e3o de Tr\u00e2nsito\u00a0<\/a><\/strong><\/td><\/tr><tr><td style=\"font-weight: 400;\" width=\"151\"><strong><a href=\"http:\/\/concursos.fadesp.org.br\/detran2018educacao\/arquivos\/Resultado%20Geral%20Definitivo%20da%20Prova%20Objetiva%20-%20Agente%20de%20Educa%C3%A7%C3%A3o%20de%20Tr%C3%A2nsito.pdf\">Resultado Geral Definitivo da Prova Objetiva &#8211; Agente de Educa\u00e7\u00e3o de Tr\u00e2nsito\u00a0<\/a><\/strong><\/td><\/tr><tr><td style=\"font-weight: 400;\" width=\"151\"><strong><a href=\"..\/midias\/anexos\/575_edital_n_31_2019__sead-detran-pa_-_resultado_preliminar_da_3a_etapa_-_agente_de_fiscalizacao_de_transito.pdf\">Edital n\u00b0 31_2019 &#8211; Resultado Preliminar da 3a Etapa &#8211; Agente de Fiscaliza\u00e7\u00e3o de Tr\u00e2nsito\u00a0<\/a><\/strong><\/td><\/tr><tr><td style=\"font-weight: 400;\" width=\"151\"><strong><a href=\"..\/midias\/anexos\/575_edital_n_30_2019_sead-detran-pa_-_resultado_definitivo_da_prova_objetiva_de_agente_de_educacao__de_transito.pdf\">Edital n\u00b0 30_2019 &#8211; Resultado Definitivo da Prova Objetiva de Agente de Educa\u00e7\u00e3o de Tr\u00e2nsito<\/a><\/strong><\/td><\/tr><tr><td style=\"font-weight: 400;\" width=\"151\"><strong><a href=\"http:\/\/concursos.fadesp.org.br\/detran2018educacao\/arquivos\/Resultado%20Geral%20da%20Prova%20Objetiva%20-%20Agente%20de%20Educa%C3%A7%C3%A3o%20de%20Tr%C3%A2nsito.pdf\">Resultado Geral da Prova Objetiva &#8211; Agente de Educa\u00e7\u00e3o de Tr\u00e2nsito\u00a0<\/a><\/strong><\/td><\/tr><tr><td style=\"font-weight: 400;\" width=\"151\"><strong><a href=\"..\/midias\/anexos\/575_edital_n_29_2019__sead-detran-pa_-_convocacao_a_3a_etapa_-_agente_de_fiscalizacao_de_transito.pdf\">Edital n\u00b0 29_2019 &#8211; Convoca\u00e7\u00e3o a 3a Etapa &#8211; Agente de Fiscaliza\u00e7\u00e3o de Tr\u00e2nsito\u00a0<\/a><\/strong><\/td><\/tr><tr><td style=\"font-weight: 400;\" width=\"151\"><strong><a href=\"..\/midias\/anexos\/575_edital_n_28_2019__sead-detran-pa_-_resultado_definitivo_da_2a_etapa_-_agente_de_fiscalizacao_de_transito.pdf\">\u00a0Edital n\u00b0 28_2019 &#8211; Resultado Definitivo da 2a Etapa &#8211; Agente de Fiscaliza\u00e7\u00e3o de Tr\u00e2nsito<\/a><\/strong><\/td><\/tr><tr><td style=\"font-weight: 400;\" width=\"151\"><strong><a href=\"..\/midias\/anexos\/Copia(01)_575_edital_n__27_2019_sead-detran-pa_-_resultado_preliminar_da_prova_objetiva_de_agente_de_educacao__de_transito.pdf\">Edital n\u00b0 27_2019 &#8211; Resultado Preliminar da Prova Objetiva de Agente de Educa\u00e7\u00e3o de Tr\u00e2nsito<\/a><\/strong><\/td><\/tr><tr><td style=\"font-weight: 400;\" width=\"151\"><strong><a href=\"..\/midias\/anexos\/575_edital_n_26_2019__sead-detran-pa_-_retificacao_do_calendario_de_execucao_do_concurso_de_agente_de_educacao_de_transito.pdf\">Edital n\u00b0 26_2019 &#8211; Retifica\u00e7\u00e3o do Calend\u00e1rio de Execu\u00e7\u00e3o do Concurso de Agente de Educa\u00e7\u00e3o de Tr\u00e2nsito\u00a0\u00a0<\/a><\/strong><\/td><\/tr><tr><td style=\"font-weight: 400;\" width=\"151\"><strong><a href=\"..\/midias\/anexos\/575_edital_n_25_2019__sead-detran-pa_-_resultado_preliminar_da_2a_etapa_-_agente_de_fiscalizacao_de_transito.pdf\">\u00a0Edital n\u00b0 25_2019 &#8211; Resultado Preliminar da 2a Etapa &#8211; Agente de Fiscaliza\u00e7\u00e3o de Tr\u00e2nsito<\/a><\/strong><\/td><\/tr><\/tbody><\/table><p><strong><a href=\"..\/midias\/anexos\/575_gabarito_oficial_definitivo_-_agente_de_eduacao_de_transito.pdf\">GABARITO OFICIAL DEFINITIVO &#8211; AGENTE DE EDUCA\u00c7\u00c3O DE TR\u00c2NSITO<\/a><\/strong><\/p><\/td><\/tr><tr><td width=\"241\"><strong><a href=\"..\/midias\/anexos\/575_edital_n_24_2019__sead-detran-pa_-_gabarito_definitivo_da_prova_de_agente_de_educacao_de_transito.pdf\">Edital n\u00b0 24_2019 &#8211; Gabarito Definitivo da Prova de Agente de Educa\u00e7\u00e3o de Tr\u00e2nsito<\/a><\/strong><\/td><\/tr><tr><td width=\"241\"><strong><a href=\"..\/midias\/anexos\/575_edital_n_23_2019__sead-detran-pa_-_gabarito_preliminar_da_prova_de_agente_de_educacao_de_transito.pdf\">\u00a0Edital n\u00b0 23_2019 &#8211; Gabarito Preliminar da Prova de Agente de Educa\u00e7\u00e3o de Tr\u00e2nsito<\/a><\/strong><\/td><\/tr><tr><td width=\"241\"><strong><a href=\"http:\/\/concursos.fadesp.org.br\/detran2018educacao\/arquivos\/AGENTE%20DE%20EDUCA%C3%87%C3%83O%20DE%20TR%C3%82NSITO%20-%20PROVA%202%20-%20COR%20AMARELA%20-%20DIA%2028-04-2019.pdf\">AGENTE DE EDUCA\u00c7\u00c3O DE TR\u00c2NSITO &#8211; PROVA 2 &#8211; COR AMARELA &#8211; DIA 28-04-2019<\/a><\/strong><\/td><\/tr><tr><td width=\"241\"><strong><a href=\"http:\/\/concursos.fadesp.org.br\/detran2018educacao\/arquivos\/AGENTE%20DE%20EDUCA%C3%87%C3%83O%20DE%20TR%C3%82NSITO%20-%20PROVA%201%20-%20COR%20BRANCA%20-%20DIA%2028-04-2019.pdf\">AGENTE DE EDUCA\u00c7\u00c3O DE TR\u00c2NSITO &#8211; PROVA 1 &#8211; COR BRANCA &#8211; DIA 28-04-2019<\/a><\/strong><\/td><\/tr><tr><td width=\"241\"><strong><a href=\"http:\/\/concursos.fadesp.org.br\/detran2018educacao\/arquivos\/GABARITO%20OFICIAL%20PRELIMINAR%20-%20AGENTE%20DE%20EDUA%C3%87%C3%83O%20DE%20TR%C3%82NSITO.pdf\">\u00a0GABARITO OFICIAL PRELIMINAR &#8211; AGENTE DE EDUA\u00c7\u00c3O DE TR\u00c2NSITO<\/a><\/strong><\/td><\/tr><tr><td width=\"241\"><strong><a href=\"..\/midias\/anexos\/575_edital_n_22_2019__sead-detran-pa_-_convocacao_a_2a_etapa_-_agente_de_fiscalizacao_de_transito.pdf\">\u00a0Edital n\u00b0 22_2019 &#8211; Convoca\u00e7\u00e3o a 2a Etapa &#8211; Agente de Fiscaliza\u00e7\u00e3o de Tr\u00e2nsito<\/a><\/strong><\/td><\/tr><tr><td width=\"241\"><strong><a href=\"..\/wp-content\/uploads\/2019\/08\/Edital-n\u00b0-21_2019_-SEAD-DETRAN-PA-Retifica\u00e7\u00e3o-do-Calend\u00e1rio-de-Execu\u00e7\u00e3o-do-Concurso-de-Agente-de-Fiscaliza\u00e7\u00e3o-de-Tr\u00e2nsito.pdf\" target=\"_blank\" rel=\"noopener\">Edital n\u00b0 21_2019 &#8211; Retifica\u00e7\u00e3o do Calend\u00e1rio de Execu\u00e7\u00e3o do Concurso de Agente de Fiscaliza\u00e7\u00e3o de Tr\u00e2nsito<\/a><\/strong><\/td><\/tr><tr><td width=\"241\"><strong><a href=\"..\/midias\/anexos\/575_edital_n_20_2019_sead-detran-pa_-_resultado_definitivo_da_prova_de_conhecimentos_-_agente_de_fiscalizacao_de_transito.pdf\">Edital n\u00b0 20_2019 &#8211; Resultado Definitivo da Prova de Conhecimentos &#8211; Agente de Fiscaliza\u00e7\u00e3o de Tr\u00e2nsito<\/a><\/strong><\/td><\/tr><tr><td width=\"241\"><strong><a href=\"..\/midias\/anexos\/575_resulatado_definitivo_da_avaliacao_de_conhecimentos.pdf\">\u00a0Resultado Definitivo da Avalia\u00e7\u00e3o de Conhecimentos<\/a><\/strong><\/td><\/tr><tr><td width=\"241\"><strong><a href=\"..\/midias\/anexos\/575_edital_n_19_2019_sead-detran-pa_-_resultado_preliminar_da_prova_de_conhecimentos_-_agente_de_fiscalizacao_de_transito.pdf\">Edital n\u00b0 19_2019 &#8211; Resultado Preliminar da Prova de Conhecimentos &#8211; Agente de Fiscaliza\u00e7\u00e3o de Tr\u00e2nsito<\/a><\/strong><\/td><\/tr><tr><td width=\"241\"><strong><a href=\"..\/midias\/anexos\/575_edital_n_18_2019_sead-detran-pa_-_resultado_definitiva_da_prova_discursiva_-_agente_de_fiscalizacao_de_transito.pdf\">\u00a0Edital n\u00b0 18_2019 &#8211; Resultado Definitiva da Prova Discursiva &#8211; Agente de Fiscaliza\u00e7\u00e3o de Tr\u00e2nsito<\/a><\/strong><\/td><\/tr><tr><td width=\"241\"><strong><a href=\"..\/midias\/anexos\/575_edital_n_17_2019_sead-detran-pa_-_pontuacao_da_prova_de_redacao_-_agente_de_fiscalizacao_de_transito.pdf\">Edital n\u00b0 17_2019 &#8211; Pontua\u00e7\u00e3o da Prova de Reda\u00e7\u00e3o &#8211; Agente de Fiscaliza\u00e7\u00e3o de Tr\u00e2nsito<\/a><\/strong><\/td><\/tr><tr><td width=\"241\"><strong><a href=\"..\/midias\/anexos\/575_grade_de_correcao_da_prova_discursiva.pdf\">\u00a0Grade de Corre\u00e7\u00e3o da Prova Discursiva<\/a><\/strong><\/td><\/tr><tr><td width=\"241\"><strong><a href=\"..\/midias\/anexos\/575_edital_n_16_2019_sead-detran-pa_-_candidatos_aptos_a_correcao_da_redacao_-_agente_de_fiscalizacao.pdf\">Edital n 16_2019 &#8211; Candidatos Aptos a Corre\u00e7\u00e3o da Reda\u00e7\u00e3o &#8211; Agente de Fiscaliza\u00e7\u00e3o<\/a><\/strong><\/td><\/tr><tr><td width=\"241\"><strong><a href=\"..\/midias\/anexos\/575_edital_n_15_2019_sead-detran-pa_-_resultado_definitivo_da_prova_objetiva_de_agente_de_fiscalizacao_de_transito.pdf\">Edital n 15_2019 &#8211; Resultado Definitivo da Prova Objetiva de Agente de Fiscaliza\u00e7\u00e3o de Tr\u00e2nsito\u00a0<\/a><\/strong><\/td><\/tr><tr><td width=\"241\"><strong><a href=\"http:\/\/concursos.fadesp.org.br\/detran2018\/arquivos\/Edital%20n%C2%B0%2014_2019_SEAD-DETRAN-PA%20-%20Pontua%C3%A7%C3%A3o%20da%20Prova%20Objetiva%20de%20Agente%20de%20Fiscaliza%C3%A7%C3%A3o%20de%20Tr%C3%A2nsito.pdf\">Edital n\u00b0 14_2019_SEAD-DETRAN-PA &#8211; Pontua\u00e7\u00e3o da Prova Objetiva de Agente de Fiscaliza\u00e7\u00e3o de Tr\u00e2nsito\u00a0<\/a><\/strong><\/td><\/tr><tr><td width=\"241\"><strong><a href=\"..\/midias\/anexos\/575_edital_n_13_2019__sead-detran-pa_-_gabarito_definitivo_da_prova_de_agente_de_fiscalizacao_de_transito.pdf\">\u00a0Edital n\u00b0 13_2019 &#8211; Gabarito Definitivo da Prova de Agente de Fiscaliza\u00e7\u00e3o de Tr\u00e2nsito<\/a><\/strong><\/td><\/tr><tr><td width=\"241\"><strong><a href=\"..\/midias\/anexos\/Copia(01)_575_edital_n_12_2019__sead-detran-pa_-_retificacao_do_calendario_de_execucao_do_concurso_de_agente_de_educacao_de_transito.pdf\">\u00a0Edital n\u00b0 12_2019_ SEAD-DETRAN-PA &#8211; Retifica\u00e7\u00e3o do Calend\u00e1rio de Execu\u00e7\u00e3o do Concurso de Agente de Educa\u00e7\u00e3o de Tr\u00e2nsito\u00a0<\/a><\/strong><\/td><\/tr><tr><td width=\"241\"><strong><a href=\"..\/midias\/anexos\/575_edital_n_11_2019__sead-detran-pa_-_gabarito_da_prova_de_agente_de_fiscalizacao_de_transito.pdf\">Edital n\u00b0 11_2019_ SEAD-DETRAN-PA &#8211; Gabarito Preliminar da Prova de Agente de Fiscaliza\u00e7\u00e3o de Tr\u00e2nsito<\/a><\/strong><\/td><\/tr><tr><td width=\"241\"><strong><a href=\"http:\/\/concursos.fadesp.org.br\/detran2018\/arquivos\/GABARITO%20OFICIAL%20DEFINITIVO%20-%20AGENTE%20DE%20FISCALIZA%C3%87%C3%83O%20DE%20TR%C3%82NSITO%20-%20TARDE.pdf\">GABARITO OFICIAL DEFINITIVO &#8211; AGENTE DE FISCALIZA\u00c7\u00c3O DE TR\u00c2NSITO<\/a><\/strong><\/td><\/tr><tr><td width=\"241\"><strong><a href=\"http:\/\/concursos.fadesp.org.br\/detran2018\/arquivos\/GABARITO%20OFICIAL%20PRELIMINAR%20-%20AGENTE%20DE%20FISCALIZA%C3%87%C3%83O%20DE%20TR%C3%82NSITO%20-%20TARDE.pdf\">GABARITO OFICIAL PRELIMINAR &#8211; AGENTE DE FISCALIZA\u00c7\u00c3O DE TR\u00c2NSITO &#8211; TARDE<\/a><\/strong><\/td><\/tr><tr><td width=\"241\"><strong><a href=\"http:\/\/concursos.fadesp.org.br\/detran2018\/arquivos\/AGENTE%20DE%20FISCALIZA%C3%87%C3%83O%20DE%20TR%C3%82NSITO%20-%20PROVA%202%20-%20COR%20AMARELA.pdf\">AGENTE DE FISCALIZA\u00c7\u00c3O DE TR\u00c2NSITO &#8211; PROVA 2 &#8211; COR AMARELA<\/a><\/strong><\/td><\/tr><tr><td width=\"241\"><strong><a href=\"http:\/\/concursos.fadesp.org.br\/detran2018\/arquivos\/AGENTE%20DE%20FISCALIZA%C3%87%C3%83O%20DE%20TR%C3%82NSITO%20-%20PROVA%201%20-%20COR%20BRANCA.pdf\">\u00a0AGENTE DE FISCALIZA\u00c7\u00c3O DE TR\u00c2NSITO &#8211; PROVA 1 &#8211; COR BRANCA<\/a><\/strong><\/td><\/tr><tr><td width=\"241\"><strong><a href=\"..\/midias\/anexos\/575_detran_-_nota_sobre_cancelamento_de_prova.pdf\">Nota sobre cancelamento da prova para Agente de Educa\u00e7\u00e3o de Tr\u00e2nsito\u00a0<\/a><\/strong><\/td><\/tr><tr><td width=\"241\"><strong><a href=\"https:\/\/www2.ceps.ufpa.br\/fiscal_fadesp\/avisos\/2019\/concurso_detran\/FISCAIS_SORTEADOS_TARDE_CHAMADA1.pdf\">Fiscais sorteados &#8211; Tarde\u00a0<\/a><\/strong><\/td><\/tr><tr><td width=\"241\"><strong><a href=\"https:\/\/www2.ceps.ufpa.br\/fiscal_fadesp\/avisos\/2019\/concurso_detran\/FISCAIS_SORTEADOS_MANHA_CHAMADA1.pdf\">Fiscais sorteados &#8211; Manh\u00e3\u00a0<\/a><\/strong><\/td><\/tr><tr><td width=\"241\"><strong><a href=\"..\/midias\/anexos\/575_edital_n_10_2019__sead-detran-pa_-_resultado_definitivo_de_candidatos_que_solicitaram_atendimento_especial_no_dia_das_provas.pdf\">Edital n\u00b0 10_2019 &#8211; Resultado Definitivo de Candidatos que solicitaram atendimento especial no dia das provas<\/a><\/strong><\/td><\/tr><tr><td width=\"241\"><strong><a href=\"..\/midias\/anexos\/575_edital_n_09_2019__sead-detran-pa_-_resultado_definitivo_de_pcd_inscritos.pdf\">Edital n\u00b0 09_2019 &#8211; Resultado Definitivo de PcD Inscritos<\/a><\/strong><\/td><\/tr><tr><td width=\"241\"><strong><a href=\"..\/midias\/anexos\/575_candidatas_nao_contempladas_com_atendimento_especial_de_lactantes.pdf\">Candidatas N\u00c3O contempladas com atendimento especial de lactantes<\/a><\/strong><\/td><\/tr><tr><td width=\"241\"><strong><a href=\"..\/midias\/anexos\/575_demanda_de_inscritos.pdf\">Demanda de Inscritos<\/a><\/strong><\/td><\/tr><tr><td width=\"241\"><strong><a href=\"..\/midias\/anexos\/575_candidatos_com_inscricao_homologada.pdf\">Candidatos com Inscri\u00e7\u00e3o Homologada\u00a0<\/a><\/strong><\/td><\/tr><tr><td width=\"241\"><strong><a href=\"..\/midias\/anexos\/575_edital_n_08_2019__sead-detran-pa_-_homologacao_das_inscricoes.pdf\">Edital n\u00b0 08_2019 &#8211; Homologa\u00e7\u00e3o das Inscri\u00e7\u00f5es<\/a><\/strong><\/td><\/tr><tr><td width=\"241\"><strong><a href=\"..\/midias\/anexos\/575_edital_n_07_2018__sead-detran-pa_-_resultado_preliminar_de_candidatos_que_solicitaram_atendimento_especial_no_dia_das_provas.pdf\">Edital n\u00b0 07_2018 &#8211; Resultado Preliminar de Candidatos que solicitaram atendimento especial no dia das provas<\/a><\/strong><\/td><\/tr><tr><td width=\"241\"><strong><a href=\"..\/midias\/anexos\/575_edital_n_06_2018__sead-detran-pa_-_resultado_preliminar_de_pcd_inscritos.pdf\">\u00a0Edital n\u00b0 06_2018- Resultado Preliminar de PcD Inscritos<\/a><\/strong><\/td><\/tr><tr><td width=\"241\"><strong><a href=\"..\/midias\/anexos\/575_edital_n_05_2018__sead-detran-pa_-_resultado_definitivo_de_isencao_de_taxa_de_inscricao.pdf\">Edital n\u00b0 05_2018 &#8211; Resultado Definitivo de Isen\u00e7\u00e3o de Taxa de Inscri\u00e7\u00e3o<\/a><\/strong><\/td><\/tr><tr><td width=\"241\"><strong><a href=\"http:\/\/concursos.fadesp.org.br\/detran2018\/arquivos\/Candidatos%20Contemplados%20com%20Isen%C3%A7%C3%A3o%20de%20Taxa%20de%20Inscri%C3%A7%C3%A3o%20Apenas%20no%20Cargos%20de%20Agente%20de%20Educa%C3%A7%C3%A3o%20de%20Tr%C3%A2nsito.pdf\">Candidatos que possuem duas inscri\u00e7\u00f5es no sistema, Contemplados com Isen\u00e7\u00e3o de Taxa de Inscri\u00e7\u00e3o Apenas no Cargo de Agente de Educa\u00e7\u00e3o de Tr\u00e2nsito\u00a0<\/a><\/strong><\/td><\/tr><tr><td width=\"241\"><strong><a href=\"http:\/\/concursos.fadesp.org.br\/detran2018\/arquivos\/Resultado%20dos%20Candidatos%20N%C3%83O%20Contemplados%20com%20Isen%C3%A7%C3%A3o%20de%20Taxa%20de%20Inscri%C3%A7%C3%A3o%20-%20Ap%C3%B3s%20Fase%20de%20Recursos.pdf\">Resultado dos Candidatos N\u00c3O Contemplados com Isen\u00e7\u00e3o de Taxa de Inscri\u00e7\u00e3o &#8211; Ap\u00f3s Fase de Recursos\u00a0<\/a><\/strong><\/td><\/tr><tr><td width=\"241\"><strong><a href=\"http:\/\/concursos.fadesp.org.br\/detran2018\/arquivos\/Edital%20n%C2%B0%2004_2018_%20SEAD-DETRAN-PA%20-%20Complementa%C3%A7%C3%A3o%20de%20Candidatos%20Contemplados%20com%20Isen%C3%A7%C3%A3o%20de%20Taxa%20de%20Inscri%C3%A7%C3%A3o%20-%20Ap%C3%B3s%20Fase%20de%20Recursos.pdf\">Edital n\u00b0 04_2018_ SEAD-DETRAN-PA &#8211; Complementa\u00e7\u00e3o de Candidatos Contemplados com Isen\u00e7\u00e3o de Taxa de Inscri\u00e7\u00e3o &#8211; Ap\u00f3s Fase de Recursos<\/a><\/strong><\/td><\/tr><tr><td width=\"241\"><strong><a href=\"http:\/\/concursos.fadesp.org.br\/detran2018\/arquivos\/Candidatos%20Contemplados%20com%20Isen%C3%A7%C3%A3o%20de%20Taxa%20de%20Inscri%C3%A7%C3%A3o%20Apenas%20no%20Cargos%20de%20Agente%20de%20Educa%C3%A7%C3%A3o%20de%20Tr%C3%A2nsito.pdf\">Candidatos Contemplados com Isen\u00e7\u00e3o de Taxa de Inscri\u00e7\u00e3o Apenas no Cargos de Agente de Educa\u00e7\u00e3o de Tr\u00e2nsito<\/a><\/strong><\/td><\/tr><tr><td width=\"241\"><strong><a href=\"http:\/\/concursos.fadesp.org.br\/detran2018\/arquivos\/Resultado%20dos%20Candidatos%20N%C3%83O%20Contemplados%20com%20Isen%C3%A7%C3%A3o%20de%20Taxa%20de%20Inscri%C3%A7%C3%A3o%20-%20Ap%C3%B3s%20Fase%20de%20Recursos.pdf\">Resultado dos Candidatos N\u00c3O Contemplados com Isen\u00e7\u00e3o de Taxa de Inscri\u00e7\u00e3o &#8211; Ap\u00f3s Fase de Recursos<\/a><\/strong><\/td><\/tr><tr><td width=\"241\"><strong><a href=\"http:\/\/concursos.fadesp.org.br\/detran2018\/arquivos\/Edital%20n%C2%B0%2004_2018_%20SEAD-DETRAN-PA%20-%20Complementa%C3%A7%C3%A3o%20de%20Candidatos%20Contemplados%20com%20Isen%C3%A7%C3%A3o%20de%20Taxa%20de%20Inscri%C3%A7%C3%A3o%20-%20Ap%C3%B3s%20Fase%20de%20Recursos.pdf\">Edital n\u00b0 04_2018_ SEAD-DETRAN-PA &#8211; Complementa\u00e7\u00e3o de Candidatos Contemplados com Isen\u00e7\u00e3o de Taxa de Inscri\u00e7\u00e3o &#8211; Ap\u00f3s Fase de Recursos<\/a><\/strong><\/td><\/tr><tr><td width=\"241\"><strong><a href=\"..\/midias\/anexos\/575_resultado_preliminar_dos_candidatos_nao_contemplados_com_isencao_de_taxa_de_inscricao.pdf\">Resultado Preliminar dos Candidatos N\u00c3O Contemplados com Isen\u00e7\u00e3o de Taxa de Inscri\u00e7\u00e3o<\/a><\/strong><\/td><\/tr><tr><td width=\"241\"><strong><a href=\"..\/midias\/anexos\/575_edital_n_03_2018__sead-detran-pa_-_candidatos_contemplados_com_isencao_de_taxa_de_inscricao.pdf\">\u00a0Edital n 03_2018 &#8211; Candidatos Contemplados com Isen\u00e7\u00e3o de Taxa de Inscri\u00e7\u00e3o<\/a><\/strong><\/td><\/tr><tr><td width=\"241\"><strong><a href=\"..\/midias\/anexos\/575_edital_n_02_2018__sead-detran-pa_-_1a_retificacao_do_edital_de_abertura.pdf\">\u00a0Edital n\u00b0 02_2018 &#8211; 1a Retifica\u00e7\u00e3o do Edital de Abertura<\/a><\/strong><\/td><\/tr><tr><td width=\"241\"><strong><a href=\"..\/midias\/anexos\/575_formulario_-_amamentacao_e_outros_atendimentos_especias.pdf\">Formul\u00e1rio &#8211; Amamenta\u00e7\u00e3o e Outros Atendimentos Especias\u00a0<\/a><\/strong><\/td><\/tr><tr><td width=\"241\"><strong><a href=\"..\/midias\/anexos\/575_formulario_de_pessoa_com_deficiencia.pdf\">\u00a0Formul\u00e1rio de Pessoa com Defici\u00eancia<\/a><\/strong><\/td><\/tr><tr><td width=\"241\"><strong><a href=\"..\/midias\/anexos\/575_tabela_de_cargos.pdf\">Tabela de Cargos\u00a0<\/a><\/strong><\/td><\/tr><tr><td width=\"241\"><strong><a href=\"..\/midias\/anexos\/575_edital_n_01_2018_sead-detran_-_edital_de_abertura.pdf\">Edital n\u00b0 01_2018 &#8211; Edital de Abertura\u00a0<\/a><\/strong><\/td><\/tr><\/tbody><\/table><p style=\"text-align: center;\"><strong>\u200b<\/strong><\/p><p style=\"text-align: center;\"><strong>\u00a0Informa\u00e7\u00f5es no setor de Concursos<\/strong><\/p><p style=\"text-align: center;\"><strong>das 8h \u00e0s 17h<\/strong><br \/><strong>(91) 4005-7446 \/ 7433 concursos@fadesp.org.br\u00a0<\/strong><\/p>\t\t\t\t\t\t\t\t<\/div>\n\t\t\t\t<\/div>\n\t\t\t\t\t<\/div>\n\t\t<\/div>\n\t\t\t\t\t<\/div>\n\t\t<\/section>\n\t\t\t\t\t<\/div>\n\t\t<\/div>\n\t\t\t\t\t<\/div>\n\t\t<\/section>\n\t\t\t\t<\/div>\n\t\t","protected":false},"excerpt":{"rendered":"<p>DETRAN &#8211; 2018 A Secretaria de Estado de Administra\u00e7\u00e3o (SEAD) e o Departamento de Tr\u00e2nsito do Estado do Par\u00e1 (DETRAN) tornam p\u00fablica a realiza\u00e7\u00e3o de concurso para o preenchimento de vagas em cargos de n\u00edvel M\u00e9dio, conforme as condi\u00e7\u00f5es estabelecidas no edital.\u00a0 Vagas &#8211;\u00a0100 Cargos &#8211;\u00a0Agente de Fiscaliza\u00e7\u00e3o de Tr\u00e2nsito (66) e Agente de Educa\u00e7\u00e3o [&hellip;]<\/p>\n","protected":false},"author":9,"featured_media":0,"parent":329,"menu_order":51,"comment_status":"closed","ping_status":"closed","template":"","meta":{"_monsterinsights_skip_tracking":false,"_monsterinsights_sitenote_active":false,"_monsterinsights_sitenote_note":"","_monsterinsights_sitenote_category":0,"footnotes":""},"class_list":["post-1316","page","type-page","status-publish","hentry","entry"],"yoast_head":"<!-- This site is optimized with the Yoast SEO plugin v25.1 - https:\/\/yoast.com\/wordpress\/plugins\/seo\/ -->\n<title>DETRAN Par\u00e1 \u2013 2018 - FADESP<\/title>\n<meta name=\"robots\" content=\"index, follow, max-snippet:-1, max-image-preview:large, max-video-preview:-1\" \/>\n<link rel=\"canonical\" href=\"https:\/\/portalfadesp.org.br\/?page_id=1316\" \/>\n<meta property=\"og:locale\" content=\"pt_BR\" \/>\n<meta property=\"og:type\" content=\"article\" \/>\n<meta property=\"og:title\" content=\"DETRAN Par\u00e1 \u2013 2018 - FADESP\" \/>\n<meta property=\"og:description\" content=\"DETRAN &#8211; 2018 A Secretaria de Estado de Administra\u00e7\u00e3o (SEAD) e o Departamento de Tr\u00e2nsito do Estado do Par\u00e1 (DETRAN) tornam p\u00fablica a realiza\u00e7\u00e3o de concurso para o preenchimento de vagas em cargos de n\u00edvel M\u00e9dio, conforme as condi\u00e7\u00f5es estabelecidas no edital.\u00a0 Vagas &#8211;\u00a0100 Cargos &#8211;\u00a0Agente de Fiscaliza\u00e7\u00e3o de Tr\u00e2nsito (66) e Agente de Educa\u00e7\u00e3o [&hellip;]\" \/>\n<meta property=\"og:url\" content=\"https:\/\/portalfadesp.org.br\/?page_id=1316\" \/>\n<meta property=\"og:site_name\" content=\"FADESP\" \/>\n<meta property=\"article:publisher\" content=\"https:\/\/www.facebook.com\/Fadesp-138351949524662\/\" \/>\n<meta property=\"article:modified_time\" content=\"2022-12-20T14:25:32+00:00\" \/>\n<meta name=\"twitter:card\" content=\"summary_large_image\" \/>\n<meta name=\"twitter:site\" content=\"@Fadesp\" \/>\n<meta name=\"twitter:label1\" content=\"Est. tempo de leitura\" \/>\n\t<meta name=\"twitter:data1\" content=\"7 minutos\" \/>\n<script type=\"application\/ld+json\" class=\"yoast-schema-graph\">{\"@context\":\"https:\/\/schema.org\",\"@graph\":[{\"@type\":\"WebPage\",\"@id\":\"https:\/\/portalfadesp.org.br\/?page_id=1316\",\"url\":\"https:\/\/portalfadesp.org.br\/?page_id=1316\",\"name\":\"DETRAN Par\u00e1 \u2013 2018 - FADESP\",\"isPartOf\":{\"@id\":\"https:\/\/portalfadesp.org.br\/#website\"},\"datePublished\":\"2018-12-21T11:32:36+00:00\",\"dateModified\":\"2022-12-20T14:25:32+00:00\",\"breadcrumb\":{\"@id\":\"https:\/\/portalfadesp.org.br\/?page_id=1316#breadcrumb\"},\"inLanguage\":\"pt-BR\",\"potentialAction\":[{\"@type\":\"ReadAction\",\"target\":[\"https:\/\/portalfadesp.org.br\/?page_id=1316\"]}]},{\"@type\":\"BreadcrumbList\",\"@id\":\"https:\/\/portalfadesp.org.br\/?page_id=1316#breadcrumb\",\"itemListElement\":[{\"@type\":\"ListItem\",\"position\":1,\"name\":\"In\u00edcio\",\"item\":\"https:\/\/portalfadesp.org.br\/\"},{\"@type\":\"ListItem\",\"position\":2,\"name\":\"Concursos &#8211; Homologados\",\"item\":\"https:\/\/portalfadesp.org.br\/?page_id=329\"},{\"@type\":\"ListItem\",\"position\":3,\"name\":\"DETRAN Par\u00e1 \u2013 2018\"}]},{\"@type\":\"WebSite\",\"@id\":\"https:\/\/portalfadesp.org.br\/#website\",\"url\":\"https:\/\/portalfadesp.org.br\/\",\"name\":\"FADESP\",\"description\":\"Funda\u00e7\u00e3o de Amparo e Desenvolvimento da Pesquisa\",\"publisher\":{\"@id\":\"https:\/\/portalfadesp.org.br\/#organization\"},\"potentialAction\":[{\"@type\":\"SearchAction\",\"target\":{\"@type\":\"EntryPoint\",\"urlTemplate\":\"https:\/\/portalfadesp.org.br\/?s={search_term_string}\"},\"query-input\":{\"@type\":\"PropertyValueSpecification\",\"valueRequired\":true,\"valueName\":\"search_term_string\"}}],\"inLanguage\":\"pt-BR\"},{\"@type\":\"Organization\",\"@id\":\"https:\/\/portalfadesp.org.br\/#organization\",\"name\":\"FADESP\",\"url\":\"https:\/\/portalfadesp.org.br\/\",\"logo\":{\"@type\":\"ImageObject\",\"inLanguage\":\"pt-BR\",\"@id\":\"https:\/\/portalfadesp.org.br\/#\/schema\/logo\/image\/\",\"url\":\"https:\/\/portalfadesp.org.br\/wp-content\/uploads\/2024\/01\/NOVOLOGOFADESPlaranjaH.png\",\"contentUrl\":\"https:\/\/portalfadesp.org.br\/wp-content\/uploads\/2024\/01\/NOVOLOGOFADESPlaranjaH.png\",\"width\":2742,\"height\":839,\"caption\":\"FADESP\"},\"image\":{\"@id\":\"https:\/\/portalfadesp.org.br\/#\/schema\/logo\/image\/\"},\"sameAs\":[\"https:\/\/www.facebook.com\/Fadesp-138351949524662\/\",\"https:\/\/x.com\/Fadesp\",\"https:\/\/www.instagram.com\/fadesp_ufpa\/\",\"https:\/\/www.youtube.com\/@fundacaodeamparoedesenvolv1903\",\"https:\/\/www.threads.net\/@fadesp_ufpa\"]}]}<\/script>\n<!-- \/ Yoast SEO plugin. -->","yoast_head_json":{"title":"DETRAN Par\u00e1 \u2013 2018 - FADESP","robots":{"index":"index","follow":"follow","max-snippet":"max-snippet:-1","max-image-preview":"max-image-preview:large","max-video-preview":"max-video-preview:-1"},"canonical":"https:\/\/portalfadesp.org.br\/?page_id=1316","og_locale":"pt_BR","og_type":"article","og_title":"DETRAN Par\u00e1 \u2013 2018 - FADESP","og_description":"DETRAN &#8211; 2018 A Secretaria de Estado de Administra\u00e7\u00e3o (SEAD) e o Departamento de Tr\u00e2nsito do Estado do Par\u00e1 (DETRAN) tornam p\u00fablica a realiza\u00e7\u00e3o de concurso para o preenchimento de vagas em cargos de n\u00edvel M\u00e9dio, conforme as condi\u00e7\u00f5es estabelecidas no edital.\u00a0 Vagas &#8211;\u00a0100 Cargos &#8211;\u00a0Agente de Fiscaliza\u00e7\u00e3o de Tr\u00e2nsito (66) e Agente de Educa\u00e7\u00e3o [&hellip;]","og_url":"https:\/\/portalfadesp.org.br\/?page_id=1316","og_site_name":"FADESP","article_publisher":"https:\/\/www.facebook.com\/Fadesp-138351949524662\/","article_modified_time":"2022-12-20T14:25:32+00:00","twitter_card":"summary_large_image","twitter_site":"@Fadesp","twitter_misc":{"Est. tempo de leitura":"7 minutos"},"schema":{"@context":"https:\/\/schema.org","@graph":[{"@type":"WebPage","@id":"https:\/\/portalfadesp.org.br\/?page_id=1316","url":"https:\/\/portalfadesp.org.br\/?page_id=1316","name":"DETRAN Par\u00e1 \u2013 2018 - FADESP","isPartOf":{"@id":"https:\/\/portalfadesp.org.br\/#website"},"datePublished":"2018-12-21T11:32:36+00:00","dateModified":"2022-12-20T14:25:32+00:00","breadcrumb":{"@id":"https:\/\/portalfadesp.org.br\/?page_id=1316#breadcrumb"},"inLanguage":"pt-BR","potentialAction":[{"@type":"ReadAction","target":["https:\/\/portalfadesp.org.br\/?page_id=1316"]}]},{"@type":"BreadcrumbList","@id":"https:\/\/portalfadesp.org.br\/?page_id=1316#breadcrumb","itemListElement":[{"@type":"ListItem","position":1,"name":"In\u00edcio","item":"https:\/\/portalfadesp.org.br\/"},{"@type":"ListItem","position":2,"name":"Concursos &#8211; Homologados","item":"https:\/\/portalfadesp.org.br\/?page_id=329"},{"@type":"ListItem","position":3,"name":"DETRAN Par\u00e1 \u2013 2018"}]},{"@type":"WebSite","@id":"https:\/\/portalfadesp.org.br\/#website","url":"https:\/\/portalfadesp.org.br\/","name":"FADESP","description":"Funda\u00e7\u00e3o de Amparo e Desenvolvimento da Pesquisa","publisher":{"@id":"https:\/\/portalfadesp.org.br\/#organization"},"potentialAction":[{"@type":"SearchAction","target":{"@type":"EntryPoint","urlTemplate":"https:\/\/portalfadesp.org.br\/?s={search_term_string}"},"query-input":{"@type":"PropertyValueSpecification","valueRequired":true,"valueName":"search_term_string"}}],"inLanguage":"pt-BR"},{"@type":"Organization","@id":"https:\/\/portalfadesp.org.br\/#organization","name":"FADESP","url":"https:\/\/portalfadesp.org.br\/","logo":{"@type":"ImageObject","inLanguage":"pt-BR","@id":"https:\/\/portalfadesp.org.br\/#\/schema\/logo\/image\/","url":"https:\/\/portalfadesp.org.br\/wp-content\/uploads\/2024\/01\/NOVOLOGOFADESPlaranjaH.png","contentUrl":"https:\/\/portalfadesp.org.br\/wp-content\/uploads\/2024\/01\/NOVOLOGOFADESPlaranjaH.png","width":2742,"height":839,"caption":"FADESP"},"image":{"@id":"https:\/\/portalfadesp.org.br\/#\/schema\/logo\/image\/"},"sameAs":["https:\/\/www.facebook.com\/Fadesp-138351949524662\/","https:\/\/x.com\/Fadesp","https:\/\/www.instagram.com\/fadesp_ufpa\/","https:\/\/www.youtube.com\/@fundacaodeamparoedesenvolv1903","https:\/\/www.threads.net\/@fadesp_ufpa"]}]}},"_links":{"self":[{"href":"https:\/\/portalfadesp.org.br\/index.php?rest_route=\/wp\/v2\/pages\/1316","targetHints":{"allow":["GET"]}}],"collection":[{"href":"https:\/\/portalfadesp.org.br\/index.php?rest_route=\/wp\/v2\/pages"}],"about":[{"href":"https:\/\/portalfadesp.org.br\/index.php?rest_route=\/wp\/v2\/types\/page"}],"author":[{"embeddable":true,"href":"https:\/\/portalfadesp.org.br\/index.php?rest_route=\/wp\/v2\/users\/9"}],"replies":[{"embeddable":true,"href":"https:\/\/portalfadesp.org.br\/index.php?rest_route=%2Fwp%2Fv2%2Fcomments&post=1316"}],"version-history":[{"count":110,"href":"https:\/\/portalfadesp.org.br\/index.php?rest_route=\/wp\/v2\/pages\/1316\/revisions"}],"predecessor-version":[{"id":36407,"href":"https:\/\/portalfadesp.org.br\/index.php?rest_route=\/wp\/v2\/pages\/1316\/revisions\/36407"}],"up":[{"embeddable":true,"href":"https:\/\/portalfadesp.org.br\/index.php?rest_route=\/wp\/v2\/pages\/329"}],"wp:attachment":[{"href":"https:\/\/portalfadesp.org.br\/index.php?rest_route=%2Fwp%2Fv2%2Fmedia&parent=1316"}],"curies":[{"name":"wp","href":"https:\/\/api.w.org\/{rel}","templated":true}]}}