{"id":1311,"date":"2016-05-20T15:40:13","date_gmt":"2016-05-20T18:40:13","guid":{"rendered":"https:\/\/162.215.13.167?page_id=1311"},"modified":"2022-12-21T16:30:23","modified_gmt":"2022-12-21T19:30:23","slug":"prefeitura-de-juruti-2016","status":"publish","type":"page","link":"https:\/\/portalfadesp.org.br\/?page_id=1311","title":{"rendered":"Prefeitura de Juruti \u2013 2016"},"content":{"rendered":"\t\t<div data-elementor-type=\"wp-post\" data-elementor-id=\"1311\" class=\"elementor elementor-1311\" data-elementor-post-type=\"page\">\n\t\t\t\t\t\t<section class=\"elementor-section elementor-top-section elementor-element elementor-element-f363ca5 elementor-section-boxed elementor-section-height-default elementor-section-height-default\" data-id=\"f363ca5\" data-element_type=\"section\">\n\t\t\t\t\t\t<div class=\"elementor-container elementor-column-gap-default\">\n\t\t\t\t\t<div class=\"elementor-column elementor-col-100 elementor-top-column elementor-element elementor-element-6964b659\" data-id=\"6964b659\" data-element_type=\"column\">\n\t\t\t<div class=\"elementor-widget-wrap elementor-element-populated\">\n\t\t\t\t\t\t<div class=\"elementor-element elementor-element-114ffb99 elementor-widget elementor-widget-heading\" data-id=\"114ffb99\" data-element_type=\"widget\" data-widget_type=\"heading.default\">\n\t\t\t\t<div class=\"elementor-widget-container\">\n\t\t\t\t\t<h1 class=\"elementor-heading-title elementor-size-default\">Prefeitura de Juruti - 2016<\/h1>\t\t\t\t<\/div>\n\t\t\t\t<\/div>\n\t\t\t\t<section class=\"elementor-section elementor-inner-section elementor-element elementor-element-3161e62e elementor-section-boxed elementor-section-height-default elementor-section-height-default\" data-id=\"3161e62e\" data-element_type=\"section\">\n\t\t\t\t\t\t<div class=\"elementor-container elementor-column-gap-default\">\n\t\t\t\t\t<div class=\"elementor-column elementor-col-50 elementor-inner-column elementor-element elementor-element-185b9273\" data-id=\"185b9273\" data-element_type=\"column\">\n\t\t\t<div class=\"elementor-widget-wrap elementor-element-populated\">\n\t\t\t\t\t\t<div class=\"elementor-element elementor-element-318e1113 elementor-widget elementor-widget-text-editor\" data-id=\"318e1113\" data-element_type=\"widget\" data-widget_type=\"text-editor.default\">\n\t\t\t\t<div class=\"elementor-widget-container\">\n\t\t\t\t\t\t\t\t\t<p>A Prefeitura Municipal de Juruti &#8211; PA, torna p\u00fablica a realiza\u00e7\u00e3o de Concurso P\u00fablico, destinado ao preenchimento de vagas do quadro de pessoal efetivo de n\u00edvel superior, m\u00e9dio, n\u00edvel fundamental incompleto e fundamental completo, mediante as condi\u00e7\u00f5es estabelecidas no edital de abertura.<\/p><p><strong>Vagas &#8211;\u00a0<\/strong>\u00a0590<\/p><p><strong>Cargos &#8211; N\u00edvel Fundamental Incompleto:\u00a0<\/strong>Agente Ambiental; Agente de Servi\u00e7os Gerais; Servi\u00e7os Gerais; \u00a0Ajudante de Pedreiro; Encanador; Merendeiro; Motorista de Ve\u00edculo Leve; Operador de Lanchae \u00a0Pedreiro.<\/p><p><strong>N\u00edvel Fundamental Completo:<\/strong>\u00a0Agente de Vigil\u00e2ncia Sanit\u00e1ria;<\/p><p>\u00a0<strong>N\u00edvel M\u00e9dio:<\/strong>\u00a0Assistente Administrativo; Auxiliar Cont\u00e1bil ; Auxiliar de Odontologia; Auxiliar de Odontologia; Guarda Municipal; Operador de M\u00e1quina Pesada; T\u00e9cnico de Enfermagem T\u00e9cnico de Laborat\u00f3rio; T\u00e9cnico de Edifica\u00e7\u00e3o; T\u00e9cnico em Inform\u00e1tica.<\/p><p><strong>N\u00edvel Superior:<\/strong>\u00a0Arquiteto ; Assistente Social; Auditor Fiscal; Enfermeiro; Engenheiro Agr\u00f4nomo; Engenheiro Civil; Farmac\u00eautico Bioqu\u00edmico; Jornalista; M\u00e9dico Veterin\u00e1rio; Odont\u00f3logo Cirurgi\u00e3o Dentista;Psic\u00f3logo; Professor de Ed. Infantil; Professor de Biologia; Professor Educa\u00e7\u00e3o F\u00edsica; Professor de Geografia; Professor de Hist\u00f3ria; Professor de Ingl\u00eas; Professor de Matem\u00e1tica e Professor de Portugu\u00eas.<\/p><p><strong>Remunera\u00e7\u00e3o &#8211;\u00a0<\/strong>de R$ 880,00 a R$ 3.390,00<\/p><p><strong>Inscri\u00e7\u00f5es &#8211;\u00a0<\/strong>07\/11\/16 a 05\/12\/16<\/p><p><strong>Taxa &#8211;\u00a0<\/strong>R$ 45,00 (n\u00edvel fundamental incompleto e completo)<\/p><p>\u00a0 \u00a0 \u00a0 \u00a0 \u00a0 \u00a0 R$ 50,00 (n\u00edvel m\u00e9dio)<\/p><p>\u00a0 \u00a0 \u00a0 \u00a0 \u00a0 \u00a0\u00a0R$ 70,00 (n\u00edvel superior)<\/p><p><strong>Datas importantes<\/strong>:<\/p><p>\u00a0Per\u00edodo de inscri\u00e7\u00e3o &#8211;\u00a007\/11\/16 a 05\/12\/16<\/p><p>Pagamento da taxa de inscri\u00e7\u00e3o &#8211; at\u00e9 o dia 06\/12\/16<\/p><p>Cart\u00e3o de inscri\u00e7\u00e3o &#8211; a partir do dia 08\/12\/16<\/p><p>Prova objetiva &#8211; 18\/12\/16<\/p><p>Manh\u00e3 &#8211; das 8h \u00e0s 12h (hor\u00e1rio local) para todos os cargos de n\u00edvel fundamental completo, fundamental incompleto e superior.<\/p><p>Tarde &#8211; das 14h30 \u00e0s 18h30 (hor\u00e1rio local) para todos os cargos de n\u00edvel m\u00e9dio.<\/p>\t\t\t\t\t\t\t\t<\/div>\n\t\t\t\t<\/div>\n\t\t\t\t\t<\/div>\n\t\t<\/div>\n\t\t\t\t<div class=\"elementor-column elementor-col-50 elementor-inner-column elementor-element elementor-element-4d45be19\" data-id=\"4d45be19\" data-element_type=\"column\">\n\t\t\t<div class=\"elementor-widget-wrap elementor-element-populated\">\n\t\t\t\t\t\t<div class=\"elementor-element elementor-element-593c5793 elementor-widget elementor-widget-text-editor\" data-id=\"593c5793\" data-element_type=\"widget\" data-widget_type=\"text-editor.default\">\n\t\t\t\t<div class=\"elementor-widget-container\">\n\t\t\t\t\t\t\t\t\t<p style=\"text-align: center;\"><span style=\"color: #ffffff;\"><strong>Aviso<\/strong><\/span><\/p>\t\t\t\t\t\t\t\t<\/div>\n\t\t\t\t<\/div>\n\t\t\t\t<div class=\"elementor-element elementor-element-0ac915c elementor-widget elementor-widget-text-editor\" data-id=\"0ac915c\" data-element_type=\"widget\" data-widget_type=\"text-editor.default\">\n\t\t\t\t<div class=\"elementor-widget-container\">\n\t\t\t\t\t\t\t\t\t<span style=\"color: #dd6b3b;\"><a style=\"color: #dd6b3b;\" href=\"..\/midias\/anexos\/507_aviso_de_suspensao.pdf\"><span style=\"text-decoration: underline;\"><strong> CONCURSO SUSPENSO<\/strong><\/span><\/a><\/span>\t\t\t\t\t\t\t\t<\/div>\n\t\t\t\t<\/div>\n\t\t\t\t<div class=\"elementor-element elementor-element-532fea6b elementor-widget elementor-widget-text-editor\" data-id=\"532fea6b\" data-element_type=\"widget\" data-widget_type=\"text-editor.default\">\n\t\t\t\t<div class=\"elementor-widget-container\">\n\t\t\t\t\t\t\t\t\t<p style=\"text-align: center;\"><span style=\"color: #ffffff;\"><strong>Editais<\/strong><\/span><\/p>\t\t\t\t\t\t\t\t<\/div>\n\t\t\t\t<\/div>\n\t\t\t\t<div class=\"elementor-element elementor-element-177f61ac elementor-widget elementor-widget-text-editor\" data-id=\"177f61ac\" data-element_type=\"widget\" data-widget_type=\"text-editor.default\">\n\t\t\t\t<div class=\"elementor-widget-container\">\n\t\t\t\t\t\t\t\t\t<table width=\"241\">\n<tbody>\n<tr>\n<td width=\"241\"><strong><a href=\"..\/midias\/anexos\/507_demanda.pdf\">Demanda\u00a0<\/a><\/strong><\/td>\n<\/tr>\n<tr>\n<td width=\"241\"><strong><a href=\"http:\/\/concursos.fadesp.org.br\/pmju2016\/arquivos\/Edital%20n%C2%B0%2002_2016_PMJ%20-%20Retifica%C3%A7%C3%B5es%20na%20Tabela%20de%20Cargos.pdf\">Edital n\u00b0 02\/2016 PMJ &#8211; Retifica\u00e7\u00f5es na Tabela de Cargos\u00a0<\/a><\/strong><\/td>\n<\/tr>\n<tr>\n<td width=\"241\"><strong><a href=\"http:\/\/concursos.fadesp.org.br\/pmju2016\/arquivos\/Tabela%20de%20Cargos.pdf\">Tabela de Cargos &#8211; Retificada<\/a><\/strong><\/td>\n<\/tr>\n<tr>\n<td width=\"241\"><strong><a href=\"..\/midias\/anexos\/507_formulario_de_portador_de_deficiencia.pdf\">Formul\u00e1rio PcD\u00a0\u00a0<\/a><\/strong><\/td>\n<\/tr>\n<tr>\n<td width=\"241\"><strong><a href=\"..\/midias\/anexos\/507_edital_n_01_2016_pmju_1.pdf\">Edital de Abertura n\u00ba 01\/2016\u00a0<\/a><\/strong><\/td>\n<\/tr>\n<\/tbody>\n<\/table>\t\t\t\t\t\t\t\t<\/div>\n\t\t\t\t<\/div>\n\t\t\t\t\t<\/div>\n\t\t<\/div>\n\t\t\t\t\t<\/div>\n\t\t<\/section>\n\t\t\t\t\t<\/div>\n\t\t<\/div>\n\t\t\t\t\t<\/div>\n\t\t<\/section>\n\t\t\t\t<\/div>\n\t\t","protected":false},"excerpt":{"rendered":"<p>Prefeitura de Juruti &#8211; 2016 A Prefeitura Municipal de Juruti &#8211; PA, torna p\u00fablica a realiza\u00e7\u00e3o de Concurso P\u00fablico, destinado ao preenchimento de vagas do quadro de pessoal efetivo de n\u00edvel superior, m\u00e9dio, n\u00edvel fundamental incompleto e fundamental completo, mediante as condi\u00e7\u00f5es estabelecidas no edital de abertura. Vagas &#8211;\u00a0\u00a0590 Cargos &#8211; N\u00edvel Fundamental Incompleto:\u00a0Agente Ambiental; [&hellip;]<\/p>\n","protected":false},"author":9,"featured_media":0,"parent":329,"menu_order":53,"comment_status":"closed","ping_status":"closed","template":"","meta":{"_monsterinsights_skip_tracking":false,"_monsterinsights_sitenote_active":false,"_monsterinsights_sitenote_note":"","_monsterinsights_sitenote_category":0,"footnotes":""},"class_list":["post-1311","page","type-page","status-publish","hentry","entry"],"yoast_head":"<!-- This site is optimized with the Yoast SEO plugin v25.1 - https:\/\/yoast.com\/wordpress\/plugins\/seo\/ -->\n<title>Prefeitura de Juruti \u2013 2016 - FADESP<\/title>\n<meta name=\"robots\" content=\"index, follow, max-snippet:-1, max-image-preview:large, max-video-preview:-1\" \/>\n<link rel=\"canonical\" href=\"https:\/\/portalfadesp.org.br\/?page_id=1311\" \/>\n<meta property=\"og:locale\" content=\"pt_BR\" \/>\n<meta property=\"og:type\" content=\"article\" \/>\n<meta property=\"og:title\" content=\"Prefeitura de Juruti \u2013 2016 - FADESP\" \/>\n<meta property=\"og:description\" content=\"Prefeitura de Juruti &#8211; 2016 A Prefeitura Municipal de Juruti &#8211; PA, torna p\u00fablica a realiza\u00e7\u00e3o de Concurso P\u00fablico, destinado ao preenchimento de vagas do quadro de pessoal efetivo de n\u00edvel superior, m\u00e9dio, n\u00edvel fundamental incompleto e fundamental completo, mediante as condi\u00e7\u00f5es estabelecidas no edital de abertura. Vagas &#8211;\u00a0\u00a0590 Cargos &#8211; N\u00edvel Fundamental Incompleto:\u00a0Agente Ambiental; [&hellip;]\" \/>\n<meta property=\"og:url\" content=\"https:\/\/portalfadesp.org.br\/?page_id=1311\" \/>\n<meta property=\"og:site_name\" content=\"FADESP\" \/>\n<meta property=\"article:publisher\" content=\"https:\/\/www.facebook.com\/Fadesp-138351949524662\/\" \/>\n<meta property=\"article:modified_time\" content=\"2022-12-21T19:30:23+00:00\" \/>\n<meta name=\"twitter:card\" content=\"summary_large_image\" \/>\n<meta name=\"twitter:site\" content=\"@Fadesp\" \/>\n<meta name=\"twitter:label1\" content=\"Est. tempo de leitura\" \/>\n\t<meta name=\"twitter:data1\" content=\"2 minutos\" \/>\n<script type=\"application\/ld+json\" class=\"yoast-schema-graph\">{\"@context\":\"https:\/\/schema.org\",\"@graph\":[{\"@type\":\"WebPage\",\"@id\":\"https:\/\/portalfadesp.org.br\/?page_id=1311\",\"url\":\"https:\/\/portalfadesp.org.br\/?page_id=1311\",\"name\":\"Prefeitura de Juruti \u2013 2016 - FADESP\",\"isPartOf\":{\"@id\":\"https:\/\/portalfadesp.org.br\/#website\"},\"datePublished\":\"2016-05-20T18:40:13+00:00\",\"dateModified\":\"2022-12-21T19:30:23+00:00\",\"breadcrumb\":{\"@id\":\"https:\/\/portalfadesp.org.br\/?page_id=1311#breadcrumb\"},\"inLanguage\":\"pt-BR\",\"potentialAction\":[{\"@type\":\"ReadAction\",\"target\":[\"https:\/\/portalfadesp.org.br\/?page_id=1311\"]}]},{\"@type\":\"BreadcrumbList\",\"@id\":\"https:\/\/portalfadesp.org.br\/?page_id=1311#breadcrumb\",\"itemListElement\":[{\"@type\":\"ListItem\",\"position\":1,\"name\":\"In\u00edcio\",\"item\":\"https:\/\/portalfadesp.org.br\/\"},{\"@type\":\"ListItem\",\"position\":2,\"name\":\"Concursos &#8211; Homologados\",\"item\":\"https:\/\/portalfadesp.org.br\/?page_id=329\"},{\"@type\":\"ListItem\",\"position\":3,\"name\":\"Prefeitura de Juruti \u2013 2016\"}]},{\"@type\":\"WebSite\",\"@id\":\"https:\/\/portalfadesp.org.br\/#website\",\"url\":\"https:\/\/portalfadesp.org.br\/\",\"name\":\"FADESP\",\"description\":\"Funda\u00e7\u00e3o de Amparo e Desenvolvimento da Pesquisa\",\"publisher\":{\"@id\":\"https:\/\/portalfadesp.org.br\/#organization\"},\"potentialAction\":[{\"@type\":\"SearchAction\",\"target\":{\"@type\":\"EntryPoint\",\"urlTemplate\":\"https:\/\/portalfadesp.org.br\/?s={search_term_string}\"},\"query-input\":{\"@type\":\"PropertyValueSpecification\",\"valueRequired\":true,\"valueName\":\"search_term_string\"}}],\"inLanguage\":\"pt-BR\"},{\"@type\":\"Organization\",\"@id\":\"https:\/\/portalfadesp.org.br\/#organization\",\"name\":\"FADESP\",\"url\":\"https:\/\/portalfadesp.org.br\/\",\"logo\":{\"@type\":\"ImageObject\",\"inLanguage\":\"pt-BR\",\"@id\":\"https:\/\/portalfadesp.org.br\/#\/schema\/logo\/image\/\",\"url\":\"https:\/\/portalfadesp.org.br\/wp-content\/uploads\/2024\/01\/NOVOLOGOFADESPlaranjaH.png\",\"contentUrl\":\"https:\/\/portalfadesp.org.br\/wp-content\/uploads\/2024\/01\/NOVOLOGOFADESPlaranjaH.png\",\"width\":2742,\"height\":839,\"caption\":\"FADESP\"},\"image\":{\"@id\":\"https:\/\/portalfadesp.org.br\/#\/schema\/logo\/image\/\"},\"sameAs\":[\"https:\/\/www.facebook.com\/Fadesp-138351949524662\/\",\"https:\/\/x.com\/Fadesp\",\"https:\/\/www.instagram.com\/fadesp_ufpa\/\",\"https:\/\/www.youtube.com\/@fundacaodeamparoedesenvolv1903\",\"https:\/\/www.threads.net\/@fadesp_ufpa\"]}]}<\/script>\n<!-- \/ Yoast SEO plugin. -->","yoast_head_json":{"title":"Prefeitura de Juruti \u2013 2016 - FADESP","robots":{"index":"index","follow":"follow","max-snippet":"max-snippet:-1","max-image-preview":"max-image-preview:large","max-video-preview":"max-video-preview:-1"},"canonical":"https:\/\/portalfadesp.org.br\/?page_id=1311","og_locale":"pt_BR","og_type":"article","og_title":"Prefeitura de Juruti \u2013 2016 - FADESP","og_description":"Prefeitura de Juruti &#8211; 2016 A Prefeitura Municipal de Juruti &#8211; PA, torna p\u00fablica a realiza\u00e7\u00e3o de Concurso P\u00fablico, destinado ao preenchimento de vagas do quadro de pessoal efetivo de n\u00edvel superior, m\u00e9dio, n\u00edvel fundamental incompleto e fundamental completo, mediante as condi\u00e7\u00f5es estabelecidas no edital de abertura. Vagas &#8211;\u00a0\u00a0590 Cargos &#8211; N\u00edvel Fundamental Incompleto:\u00a0Agente Ambiental; [&hellip;]","og_url":"https:\/\/portalfadesp.org.br\/?page_id=1311","og_site_name":"FADESP","article_publisher":"https:\/\/www.facebook.com\/Fadesp-138351949524662\/","article_modified_time":"2022-12-21T19:30:23+00:00","twitter_card":"summary_large_image","twitter_site":"@Fadesp","twitter_misc":{"Est. tempo de leitura":"2 minutos"},"schema":{"@context":"https:\/\/schema.org","@graph":[{"@type":"WebPage","@id":"https:\/\/portalfadesp.org.br\/?page_id=1311","url":"https:\/\/portalfadesp.org.br\/?page_id=1311","name":"Prefeitura de Juruti \u2013 2016 - FADESP","isPartOf":{"@id":"https:\/\/portalfadesp.org.br\/#website"},"datePublished":"2016-05-20T18:40:13+00:00","dateModified":"2022-12-21T19:30:23+00:00","breadcrumb":{"@id":"https:\/\/portalfadesp.org.br\/?page_id=1311#breadcrumb"},"inLanguage":"pt-BR","potentialAction":[{"@type":"ReadAction","target":["https:\/\/portalfadesp.org.br\/?page_id=1311"]}]},{"@type":"BreadcrumbList","@id":"https:\/\/portalfadesp.org.br\/?page_id=1311#breadcrumb","itemListElement":[{"@type":"ListItem","position":1,"name":"In\u00edcio","item":"https:\/\/portalfadesp.org.br\/"},{"@type":"ListItem","position":2,"name":"Concursos &#8211; Homologados","item":"https:\/\/portalfadesp.org.br\/?page_id=329"},{"@type":"ListItem","position":3,"name":"Prefeitura de Juruti \u2013 2016"}]},{"@type":"WebSite","@id":"https:\/\/portalfadesp.org.br\/#website","url":"https:\/\/portalfadesp.org.br\/","name":"FADESP","description":"Funda\u00e7\u00e3o de Amparo e Desenvolvimento da Pesquisa","publisher":{"@id":"https:\/\/portalfadesp.org.br\/#organization"},"potentialAction":[{"@type":"SearchAction","target":{"@type":"EntryPoint","urlTemplate":"https:\/\/portalfadesp.org.br\/?s={search_term_string}"},"query-input":{"@type":"PropertyValueSpecification","valueRequired":true,"valueName":"search_term_string"}}],"inLanguage":"pt-BR"},{"@type":"Organization","@id":"https:\/\/portalfadesp.org.br\/#organization","name":"FADESP","url":"https:\/\/portalfadesp.org.br\/","logo":{"@type":"ImageObject","inLanguage":"pt-BR","@id":"https:\/\/portalfadesp.org.br\/#\/schema\/logo\/image\/","url":"https:\/\/portalfadesp.org.br\/wp-content\/uploads\/2024\/01\/NOVOLOGOFADESPlaranjaH.png","contentUrl":"https:\/\/portalfadesp.org.br\/wp-content\/uploads\/2024\/01\/NOVOLOGOFADESPlaranjaH.png","width":2742,"height":839,"caption":"FADESP"},"image":{"@id":"https:\/\/portalfadesp.org.br\/#\/schema\/logo\/image\/"},"sameAs":["https:\/\/www.facebook.com\/Fadesp-138351949524662\/","https:\/\/x.com\/Fadesp","https:\/\/www.instagram.com\/fadesp_ufpa\/","https:\/\/www.youtube.com\/@fundacaodeamparoedesenvolv1903","https:\/\/www.threads.net\/@fadesp_ufpa"]}]}},"_links":{"self":[{"href":"https:\/\/portalfadesp.org.br\/index.php?rest_route=\/wp\/v2\/pages\/1311","targetHints":{"allow":["GET"]}}],"collection":[{"href":"https:\/\/portalfadesp.org.br\/index.php?rest_route=\/wp\/v2\/pages"}],"about":[{"href":"https:\/\/portalfadesp.org.br\/index.php?rest_route=\/wp\/v2\/types\/page"}],"author":[{"embeddable":true,"href":"https:\/\/portalfadesp.org.br\/index.php?rest_route=\/wp\/v2\/users\/9"}],"replies":[{"embeddable":true,"href":"https:\/\/portalfadesp.org.br\/index.php?rest_route=%2Fwp%2Fv2%2Fcomments&post=1311"}],"version-history":[{"count":34,"href":"https:\/\/portalfadesp.org.br\/index.php?rest_route=\/wp\/v2\/pages\/1311\/revisions"}],"predecessor-version":[{"id":38986,"href":"https:\/\/portalfadesp.org.br\/index.php?rest_route=\/wp\/v2\/pages\/1311\/revisions\/38986"}],"up":[{"embeddable":true,"href":"https:\/\/portalfadesp.org.br\/index.php?rest_route=\/wp\/v2\/pages\/329"}],"wp:attachment":[{"href":"https:\/\/portalfadesp.org.br\/index.php?rest_route=%2Fwp%2Fv2%2Fmedia&parent=1311"}],"curies":[{"name":"wp","href":"https:\/\/api.w.org\/{rel}","templated":true}]}}