{"id":1279,"date":"2019-05-17T13:49:18","date_gmt":"2019-05-17T16:49:18","guid":{"rendered":"https:\/\/162.215.13.167?page_id=1279"},"modified":"2022-12-20T11:21:51","modified_gmt":"2022-12-20T14:21:51","slug":"prefeitura-municipal-de-ruropolis-2019","status":"publish","type":"page","link":"https:\/\/portalfadesp.org.br\/?page_id=1279","title":{"rendered":"Prefeitura Municipal de Rur\u00f3polis &#8211; 2019"},"content":{"rendered":"\t\t<div data-elementor-type=\"wp-post\" data-elementor-id=\"1279\" class=\"elementor elementor-1279\" data-elementor-post-type=\"page\">\n\t\t\t\t\t\t<section class=\"elementor-section elementor-top-section elementor-element elementor-element-7aaf36a0 elementor-section-boxed elementor-section-height-default elementor-section-height-default\" data-id=\"7aaf36a0\" data-element_type=\"section\">\n\t\t\t\t\t\t<div class=\"elementor-container elementor-column-gap-default\">\n\t\t\t\t\t<div class=\"elementor-column elementor-col-100 elementor-top-column elementor-element elementor-element-101c8a66\" data-id=\"101c8a66\" data-element_type=\"column\">\n\t\t\t<div class=\"elementor-widget-wrap elementor-element-populated\">\n\t\t\t\t\t\t<div class=\"elementor-element elementor-element-49bbfac0 elementor-widget elementor-widget-heading\" data-id=\"49bbfac0\" data-element_type=\"widget\" data-widget_type=\"heading.default\">\n\t\t\t\t<div class=\"elementor-widget-container\">\n\t\t\t\t\t<h1 class=\"elementor-heading-title elementor-size-default\">Prefeitura Municipal de Rur\u00f3polis - 2019<\/h1>\t\t\t\t<\/div>\n\t\t\t\t<\/div>\n\t\t\t\t<section class=\"elementor-section elementor-inner-section elementor-element elementor-element-31daf86 elementor-section-boxed elementor-section-height-default elementor-section-height-default\" data-id=\"31daf86\" data-element_type=\"section\">\n\t\t\t\t\t\t<div class=\"elementor-container elementor-column-gap-default\">\n\t\t\t\t\t<div class=\"elementor-column elementor-col-50 elementor-inner-column elementor-element elementor-element-9d0f38f\" data-id=\"9d0f38f\" data-element_type=\"column\">\n\t\t\t<div class=\"elementor-widget-wrap elementor-element-populated\">\n\t\t\t\t\t\t<div class=\"elementor-element elementor-element-714f3f3 elementor-widget elementor-widget-text-editor\" data-id=\"714f3f3\" data-element_type=\"widget\" data-widget_type=\"text-editor.default\">\n\t\t\t\t<div class=\"elementor-widget-container\">\n\t\t\t\t\t\t\t\t\t<table border=\"0\" cellpadding=\"6\"><tbody><tr><td width=\"400\"><table border=\"0\"><tbody><tr><td valign=\"top\"><p><span style=\"color: #000000;\">A Prefeitura Municipal de Rur\u00f3polis, no uso de suas atribui\u00e7\u00f5es, torna p\u00fablica a realiza\u00e7\u00e3o de concurso para o preenchimento de vagas em cargos de n\u00edveis Fundamental incompleto, M\u00e9dio e Superior, conforme as condi\u00e7\u00f5es estabelecidas no edital.<\/span><\/p><p><span style=\"color: #000000;\"><strong>Vagas &#8211;\u00a0<\/strong>415, sendo 217 para a SEMEC e 198 para outras secretarias.<\/span><\/p><p><span style=\"color: #000000;\"><strong>Cargos &#8211;\u00a0<\/strong>n\u00edveis Fundamental incompleto, M\u00e9dio e Superior (confira a tabela ao lado).<\/span><\/p><p><span style=\"color: #000000;\"><strong>Remunera\u00e7\u00e3o &#8211;<\/strong>\u00a0 de R$ 998,00 a R$ 5.000,0.<\/span><\/p><p><span style=\"color: #000000;\"><strong>Inscri\u00e7\u00f5es &#8211;\u00a0<\/strong>03\/05\/19 a 10\/06\/19.<\/span><\/p><p><span style=\"color: #000000;\"><strong>Taxa &#8211;\u00a0<\/strong>R$ 60,00 (n\u00edvel Fundamental incompleto)<\/span><br \/><span style=\"color: #000000;\">\u00a0 \u00a0 \u00a0 \u00a0 \u00a0 \u00a0R$ 70,00 (n\u00edvel M\u00e9dio)<\/span><br \/><span style=\"color: #000000;\">\u00a0 \u00a0 \u00a0 \u00a0 \u00a0 \u00a0R$ 90,00 (n\u00edvel Superior)<\/span><\/p><p><span style=\"color: #000000;\"><strong>Local de provas:<\/strong>\u00a0Rur\u00f3polis (PA).<\/span><\/p><p><span style=\"color: #000000;\">&#8230;&#8230;&#8230;&#8230;&#8230;&#8230;&#8230;&#8230;&#8230;&#8230;&#8230;&#8230;&#8230;&#8230;<\/span><\/p><p><span style=\"color: #000000;\"><strong>Datas importantes<\/strong>:<\/span><\/p><p><span style=\"color: #000000;\">Inscri\u00e7\u00e3o:<strong>\u00a0de 03\/05\/19 a 10\/06\/19.<\/strong><\/span><\/p><p><span style=\"color: #000000;\">Envio de documento de candidato para concorrer como PcD:<strong>\u00a0at\u00e9 10\/06\/19.<\/strong><\/span><\/p><p><span style=\"color: #000000;\">Isen\u00e7\u00e3o para PcD:\u00a0\u00a0<strong>de 03 a 17\/05\/2019<\/strong><strong>.\u00a0<\/strong><\/span><\/p><p><span style=\"color: #000000;\">Pagamento da taxa de inscri\u00e7\u00e3o:\u00a0<strong>at\u00e9 11\/06\/19.<\/strong><\/span><\/p><p><span style=\"color: #000000;\">Cart\u00e3o de Inscri\u00e7\u00e3o para impress\u00e3o:\u00a0<strong>de\u00a016 a 19\/07\/2019.<\/strong><\/span><\/p><p><span style=\"color: #000000;\"><strong>Provas objetivas:<\/strong><br \/><\/span><span style=\"color: #000000;\"> 10\/08\/19<br \/><strong>TARDE,\u00a0<\/strong>das 14h30 \u00e0s 18h30 (hor\u00e1rio local), para todos os cargos de n\u00edvel M\u00e9dio.<\/span><br \/><span style=\"color: #000000;\">11\/08\/19<strong><br \/>MANH\u00c3<\/strong>,\u00a0das 8h \u00e0s 12h (hor\u00e1rio local), para todos os cargos de n\u00edvel Superior.<br \/><\/span><strong>TARDE<\/strong>, das 14h30 \u00e0s 18h30 (hor\u00e1rio local), para todos os cargos de n\u00edvel Fundamental incompleto.<\/p><\/td><\/tr><\/tbody><\/table><\/td><\/tr><\/tbody><\/table>\t\t\t\t\t\t\t\t<\/div>\n\t\t\t\t<\/div>\n\t\t\t\t\t<\/div>\n\t\t<\/div>\n\t\t\t\t<div class=\"elementor-column elementor-col-50 elementor-inner-column elementor-element elementor-element-ff78c16\" data-id=\"ff78c16\" data-element_type=\"column\">\n\t\t\t<div class=\"elementor-widget-wrap elementor-element-populated\">\n\t\t\t\t\t\t<div class=\"elementor-element elementor-element-67f33a9 elementor-widget elementor-widget-text-editor\" data-id=\"67f33a9\" data-element_type=\"widget\" data-widget_type=\"text-editor.default\">\n\t\t\t\t<div class=\"elementor-widget-container\">\n\t\t\t\t\t\t\t\t\t<p style=\"text-align: center;\"><span style=\"color: #ffffff;\"><b>Editais e Avisos<\/b><\/span><\/p>\t\t\t\t\t\t\t\t<\/div>\n\t\t\t\t<\/div>\n\t\t\t\t<div class=\"elementor-element elementor-element-767e729 elementor-widget elementor-widget-text-editor\" data-id=\"767e729\" data-element_type=\"widget\" data-widget_type=\"text-editor.default\">\n\t\t\t\t<div class=\"elementor-widget-container\">\n\t\t\t\t\t\t\t\t\t<p style=\"text-align: center;\"><strong><a href=\"http:\/\/concursos.fadesp.org.br\/pmr2019\/arquivos\/Resultado%20Final%20PcD.pdf\">RESULTADO FINAL PcD<\/a><\/strong><\/p>\n<p style=\"text-align: center;\"><strong><a href=\"http:\/\/concursos.fadesp.org.br\/pmr2019\/arquivos\/Edital%20n%C2%B0%2008_2020_PMR_%20Homologa%C3%A7%C3%A3o%20do%20Resultado%20Final%20-%20Somente%20Professores.pdf\">Edital n\u00b0 08_2020_PMR_ Homologa\u00e7\u00e3o do Resultado Final &#8211; Somente Professores.<\/a><\/strong><\/p>\n<p style=\"text-align: center;\"><strong><a href=\"http:\/\/concursos.fadesp.org.br\/pmr2019\/arquivos\/Edital%20N%C2%BA%2007_2019_PMR%20Resultado%20Final%20Preliminar%20Professores.pdf\">Edital N\u00ba 07_2019_PMR Resultado Final Preliminar Professores.<\/a><\/strong><\/p>\n<p style=\"text-align: center;\"><strong><a href=\"http:\/\/concursos.fadesp.org.br\/pmr2019\/arquivos\/Edital%2006_2019%20PMR%20Resultado%20Prova%20de%20T%C3%ADtulos.pdf\">Edital 06\/2019 PMR Resultado Prova de T\u00edtulos.<\/a><\/strong><\/p>\n<p style=\"text-align: center;\"><strong><a href=\"http:\/\/concursos.fadesp.org.br\/pmr2019\/arquivos\/RESULTADO%20-%20RETIFICADO.pdf\">Edital N.\u00ba<span style=\"color: #000000;\">05\/2019\/PMR<\/span> &#8211; Retifica\u00e7\u00e3o do Resultado Preliminar da Prova de T\u00edtulos.<\/a><\/strong><\/p>\n<p style=\"text-align: center;\"><strong><a href=\"http:\/\/concursos.fadesp.org.br\/pmr2019\/arquivos\/Edital n\u00b0 04_2019_PMR_ Homologa\u00e7\u00e3o do Resultado Final - Exceto Cargos de Professores.pdf\">Edital n\u00b0 04_2019_PMR_ Homologa\u00e7\u00e3o do Resultado Final &#8211; Exceto Cargos de Professores<\/a><\/strong><\/p>\n<p style=\"text-align: center;\"><strong><a href=\"http:\/\/concursos.fadesp.org.br\/pmr2019\/arquivos\/Edital%20n%C2%B0%2003_2019_Convoca%C3%A7%C3%A3o%20a%20Prova%20de%20T%C3%ADtulos%20-%20Cargos%20de%20Professores.pdf\"><span style=\"color: #000000;\">Edital n\u00b0 03_2019_Convoca\u00e7\u00e3o \u00e0 Prova de T\u00edtulos &#8211; Cargos de Professores<\/span><\/a><\/strong><\/p>\n<p style=\"text-align: center;\"><strong><span style=\"color: #000000;\"><a style=\"color: #000000;\" href=\"http:\/\/concursos.fadesp.org.br\/pmr2019\/arquivos\/N%C3%ADvel%20Fundamental%20-%20Resultado%20Definitivo%20da%20Prova%20Objetiva.pdf\">N\u00edvel Fundamental &#8211; Resultado Definitivo da Prova Objetiva<\/a><\/span><\/strong><\/p>\n<p style=\"text-align: center;\"><strong><span style=\"color: #000000;\"><a style=\"color: #000000;\" href=\"http:\/\/concursos.fadesp.org.br\/pmr2019\/arquivos\/N%C3%ADvel%20M%C3%A9dio%20-%20Resultado%20Definitivo%20da%20Prova%20Objetiva.pdf\">N\u00edvel M\u00e9dio &#8211; Resultado Definitivo da Prova Objetiva<\/a><\/span><\/strong><\/p>\n<p style=\"text-align: center;\"><strong><span style=\"color: #000000;\"><a style=\"color: #000000;\" href=\"http:\/\/concursos.fadesp.org.br\/pmr2019\/arquivos\/N%C3%ADvel%20Superior%20-%20Resultado%20Definitivo%20da%20Prova%20Objetiva.pdf\">N\u00edvel Superior &#8211; Resultado Definitivo da Prova Objetiva<\/a><\/span><\/strong><\/p>\n<p style=\"text-align: center;\"><strong><a href=\"http:\/\/concursos.fadesp.org.br\/pmr2019\/arquivos\/N%C3%ADvel%20Fundamental%20-%20Resultado%20Preliminar%20da%20Prova%20Objetiva.pdf\"><span style=\"color: #333333;\">N\u00edvel Fundamental &#8211; Resultado Preliminar da Prova Objetiva.<\/span><\/a><\/strong><\/p>\n<p style=\"text-align: center;\"><strong><a href=\"http:\/\/concursos.fadesp.org.br\/pmr2019\/arquivos\/N%C3%ADvel%20M%C3%A9dio%20-%20Resultado%20Preliminar%20da%20Prova%20Objetiva.pdf\"><span style=\"color: #333333;\">N\u00edvel M\u00e9dio &#8211; Resultado Preliminar da Prova Objetiva.<\/span><\/a><\/strong><\/p>\n<p style=\"text-align: center;\"><strong><a href=\"http:\/\/concursos.fadesp.org.br\/pmr2019\/arquivos\/N%C3%ADvel%20Superior%20-%20Resultado%20Preliminar%20da%20Prova%20Objetiva.pdf\"><span style=\"color: #333333;\">N\u00edvel Superior &#8211; Resultado Preliminar da Prova Objetiva.<\/span><\/a><\/strong><\/p>\n<p style=\"text-align: center;\"><strong><a href=\"http:\/\/concursos.fadesp.org.br\/pmr2019\/arquivos\/GABARITO OFICIAL DEFINITIVO.pdf\">GABARITO OFICIAL DEFINITIVO<\/a><\/strong><\/p>\n<p style=\"text-align: center;\"><strong><a href=\"http:\/\/concursos.fadesp.org.br\/pmr2019\/arquivos\/Gabaritos.html\">Gabaritos das Provas de N\u00edvel Fundamental Incompleto, M\u00e9dio e Superior<\/a><\/strong><\/p>\n<p style=\"text-align: center;\"><strong><a href=\"http:\/\/concursos.fadesp.org.br\/pmr2019\/arquivos\/Provas.html\">Provas dos N\u00edveis Fundamental Incompleto, M\u00e9dio e Superior<\/a><\/strong><\/p>\n<p style=\"text-align: center;\"><strong><a href=\"http:\/\/concursos.fadesp.org.br\/pmr2019\/arquivos\/N\u00edvel M\u00e9dio - Rela\u00e7\u00e3o Definitiva de Candidatos Sabatistas Inscritos.pdf\">N\u00edvel M\u00e9dio &#8211; Rela\u00e7\u00e3o Definitiva de Candidatos Sabatistas Inscritos<\/a><\/strong><\/p>\n<p style=\"text-align: center;\"><strong><a href=\"http:\/\/concursos.fadesp.org.br\/pmr2019\/arquivos\/Rela\u00e7\u00e3o Defenitiva de Candidatas Lactantes Inscritos.pdf\">Rela\u00e7\u00e3o Definitiva de Candidatas Lactantes Inscritos<\/a><\/strong><\/p>\n<p style=\"text-align: center;\"><strong><a href=\"http:\/\/concursos.fadesp.org.br\/pmr2019\/arquivos\/Rela\u00e7\u00e3o Definitiva de Candidatos PcD Inscritos.pdf\">Rela\u00e7\u00e3o Definitiva de Candidatos PcD Inscritos<\/a><\/strong><\/p>\n<p style=\"text-align: center;\"><strong><a style=\"font-size: 14px; background-color: #ffffff;\" href=\"..\/wp-content\/uploads\/2019\/07\/Rur\u00f3polis-nivel_medio_-_relacao_de_candidatos_sabatistas_com_pendencia_de_documentacao.pdf\" target=\"_blank\" rel=\"noopener\">N\u00edvel M\u00e9dio &#8211; Rela\u00e7\u00e3o Preliminar de Candidatos Sabatistas Pendentes de Documenta\u00e7\u00e3o\u00a0<\/a><\/strong><\/p>\n<p style=\"text-align: center;\"><strong><a href=\"..\/wp-content\/uploads\/2019\/07\/Rur\u00f3polis-relacao_preliminar_de_candidatos_pcd_inscritos.pdf\" target=\"_blank\" rel=\"noopener\">Rela\u00e7\u00e3o Preliminar de Candidatos PcD Inscritos<\/a><\/strong><\/p>\n<p style=\"text-align: center;\"><strong><a href=\"..\/wp-content\/uploads\/2019\/07\/Rur\u00f3polis-Relacao_preliminar_de_candidatas_lactantes_inscritos.pdf\" target=\"_blank\" rel=\"noopener\">Rela\u00e7\u00e3o Preliminar de Candidatas Lactantes Inscritas<\/a><\/strong><\/p>\n<p style=\"text-align: center;\"><strong><a href=\"..\/wp-content\/uploads\/2019\/07\/N\u00edvel-M\u00e9dio-Rela\u00e7\u00e3o-Preliminar-de-Candidatos-Sabatistas-de-Cargos-de-N\u00edvel-M\u00e9dio-Inscritos.pdf\" target=\"_blank\" rel=\"noopener\">N\u00edvel M\u00e9dio &#8211; Rela\u00e7\u00e3o Preliminar de Candidatos Sabatistas de Cargos de N\u00edvel M\u00e9dio Inscritos<\/a><\/strong><\/p>\n<p style=\"text-align: center;\"><strong><a href=\"..\/wp-content\/uploads\/2019\/07\/Rur\u00f3polis-aviso_aos_sabatistas.pdf\" target=\"_blank\" rel=\"noopener\">N\u00edvel M\u00e9dio &#8211; Aviso ao Sabatistas<\/a><\/strong><\/p>\n<p style=\"text-align: center;\"><strong><a href=\"..\/wp-content\/uploads\/2019\/07\/Rur\u00f3polis-aviso_-_datas_das_provas_objetivas.pdf\" target=\"_blank\" rel=\"noopener\">Aviso &#8211; Datas das Provas Objetivas<\/a><\/strong><\/p>\n<p style=\"text-align: center;\"><strong><a href=\"..\/wp-content\/uploads\/2019\/07\/Rur\u00f3polis-edital_n_02_2019_pmr_-_retificacoes.pdf\" target=\"_blank\" rel=\"noopener\">Edital 02\/2019 &#8211; Retifica\u00e7\u00f5es<\/a><\/strong><\/p>\n<p style=\"text-align: center;\"><strong><a href=\"..\/wp-content\/uploads\/2019\/07\/Rur\u00f3polis-demanda_de_inscritos.pdf\" target=\"_blank\" rel=\"noopener\">Demanda<\/a><\/strong><\/p>\n<p style=\"text-align: center;\"><strong><a id=\"c7i2X3aNEx\" title=\"Tamanho: -1KB\" href=\"..\/midias\/anexos\/581_quadro_de_vagas_-_republicada.pdf\" target=\"_blank\" rel=\"noopener\">Quadro de Vagas Republicado<\/a><\/strong><\/p>\n<p style=\"text-align: center;\"><strong><a id=\"c7i2X3aNEx\" title=\"Tamanho: -1KB\" href=\"..\/midias\/anexos\/581_edital_n_01_2019_pmr_-_edital_republicado.pdf\" target=\"_blank\" rel=\"noopener\">Edital n\u00b0 01 &#8211; Edital de Abertura Republicado<\/a><\/strong><\/p>\n<p style=\"text-align: center;\"><strong>\u00a0Informa\u00e7\u00f5es no setor de Concursos,\u00a0das 8h \u00e0s 17h<\/strong>\n<strong>(91) 4005-7446 \/ 7433 concursos@fadesp.org.br\u00a0<\/strong><\/p>\t\t\t\t\t\t\t\t<\/div>\n\t\t\t\t<\/div>\n\t\t\t\t\t<\/div>\n\t\t<\/div>\n\t\t\t\t\t<\/div>\n\t\t<\/section>\n\t\t\t\t\t<\/div>\n\t\t<\/div>\n\t\t\t\t\t<\/div>\n\t\t<\/section>\n\t\t\t\t<\/div>\n\t\t","protected":false},"excerpt":{"rendered":"<p>Prefeitura Municipal de Rur\u00f3polis &#8211; 2019 A Prefeitura Municipal de Rur\u00f3polis, no uso de suas atribui\u00e7\u00f5es, torna p\u00fablica a realiza\u00e7\u00e3o de concurso para o preenchimento de vagas em cargos de n\u00edveis Fundamental incompleto, M\u00e9dio e Superior, conforme as condi\u00e7\u00f5es estabelecidas no edital. Vagas &#8211;\u00a0415, sendo 217 para a SEMEC e 198 para outras secretarias. Cargos [&hellip;]<\/p>\n","protected":false},"author":9,"featured_media":0,"parent":329,"menu_order":50,"comment_status":"closed","ping_status":"closed","template":"","meta":{"_monsterinsights_skip_tracking":false,"_monsterinsights_sitenote_active":false,"_monsterinsights_sitenote_note":"","_monsterinsights_sitenote_category":0,"footnotes":""},"class_list":["post-1279","page","type-page","status-publish","hentry","entry"],"yoast_head":"<!-- This site is optimized with the Yoast SEO plugin v25.1 - https:\/\/yoast.com\/wordpress\/plugins\/seo\/ -->\n<title>Prefeitura Municipal de Rur\u00f3polis - 2019 - FADESP<\/title>\n<meta name=\"robots\" content=\"index, follow, max-snippet:-1, max-image-preview:large, max-video-preview:-1\" \/>\n<link rel=\"canonical\" href=\"https:\/\/portalfadesp.org.br\/?page_id=1279\" \/>\n<meta property=\"og:locale\" content=\"pt_BR\" \/>\n<meta property=\"og:type\" content=\"article\" \/>\n<meta property=\"og:title\" content=\"Prefeitura Municipal de Rur\u00f3polis - 2019 - FADESP\" \/>\n<meta property=\"og:description\" content=\"Prefeitura Municipal de Rur\u00f3polis &#8211; 2019 A Prefeitura Municipal de Rur\u00f3polis, no uso de suas atribui\u00e7\u00f5es, torna p\u00fablica a realiza\u00e7\u00e3o de concurso para o preenchimento de vagas em cargos de n\u00edveis Fundamental incompleto, M\u00e9dio e Superior, conforme as condi\u00e7\u00f5es estabelecidas no edital. Vagas &#8211;\u00a0415, sendo 217 para a SEMEC e 198 para outras secretarias. Cargos [&hellip;]\" \/>\n<meta property=\"og:url\" content=\"https:\/\/portalfadesp.org.br\/?page_id=1279\" \/>\n<meta property=\"og:site_name\" content=\"FADESP\" \/>\n<meta property=\"article:publisher\" content=\"https:\/\/www.facebook.com\/Fadesp-138351949524662\/\" \/>\n<meta property=\"article:modified_time\" content=\"2022-12-20T14:21:51+00:00\" \/>\n<meta name=\"twitter:card\" content=\"summary_large_image\" \/>\n<meta name=\"twitter:site\" content=\"@Fadesp\" \/>\n<meta name=\"twitter:label1\" content=\"Est. tempo de leitura\" \/>\n\t<meta name=\"twitter:data1\" content=\"2 minutos\" \/>\n<script type=\"application\/ld+json\" class=\"yoast-schema-graph\">{\"@context\":\"https:\/\/schema.org\",\"@graph\":[{\"@type\":\"WebPage\",\"@id\":\"https:\/\/portalfadesp.org.br\/?page_id=1279\",\"url\":\"https:\/\/portalfadesp.org.br\/?page_id=1279\",\"name\":\"Prefeitura Municipal de Rur\u00f3polis - 2019 - FADESP\",\"isPartOf\":{\"@id\":\"https:\/\/portalfadesp.org.br\/#website\"},\"datePublished\":\"2019-05-17T16:49:18+00:00\",\"dateModified\":\"2022-12-20T14:21:51+00:00\",\"breadcrumb\":{\"@id\":\"https:\/\/portalfadesp.org.br\/?page_id=1279#breadcrumb\"},\"inLanguage\":\"pt-BR\",\"potentialAction\":[{\"@type\":\"ReadAction\",\"target\":[\"https:\/\/portalfadesp.org.br\/?page_id=1279\"]}]},{\"@type\":\"BreadcrumbList\",\"@id\":\"https:\/\/portalfadesp.org.br\/?page_id=1279#breadcrumb\",\"itemListElement\":[{\"@type\":\"ListItem\",\"position\":1,\"name\":\"In\u00edcio\",\"item\":\"https:\/\/portalfadesp.org.br\/\"},{\"@type\":\"ListItem\",\"position\":2,\"name\":\"Concursos &#8211; Homologados\",\"item\":\"https:\/\/portalfadesp.org.br\/?page_id=329\"},{\"@type\":\"ListItem\",\"position\":3,\"name\":\"Prefeitura Municipal de Rur\u00f3polis &#8211; 2019\"}]},{\"@type\":\"WebSite\",\"@id\":\"https:\/\/portalfadesp.org.br\/#website\",\"url\":\"https:\/\/portalfadesp.org.br\/\",\"name\":\"FADESP\",\"description\":\"Funda\u00e7\u00e3o de Amparo e Desenvolvimento da Pesquisa\",\"publisher\":{\"@id\":\"https:\/\/portalfadesp.org.br\/#organization\"},\"potentialAction\":[{\"@type\":\"SearchAction\",\"target\":{\"@type\":\"EntryPoint\",\"urlTemplate\":\"https:\/\/portalfadesp.org.br\/?s={search_term_string}\"},\"query-input\":{\"@type\":\"PropertyValueSpecification\",\"valueRequired\":true,\"valueName\":\"search_term_string\"}}],\"inLanguage\":\"pt-BR\"},{\"@type\":\"Organization\",\"@id\":\"https:\/\/portalfadesp.org.br\/#organization\",\"name\":\"FADESP\",\"url\":\"https:\/\/portalfadesp.org.br\/\",\"logo\":{\"@type\":\"ImageObject\",\"inLanguage\":\"pt-BR\",\"@id\":\"https:\/\/portalfadesp.org.br\/#\/schema\/logo\/image\/\",\"url\":\"https:\/\/portalfadesp.org.br\/wp-content\/uploads\/2024\/01\/NOVOLOGOFADESPlaranjaH.png\",\"contentUrl\":\"https:\/\/portalfadesp.org.br\/wp-content\/uploads\/2024\/01\/NOVOLOGOFADESPlaranjaH.png\",\"width\":2742,\"height\":839,\"caption\":\"FADESP\"},\"image\":{\"@id\":\"https:\/\/portalfadesp.org.br\/#\/schema\/logo\/image\/\"},\"sameAs\":[\"https:\/\/www.facebook.com\/Fadesp-138351949524662\/\",\"https:\/\/x.com\/Fadesp\",\"https:\/\/www.instagram.com\/fadesp_ufpa\/\",\"https:\/\/www.youtube.com\/@fundacaodeamparoedesenvolv1903\",\"https:\/\/www.threads.net\/@fadesp_ufpa\"]}]}<\/script>\n<!-- \/ Yoast SEO plugin. -->","yoast_head_json":{"title":"Prefeitura Municipal de Rur\u00f3polis - 2019 - FADESP","robots":{"index":"index","follow":"follow","max-snippet":"max-snippet:-1","max-image-preview":"max-image-preview:large","max-video-preview":"max-video-preview:-1"},"canonical":"https:\/\/portalfadesp.org.br\/?page_id=1279","og_locale":"pt_BR","og_type":"article","og_title":"Prefeitura Municipal de Rur\u00f3polis - 2019 - FADESP","og_description":"Prefeitura Municipal de Rur\u00f3polis &#8211; 2019 A Prefeitura Municipal de Rur\u00f3polis, no uso de suas atribui\u00e7\u00f5es, torna p\u00fablica a realiza\u00e7\u00e3o de concurso para o preenchimento de vagas em cargos de n\u00edveis Fundamental incompleto, M\u00e9dio e Superior, conforme as condi\u00e7\u00f5es estabelecidas no edital. Vagas &#8211;\u00a0415, sendo 217 para a SEMEC e 198 para outras secretarias. Cargos [&hellip;]","og_url":"https:\/\/portalfadesp.org.br\/?page_id=1279","og_site_name":"FADESP","article_publisher":"https:\/\/www.facebook.com\/Fadesp-138351949524662\/","article_modified_time":"2022-12-20T14:21:51+00:00","twitter_card":"summary_large_image","twitter_site":"@Fadesp","twitter_misc":{"Est. tempo de leitura":"2 minutos"},"schema":{"@context":"https:\/\/schema.org","@graph":[{"@type":"WebPage","@id":"https:\/\/portalfadesp.org.br\/?page_id=1279","url":"https:\/\/portalfadesp.org.br\/?page_id=1279","name":"Prefeitura Municipal de Rur\u00f3polis - 2019 - FADESP","isPartOf":{"@id":"https:\/\/portalfadesp.org.br\/#website"},"datePublished":"2019-05-17T16:49:18+00:00","dateModified":"2022-12-20T14:21:51+00:00","breadcrumb":{"@id":"https:\/\/portalfadesp.org.br\/?page_id=1279#breadcrumb"},"inLanguage":"pt-BR","potentialAction":[{"@type":"ReadAction","target":["https:\/\/portalfadesp.org.br\/?page_id=1279"]}]},{"@type":"BreadcrumbList","@id":"https:\/\/portalfadesp.org.br\/?page_id=1279#breadcrumb","itemListElement":[{"@type":"ListItem","position":1,"name":"In\u00edcio","item":"https:\/\/portalfadesp.org.br\/"},{"@type":"ListItem","position":2,"name":"Concursos &#8211; Homologados","item":"https:\/\/portalfadesp.org.br\/?page_id=329"},{"@type":"ListItem","position":3,"name":"Prefeitura Municipal de Rur\u00f3polis &#8211; 2019"}]},{"@type":"WebSite","@id":"https:\/\/portalfadesp.org.br\/#website","url":"https:\/\/portalfadesp.org.br\/","name":"FADESP","description":"Funda\u00e7\u00e3o de Amparo e Desenvolvimento da Pesquisa","publisher":{"@id":"https:\/\/portalfadesp.org.br\/#organization"},"potentialAction":[{"@type":"SearchAction","target":{"@type":"EntryPoint","urlTemplate":"https:\/\/portalfadesp.org.br\/?s={search_term_string}"},"query-input":{"@type":"PropertyValueSpecification","valueRequired":true,"valueName":"search_term_string"}}],"inLanguage":"pt-BR"},{"@type":"Organization","@id":"https:\/\/portalfadesp.org.br\/#organization","name":"FADESP","url":"https:\/\/portalfadesp.org.br\/","logo":{"@type":"ImageObject","inLanguage":"pt-BR","@id":"https:\/\/portalfadesp.org.br\/#\/schema\/logo\/image\/","url":"https:\/\/portalfadesp.org.br\/wp-content\/uploads\/2024\/01\/NOVOLOGOFADESPlaranjaH.png","contentUrl":"https:\/\/portalfadesp.org.br\/wp-content\/uploads\/2024\/01\/NOVOLOGOFADESPlaranjaH.png","width":2742,"height":839,"caption":"FADESP"},"image":{"@id":"https:\/\/portalfadesp.org.br\/#\/schema\/logo\/image\/"},"sameAs":["https:\/\/www.facebook.com\/Fadesp-138351949524662\/","https:\/\/x.com\/Fadesp","https:\/\/www.instagram.com\/fadesp_ufpa\/","https:\/\/www.youtube.com\/@fundacaodeamparoedesenvolv1903","https:\/\/www.threads.net\/@fadesp_ufpa"]}]}},"_links":{"self":[{"href":"https:\/\/portalfadesp.org.br\/index.php?rest_route=\/wp\/v2\/pages\/1279","targetHints":{"allow":["GET"]}}],"collection":[{"href":"https:\/\/portalfadesp.org.br\/index.php?rest_route=\/wp\/v2\/pages"}],"about":[{"href":"https:\/\/portalfadesp.org.br\/index.php?rest_route=\/wp\/v2\/types\/page"}],"author":[{"embeddable":true,"href":"https:\/\/portalfadesp.org.br\/index.php?rest_route=\/wp\/v2\/users\/9"}],"replies":[{"embeddable":true,"href":"https:\/\/portalfadesp.org.br\/index.php?rest_route=%2Fwp%2Fv2%2Fcomments&post=1279"}],"version-history":[{"count":134,"href":"https:\/\/portalfadesp.org.br\/index.php?rest_route=\/wp\/v2\/pages\/1279\/revisions"}],"predecessor-version":[{"id":36384,"href":"https:\/\/portalfadesp.org.br\/index.php?rest_route=\/wp\/v2\/pages\/1279\/revisions\/36384"}],"up":[{"embeddable":true,"href":"https:\/\/portalfadesp.org.br\/index.php?rest_route=\/wp\/v2\/pages\/329"}],"wp:attachment":[{"href":"https:\/\/portalfadesp.org.br\/index.php?rest_route=%2Fwp%2Fv2%2Fmedia&parent=1279"}],"curies":[{"name":"wp","href":"https:\/\/api.w.org\/{rel}","templated":true}]}}