{"id":10683,"date":"2020-12-17T14:14:57","date_gmt":"2020-12-17T17:14:57","guid":{"rendered":"https:\/\/162.215.13.167?page_id=10683"},"modified":"2022-12-21T14:51:51","modified_gmt":"2022-12-21T17:51:51","slug":"pagina-modelo","status":"publish","type":"page","link":"https:\/\/portalfadesp.org.br\/?page_id=10683","title":{"rendered":"Programa de P\u00f3s-Gradua\u00e7\u00e3o em An\u00e1lises Cl\u00ednicas MACPRO &#8211; UFPA &#8211; ICB"},"content":{"rendered":"\t\t<div data-elementor-type=\"wp-post\" data-elementor-id=\"10683\" class=\"elementor elementor-10683\" data-elementor-post-type=\"page\">\n\t\t\t\t\t\t<section class=\"elementor-section elementor-top-section elementor-element elementor-element-2a40db40 elementor-section-boxed elementor-section-height-default elementor-section-height-default\" data-id=\"2a40db40\" data-element_type=\"section\">\n\t\t\t\t\t\t<div class=\"elementor-container elementor-column-gap-default\">\n\t\t\t\t\t<div class=\"elementor-column elementor-col-100 elementor-top-column elementor-element elementor-element-4e956b47\" data-id=\"4e956b47\" data-element_type=\"column\">\n\t\t\t<div class=\"elementor-widget-wrap elementor-element-populated\">\n\t\t\t\t\t\t<div class=\"elementor-element elementor-element-372de194 elementor-widget elementor-widget-heading\" data-id=\"372de194\" data-element_type=\"widget\" data-widget_type=\"heading.default\">\n\t\t\t\t<div class=\"elementor-widget-container\">\n\t\t\t\t\t<h1 class=\"elementor-heading-title elementor-size-default\">Programa de P\u00f3s-Gradua\u00e7\u00e3o em An\u00e1lises Cl\u00ednicas MACPRO - UFPA - ICB<\/h1>\t\t\t\t<\/div>\n\t\t\t\t<\/div>\n\t\t\t\t<section class=\"elementor-section elementor-inner-section elementor-element elementor-element-31e54043 elementor-section-boxed elementor-section-height-default elementor-section-height-default\" data-id=\"31e54043\" data-element_type=\"section\">\n\t\t\t\t\t\t<div class=\"elementor-container elementor-column-gap-default\">\n\t\t\t\t\t<div class=\"elementor-column elementor-col-50 elementor-inner-column elementor-element elementor-element-15f41bd\" data-id=\"15f41bd\" data-element_type=\"column\">\n\t\t\t<div class=\"elementor-widget-wrap elementor-element-populated\">\n\t\t\t\t\t\t<div class=\"elementor-element elementor-element-35279451 elementor-widget elementor-widget-text-editor\" data-id=\"35279451\" data-element_type=\"widget\" data-widget_type=\"text-editor.default\">\n\t\t\t\t<div class=\"elementor-widget-container\">\n\t\t\t\t\t\t\t\t\t<p>O Programa de P\u00f3s-Gradua\u00e7\u00e3o em An\u00e1lises Cl\u00ednicas, do Instituto de Ci\u00eancias Biol\u00f3gicas, da Universidade Federal do Par\u00e1 (PPGAC-ICB\/UFPA) estar\u00e1 recebendo inscri\u00e7\u00f5es para o processo seletivo do Curso de Mestrado em An\u00e1lises Cl\u00ednicas.<\/p><p><strong>Vagas:<\/strong> Ser\u00e3o ofertadas 30 (trinta) vagas, sendo 22 (vinte e duas) vagas para a \u00e1rea de concentra\u00e7\u00e3o de Diagn\u00f3stico e 8 (oito) vagas para \u00e1rea de concentra\u00e7\u00e3o de Diagn\u00f3stico Veterin\u00e1rio.<\/p><p><strong>Linhas de Pesquisa:<\/strong><br \/><strong>Diagn\u00f3stico:<\/strong><br \/>&#8211; Agentes Infecciosos<br \/>&#8211; Bioqu\u00edmica e Biologia Molecular<br \/>&#8211; Hematologia<\/p><p><strong>Diagnostico Veterin\u00e1rio:<\/strong><br \/>&#8211; Patologia Animal<\/p><p><strong>Inscri\u00e7\u00f5es:<\/strong> das 8h do dia 31\/05\/2021 at\u00e9 \u00e0s\u00a0 23h59min\u00a0 do dia\u00a0 13\/08\/2021, via SIGAA<\/p><p><strong>Taxa de inscri\u00e7\u00e3o:<\/strong> R$ 120,00 (cento e vinte reais)<\/p><p><strong>Mais informa\u00e7\u00f5es:<\/strong> macpro@ufpa.br<\/p><p><wbr \/><\/p>\t\t\t\t\t\t\t\t<\/div>\n\t\t\t\t<\/div>\n\t\t\t\t\t<\/div>\n\t\t<\/div>\n\t\t\t\t<div class=\"elementor-column elementor-col-50 elementor-inner-column elementor-element elementor-element-1a284bc5\" data-id=\"1a284bc5\" data-element_type=\"column\">\n\t\t\t<div class=\"elementor-widget-wrap elementor-element-populated\">\n\t\t\t\t\t\t<div class=\"elementor-element elementor-element-6445c0f3 elementor-widget elementor-widget-text-editor\" data-id=\"6445c0f3\" data-element_type=\"widget\" data-widget_type=\"text-editor.default\">\n\t\t\t\t<div class=\"elementor-widget-container\">\n\t\t\t\t\t\t\t\t\t<p><span style=\"color: #ffffff;\"><b>Avisos<\/b><\/span><\/p>\t\t\t\t\t\t\t\t<\/div>\n\t\t\t\t<\/div>\n\t\t\t\t<div class=\"elementor-element elementor-element-433fb7f0 elementor-widget elementor-widget-text-editor\" data-id=\"433fb7f0\" data-element_type=\"widget\" data-widget_type=\"text-editor.default\">\n\t\t\t\t<div class=\"elementor-widget-container\">\n\t\t\t\t\t\t\t\t\t<p style=\"text-align: center;\"><span style=\"color: #ffffff;\"><strong>Editais<\/strong><\/span><\/p>\t\t\t\t\t\t\t\t<\/div>\n\t\t\t\t<\/div>\n\t\t\t\t<div class=\"elementor-element elementor-element-61ab10cc elementor-widget elementor-widget-text-editor\" data-id=\"61ab10cc\" data-element_type=\"widget\" data-widget_type=\"text-editor.default\">\n\t\t\t\t<div class=\"elementor-widget-container\">\n\t\t\t\t\t\t\t\t\t<p style=\"text-align: center;\">Lista de Aprovados <a href=\"..\/wp-content\/uploads\/2021\/08\/Lista-de-Aprovados.pdf\"><strong>(Clique Aqui)<\/strong><\/a><\/p>\n<p style=\"text-align: center;\">Lista de homologados<strong> <a href=\"..\/wp-content\/uploads\/2021\/08\/Lista-de-Homologados.pdf\">(Clique aqui)<\/a><\/strong><\/p>\n<p style=\"text-align: center;\"><span style=\"color: #000000;\">Edital &#8211; Errata 3<\/span> <a href=\"..\/wp-content\/uploads\/2021\/07\/ERRATA3-Edital-PPGAC_especial_mod_parceria-Diagnostico_DV-2021_2.pdf\"><strong>(Clique Aqui)<\/strong><\/a><\/p>\n<p style=\"text-align: center;\"><span style=\"color: #000000;\">Edital &#8211; Errata 2<\/span> <a href=\"..\/wp-content\/uploads\/2021\/07\/ERRATA2-Edital-PPGAC_especial_mod_parceria-Diagnostico_DV-2021_2.pdf\"><strong>(Clique Aqui)<\/strong><\/a><\/p>\n<p style=\"text-align: center;\"><span style=\"color: #000000;\">Edital &#8211; Errata 1<strong>\u00a0<a href=\"..\/wp-content\/uploads\/2021\/06\/ERRATA-Edital-PPGAC_especial_mod_parceria-Diagnostico_DV-2021_2.pdf\">(Clique Aqui)<\/a><\/strong><\/span><\/p>\n<p style=\"text-align: center;\"><span style=\"color: #000000;\">Edital <strong>(<a style=\"color: #000000;\" href=\"..\/wp-content\/uploads\/2021\/05\/Edital_PPGAC_especial_mod_parceria_Diagnostico_DV_2021_2_ufpa.pdf\">Clique Aqui<\/a>)<\/strong><\/span><\/p>\t\t\t\t\t\t\t\t<\/div>\n\t\t\t\t<\/div>\n\t\t\t\t\t<\/div>\n\t\t<\/div>\n\t\t\t\t\t<\/div>\n\t\t<\/section>\n\t\t\t\t\t<\/div>\n\t\t<\/div>\n\t\t\t\t\t<\/div>\n\t\t<\/section>\n\t\t\t\t<\/div>\n\t\t","protected":false},"excerpt":{"rendered":"<p>Programa de P\u00f3s-Gradua\u00e7\u00e3o em An\u00e1lises Cl\u00ednicas MACPRO &#8211; UFPA &#8211; ICB O Programa de P\u00f3s-Gradua\u00e7\u00e3o em An\u00e1lises Cl\u00ednicas, do Instituto de Ci\u00eancias Biol\u00f3gicas, da Universidade Federal do Par\u00e1 (PPGAC-ICB\/UFPA) estar\u00e1 recebendo inscri\u00e7\u00f5es para o processo seletivo do Curso de Mestrado em An\u00e1lises Cl\u00ednicas. Vagas: Ser\u00e3o ofertadas 30 (trinta) vagas, sendo 22 (vinte e duas) vagas [&hellip;]<\/p>\n","protected":false},"author":9,"featured_media":0,"parent":0,"menu_order":0,"comment_status":"closed","ping_status":"closed","template":"","meta":{"_monsterinsights_skip_tracking":false,"_monsterinsights_sitenote_active":false,"_monsterinsights_sitenote_note":"","_monsterinsights_sitenote_category":0,"footnotes":""},"class_list":["post-10683","page","type-page","status-publish","hentry","entry"],"yoast_head":"<!-- This site is optimized with the Yoast SEO plugin v25.1 - https:\/\/yoast.com\/wordpress\/plugins\/seo\/ -->\n<title>Programa de P\u00f3s-Gradua\u00e7\u00e3o em An\u00e1lises Cl\u00ednicas MACPRO - UFPA - ICB - FADESP<\/title>\n<meta name=\"robots\" content=\"index, follow, max-snippet:-1, max-image-preview:large, max-video-preview:-1\" \/>\n<link rel=\"canonical\" href=\"https:\/\/portalfadesp.org.br\/?page_id=10683\" \/>\n<meta property=\"og:locale\" content=\"pt_BR\" \/>\n<meta property=\"og:type\" content=\"article\" \/>\n<meta property=\"og:title\" content=\"Programa de P\u00f3s-Gradua\u00e7\u00e3o em An\u00e1lises Cl\u00ednicas MACPRO - UFPA - ICB - FADESP\" \/>\n<meta property=\"og:description\" content=\"Programa de P\u00f3s-Gradua\u00e7\u00e3o em An\u00e1lises Cl\u00ednicas MACPRO &#8211; UFPA &#8211; ICB O Programa de P\u00f3s-Gradua\u00e7\u00e3o em An\u00e1lises Cl\u00ednicas, do Instituto de Ci\u00eancias Biol\u00f3gicas, da Universidade Federal do Par\u00e1 (PPGAC-ICB\/UFPA) estar\u00e1 recebendo inscri\u00e7\u00f5es para o processo seletivo do Curso de Mestrado em An\u00e1lises Cl\u00ednicas. Vagas: Ser\u00e3o ofertadas 30 (trinta) vagas, sendo 22 (vinte e duas) vagas [&hellip;]\" \/>\n<meta property=\"og:url\" content=\"https:\/\/portalfadesp.org.br\/?page_id=10683\" \/>\n<meta property=\"og:site_name\" content=\"FADESP\" \/>\n<meta property=\"article:publisher\" content=\"https:\/\/www.facebook.com\/Fadesp-138351949524662\/\" \/>\n<meta property=\"article:modified_time\" content=\"2022-12-21T17:51:51+00:00\" \/>\n<meta name=\"twitter:card\" content=\"summary_large_image\" \/>\n<meta name=\"twitter:site\" content=\"@Fadesp\" \/>\n<meta name=\"twitter:label1\" content=\"Est. tempo de leitura\" \/>\n\t<meta name=\"twitter:data1\" content=\"1 minuto\" \/>\n<script type=\"application\/ld+json\" class=\"yoast-schema-graph\">{\"@context\":\"https:\/\/schema.org\",\"@graph\":[{\"@type\":\"WebPage\",\"@id\":\"https:\/\/portalfadesp.org.br\/?page_id=10683\",\"url\":\"https:\/\/portalfadesp.org.br\/?page_id=10683\",\"name\":\"Programa de P\u00f3s-Gradua\u00e7\u00e3o em An\u00e1lises Cl\u00ednicas MACPRO - UFPA - ICB - FADESP\",\"isPartOf\":{\"@id\":\"https:\/\/portalfadesp.org.br\/#website\"},\"datePublished\":\"2020-12-17T17:14:57+00:00\",\"dateModified\":\"2022-12-21T17:51:51+00:00\",\"breadcrumb\":{\"@id\":\"https:\/\/portalfadesp.org.br\/?page_id=10683#breadcrumb\"},\"inLanguage\":\"pt-BR\",\"potentialAction\":[{\"@type\":\"ReadAction\",\"target\":[\"https:\/\/portalfadesp.org.br\/?page_id=10683\"]}]},{\"@type\":\"BreadcrumbList\",\"@id\":\"https:\/\/portalfadesp.org.br\/?page_id=10683#breadcrumb\",\"itemListElement\":[{\"@type\":\"ListItem\",\"position\":1,\"name\":\"In\u00edcio\",\"item\":\"https:\/\/portalfadesp.org.br\/\"},{\"@type\":\"ListItem\",\"position\":2,\"name\":\"Programa de P\u00f3s-Gradua\u00e7\u00e3o em An\u00e1lises Cl\u00ednicas MACPRO &#8211; UFPA &#8211; ICB\"}]},{\"@type\":\"WebSite\",\"@id\":\"https:\/\/portalfadesp.org.br\/#website\",\"url\":\"https:\/\/portalfadesp.org.br\/\",\"name\":\"FADESP\",\"description\":\"Funda\u00e7\u00e3o de Amparo e Desenvolvimento da Pesquisa\",\"publisher\":{\"@id\":\"https:\/\/portalfadesp.org.br\/#organization\"},\"potentialAction\":[{\"@type\":\"SearchAction\",\"target\":{\"@type\":\"EntryPoint\",\"urlTemplate\":\"https:\/\/portalfadesp.org.br\/?s={search_term_string}\"},\"query-input\":{\"@type\":\"PropertyValueSpecification\",\"valueRequired\":true,\"valueName\":\"search_term_string\"}}],\"inLanguage\":\"pt-BR\"},{\"@type\":\"Organization\",\"@id\":\"https:\/\/portalfadesp.org.br\/#organization\",\"name\":\"FADESP\",\"url\":\"https:\/\/portalfadesp.org.br\/\",\"logo\":{\"@type\":\"ImageObject\",\"inLanguage\":\"pt-BR\",\"@id\":\"https:\/\/portalfadesp.org.br\/#\/schema\/logo\/image\/\",\"url\":\"https:\/\/portalfadesp.org.br\/wp-content\/uploads\/2024\/01\/NOVOLOGOFADESPlaranjaH.png\",\"contentUrl\":\"https:\/\/portalfadesp.org.br\/wp-content\/uploads\/2024\/01\/NOVOLOGOFADESPlaranjaH.png\",\"width\":2742,\"height\":839,\"caption\":\"FADESP\"},\"image\":{\"@id\":\"https:\/\/portalfadesp.org.br\/#\/schema\/logo\/image\/\"},\"sameAs\":[\"https:\/\/www.facebook.com\/Fadesp-138351949524662\/\",\"https:\/\/x.com\/Fadesp\",\"https:\/\/www.instagram.com\/fadesp_ufpa\/\",\"https:\/\/www.youtube.com\/@fundacaodeamparoedesenvolv1903\",\"https:\/\/www.threads.net\/@fadesp_ufpa\"]}]}<\/script>\n<!-- \/ Yoast SEO plugin. -->","yoast_head_json":{"title":"Programa de P\u00f3s-Gradua\u00e7\u00e3o em An\u00e1lises Cl\u00ednicas MACPRO - UFPA - ICB - FADESP","robots":{"index":"index","follow":"follow","max-snippet":"max-snippet:-1","max-image-preview":"max-image-preview:large","max-video-preview":"max-video-preview:-1"},"canonical":"https:\/\/portalfadesp.org.br\/?page_id=10683","og_locale":"pt_BR","og_type":"article","og_title":"Programa de P\u00f3s-Gradua\u00e7\u00e3o em An\u00e1lises Cl\u00ednicas MACPRO - UFPA - ICB - FADESP","og_description":"Programa de P\u00f3s-Gradua\u00e7\u00e3o em An\u00e1lises Cl\u00ednicas MACPRO &#8211; UFPA &#8211; ICB O Programa de P\u00f3s-Gradua\u00e7\u00e3o em An\u00e1lises Cl\u00ednicas, do Instituto de Ci\u00eancias Biol\u00f3gicas, da Universidade Federal do Par\u00e1 (PPGAC-ICB\/UFPA) estar\u00e1 recebendo inscri\u00e7\u00f5es para o processo seletivo do Curso de Mestrado em An\u00e1lises Cl\u00ednicas. Vagas: Ser\u00e3o ofertadas 30 (trinta) vagas, sendo 22 (vinte e duas) vagas [&hellip;]","og_url":"https:\/\/portalfadesp.org.br\/?page_id=10683","og_site_name":"FADESP","article_publisher":"https:\/\/www.facebook.com\/Fadesp-138351949524662\/","article_modified_time":"2022-12-21T17:51:51+00:00","twitter_card":"summary_large_image","twitter_site":"@Fadesp","twitter_misc":{"Est. tempo de leitura":"1 minuto"},"schema":{"@context":"https:\/\/schema.org","@graph":[{"@type":"WebPage","@id":"https:\/\/portalfadesp.org.br\/?page_id=10683","url":"https:\/\/portalfadesp.org.br\/?page_id=10683","name":"Programa de P\u00f3s-Gradua\u00e7\u00e3o em An\u00e1lises Cl\u00ednicas MACPRO - UFPA - ICB - FADESP","isPartOf":{"@id":"https:\/\/portalfadesp.org.br\/#website"},"datePublished":"2020-12-17T17:14:57+00:00","dateModified":"2022-12-21T17:51:51+00:00","breadcrumb":{"@id":"https:\/\/portalfadesp.org.br\/?page_id=10683#breadcrumb"},"inLanguage":"pt-BR","potentialAction":[{"@type":"ReadAction","target":["https:\/\/portalfadesp.org.br\/?page_id=10683"]}]},{"@type":"BreadcrumbList","@id":"https:\/\/portalfadesp.org.br\/?page_id=10683#breadcrumb","itemListElement":[{"@type":"ListItem","position":1,"name":"In\u00edcio","item":"https:\/\/portalfadesp.org.br\/"},{"@type":"ListItem","position":2,"name":"Programa de P\u00f3s-Gradua\u00e7\u00e3o em An\u00e1lises Cl\u00ednicas MACPRO &#8211; UFPA &#8211; ICB"}]},{"@type":"WebSite","@id":"https:\/\/portalfadesp.org.br\/#website","url":"https:\/\/portalfadesp.org.br\/","name":"FADESP","description":"Funda\u00e7\u00e3o de Amparo e Desenvolvimento da Pesquisa","publisher":{"@id":"https:\/\/portalfadesp.org.br\/#organization"},"potentialAction":[{"@type":"SearchAction","target":{"@type":"EntryPoint","urlTemplate":"https:\/\/portalfadesp.org.br\/?s={search_term_string}"},"query-input":{"@type":"PropertyValueSpecification","valueRequired":true,"valueName":"search_term_string"}}],"inLanguage":"pt-BR"},{"@type":"Organization","@id":"https:\/\/portalfadesp.org.br\/#organization","name":"FADESP","url":"https:\/\/portalfadesp.org.br\/","logo":{"@type":"ImageObject","inLanguage":"pt-BR","@id":"https:\/\/portalfadesp.org.br\/#\/schema\/logo\/image\/","url":"https:\/\/portalfadesp.org.br\/wp-content\/uploads\/2024\/01\/NOVOLOGOFADESPlaranjaH.png","contentUrl":"https:\/\/portalfadesp.org.br\/wp-content\/uploads\/2024\/01\/NOVOLOGOFADESPlaranjaH.png","width":2742,"height":839,"caption":"FADESP"},"image":{"@id":"https:\/\/portalfadesp.org.br\/#\/schema\/logo\/image\/"},"sameAs":["https:\/\/www.facebook.com\/Fadesp-138351949524662\/","https:\/\/x.com\/Fadesp","https:\/\/www.instagram.com\/fadesp_ufpa\/","https:\/\/www.youtube.com\/@fundacaodeamparoedesenvolv1903","https:\/\/www.threads.net\/@fadesp_ufpa"]}]}},"_links":{"self":[{"href":"https:\/\/portalfadesp.org.br\/index.php?rest_route=\/wp\/v2\/pages\/10683","targetHints":{"allow":["GET"]}}],"collection":[{"href":"https:\/\/portalfadesp.org.br\/index.php?rest_route=\/wp\/v2\/pages"}],"about":[{"href":"https:\/\/portalfadesp.org.br\/index.php?rest_route=\/wp\/v2\/types\/page"}],"author":[{"embeddable":true,"href":"https:\/\/portalfadesp.org.br\/index.php?rest_route=\/wp\/v2\/users\/9"}],"replies":[{"embeddable":true,"href":"https:\/\/portalfadesp.org.br\/index.php?rest_route=%2Fwp%2Fv2%2Fcomments&post=10683"}],"version-history":[{"count":66,"href":"https:\/\/portalfadesp.org.br\/index.php?rest_route=\/wp\/v2\/pages\/10683\/revisions"}],"predecessor-version":[{"id":38753,"href":"https:\/\/portalfadesp.org.br\/index.php?rest_route=\/wp\/v2\/pages\/10683\/revisions\/38753"}],"wp:attachment":[{"href":"https:\/\/portalfadesp.org.br\/index.php?rest_route=%2Fwp%2Fv2%2Fmedia&parent=10683"}],"curies":[{"name":"wp","href":"https:\/\/api.w.org\/{rel}","templated":true}]}}